{"id":19834,"date":"2026-03-18T10:40:45","date_gmt":"2026-03-18T01:40:45","guid":{"rendered":"https:\/\/estatal.gov.tl\/?post_type=image-gallery&#038;p=19834"},"modified":"2026-03-31T09:44:39","modified_gmt":"2026-03-31T00:44:39","slug":"dili-quarta-feira-18-marcu-2026-ministeriu-adminstrasaun-estatal-mae-liu-hosi-diretor-jeral-desentralizasaun-no-governo-lokal-sr-antonio-augusto-guterres-sai-nuudar-orador-prinsipal-iha-sesaun","status":"publish","type":"image-gallery","link":"https:\/\/estatal.gov.tl\/en\/image-gallery\/dili-quarta-feira-18-marcu-2026-ministeriu-adminstrasaun-estatal-mae-liu-hosi-diretor-jeral-desentralizasaun-no-governo-lokal-sr-antonio-augusto-guterres-sai-nuudar-orador-prinsipal-iha-sesaun\/","title":{"rendered":"Minist\u00e9riu Adminstrasaun Estat\u00e1l (MAE) liu hosi Diret\u00f3r Jer\u00e1l Desentralizasaun no Governo Lok\u00e1l, Sr.Ant\u00f3nio Augusto Guterres sai nu&#8217;udar orad\u00f3r prinsip\u00e1l iha sesaun formasaun ne&#8217;ebe organija husi Fundasaun Alola no servisu hamutuk Sekretaria Estadu ba Igualidade, Inkluzaun (SEI), ne&#8217;ebe hala&#8217;o iha salaun Posto Administrativu Vera Cruz."},"content":{"rendered":"<style type=\"text\/css\">\n#foogallery-gallery-19824 .fg-image { width: 270px; }\n#foogallery-gallery-19824 { --fg-gutter: 10px; }<\/style>\n\t\t\t<div class=\"foogallery foogallery-container foogallery-default foogallery-lightbox-foogallery fg-center fg-default fg-ready fg-light fg-shadow-medium fg-loading-default fg-loaded-fade-in fg-preset fg-brad fg-preset-small fg-preset fg-brad fg-preset-small\" id=\"foogallery-gallery-19824\" data-foogallery=\"{&quot;item&quot;:{&quot;showCaptionTitle&quot;:true,&quot;showCaptionDescription&quot;:true},&quot;lazy&quot;:true}\" data-foogallery-lightbox=\"{&quot;thumbs&quot;:&quot;bottom&quot;,&quot;thumbsCaptions&quot;:false,&quot;thumbsBestFit&quot;:false,&quot;thumbsSmall&quot;:false,&quot;thumbsCaptionsAlign&quot;:&quot;default&quot;,&quot;info&quot;:&quot;bottom&quot;,&quot;infoVisible&quot;:true,&quot;infoOverlay&quot;:true,&quot;infoAlign&quot;:&quot;default&quot;,&quot;transition&quot;:&quot;fade&quot;,&quot;hoverButtons&quot;:false,&quot;fitMedia&quot;:false,&quot;noScrollbars&quot;:true,&quot;preserveButtonSpace&quot;:true,&quot;buttons&quot;:{&quot;fullscreen&quot;:true,&quot;info&quot;:true,&quot;thumbs&quot;:false},&quot;video&quot;:{&quot;autoPlay&quot;:true}}\" style=\"--fg-title-line-clamp: 1; --fg-description-line-clamp: 2;\" >\n\t<div class=\"fg-item fg-type-image fg-idle\"><figure class=\"fg-item-inner\"><a href=\"https:\/\/estatal.gov.tl\/wp-content\/uploads\/2026\/03\/IMG-20260323-WA0008.jpg\" data-attachment-id=\"19825\" data-type=\"image\" class=\"fg-thumb\"><span class=\"fg-image-wrap\"><img fetchpriority=\"high\" decoding=\"async\" width=\"270\" height=\"230\" class=\"skip-lazy fg-image\" data-src-fg=\"https:\/\/estatal.gov.tl\/wp-content\/uploads\/cache\/2026\/03\/IMG-20260323-WA0008\/1024899077.jpg\" src=\"data:image\/svg+xml,%3Csvg%20xmlns%3D%22http%3A%2F%2Fwww.w3.org%2F2000%2Fsvg%22%20width%3D%22270%22%20height%3D%22230%22%20viewBox%3D%220%200%20270%20230%22%3E%3C%2Fsvg%3E\" loading=\"eager\"><\/span><span class=\"fg-image-overlay\"><\/span><\/a><\/figure><div class=\"fg-loader\"><\/div><\/div><div class=\"fg-item fg-type-image fg-idle\"><figure class=\"fg-item-inner\"><a href=\"https:\/\/estatal.gov.tl\/wp-content\/uploads\/2026\/03\/IMG-20260323-WA0009.jpg\" data-attachment-id=\"19826\" data-type=\"image\" class=\"fg-thumb\"><span class=\"fg-image-wrap\"><img decoding=\"async\" width=\"270\" height=\"230\" class=\"skip-lazy fg-image\" data-src-fg=\"https:\/\/estatal.gov.tl\/wp-content\/uploads\/cache\/2026\/03\/IMG-20260323-WA0009\/3452126713.jpg\" src=\"data:image\/svg+xml,%3Csvg%20xmlns%3D%22http%3A%2F%2Fwww.w3.org%2F2000%2Fsvg%22%20width%3D%22270%22%20height%3D%22230%22%20viewBox%3D%220%200%20270%20230%22%3E%3C%2Fsvg%3E\" loading=\"eager\"><\/span><span class=\"fg-image-overlay\"><\/span><\/a><\/figure><div class=\"fg-loader\"><\/div><\/div><div class=\"fg-item fg-type-image fg-idle\"><figure class=\"fg-item-inner\"><a href=\"https:\/\/estatal.gov.tl\/wp-content\/uploads\/2026\/03\/IMG-20260323-WA0010.jpg\" data-attachment-id=\"19827\" data-type=\"image\" class=\"fg-thumb\"><span class=\"fg-image-wrap\"><img decoding=\"async\" width=\"270\" height=\"230\" class=\"skip-lazy fg-image\" data-src-fg=\"https:\/\/estatal.gov.tl\/wp-content\/uploads\/cache\/2026\/03\/IMG-20260323-WA0010\/1728912496.jpg\" src=\"data:image\/svg+xml,%3Csvg%20xmlns%3D%22http%3A%2F%2Fwww.w3.org%2F2000%2Fsvg%22%20width%3D%22270%22%20height%3D%22230%22%20viewBox%3D%220%200%20270%20230%22%3E%3C%2Fsvg%3E\" loading=\"eager\"><\/span><span class=\"fg-image-overlay\"><\/span><\/a><\/figure><div class=\"fg-loader\"><\/div><\/div><div class=\"fg-item fg-type-image fg-idle\"><figure class=\"fg-item-inner\"><a href=\"https:\/\/estatal.gov.tl\/wp-content\/uploads\/2026\/03\/IMG-20260323-WA0011.jpg\" data-attachment-id=\"19828\" data-type=\"image\" class=\"fg-thumb\"><span class=\"fg-image-wrap\"><img decoding=\"async\" width=\"270\" height=\"230\" class=\"skip-lazy fg-image\" data-src-fg=\"https:\/\/estatal.gov.tl\/wp-content\/uploads\/cache\/2026\/03\/IMG-20260323-WA0011\/1713837060.jpg\" src=\"data:image\/svg+xml,%3Csvg%20xmlns%3D%22http%3A%2F%2Fwww.w3.org%2F2000%2Fsvg%22%20width%3D%22270%22%20height%3D%22230%22%20viewBox%3D%220%200%20270%20230%22%3E%3C%2Fsvg%3E\" loading=\"eager\"><\/span><span class=\"fg-image-overlay\"><\/span><\/a><\/figure><div class=\"fg-loader\"><\/div><\/div><div class=\"fg-item fg-type-image fg-idle\"><figure class=\"fg-item-inner\"><a href=\"https:\/\/estatal.gov.tl\/wp-content\/uploads\/2026\/03\/IMG-20260323-WA0012.jpg\" data-attachment-id=\"19829\" data-type=\"image\" class=\"fg-thumb\"><span class=\"fg-image-wrap\"><img decoding=\"async\" width=\"270\" height=\"230\" class=\"skip-lazy fg-image\" data-src-fg=\"https:\/\/estatal.gov.tl\/wp-content\/uploads\/cache\/2026\/03\/IMG-20260323-WA0012\/1246905606.jpg\" src=\"data:image\/svg+xml,%3Csvg%20xmlns%3D%22http%3A%2F%2Fwww.w3.org%2F2000%2Fsvg%22%20width%3D%22270%22%20height%3D%22230%22%20viewBox%3D%220%200%20270%20230%22%3E%3C%2Fsvg%3E\" loading=\"eager\"><\/span><span class=\"fg-image-overlay\"><\/span><\/a><\/figure><div class=\"fg-loader\"><\/div><\/div><div class=\"fg-item fg-type-image fg-idle\"><figure class=\"fg-item-inner\"><a href=\"https:\/\/estatal.gov.tl\/wp-content\/uploads\/2026\/03\/IMG-20260323-WA0013.jpg\" data-attachment-id=\"19830\" data-type=\"image\" class=\"fg-thumb\"><span class=\"fg-image-wrap\"><img decoding=\"async\" width=\"270\" height=\"230\" class=\"skip-lazy fg-image\" data-src-fg=\"https:\/\/estatal.gov.tl\/wp-content\/uploads\/cache\/2026\/03\/IMG-20260323-WA0013\/3827867406.jpg\" src=\"data:image\/svg+xml,%3Csvg%20xmlns%3D%22http%3A%2F%2Fwww.w3.org%2F2000%2Fsvg%22%20width%3D%22270%22%20height%3D%22230%22%20viewBox%3D%220%200%20270%20230%22%3E%3C%2Fsvg%3E\" loading=\"eager\"><\/span><span class=\"fg-image-overlay\"><\/span><\/a><\/figure><div class=\"fg-loader\"><\/div><\/div><\/div>\n\n","protected":false},"featured_media":19829,"template":"","class_list":["post-19834","image-gallery","type-image-gallery","status-publish","has-post-thumbnail","hentry"],"translation":{"provider":"WPGlobus","version":"3.0.0","language":"en","enabled_languages":["tm","pt","en"],"languages":{"tm":{"title":true,"content":true,"excerpt":false},"pt":{"title":false,"content":false,"excerpt":false},"en":{"title":false,"content":false,"excerpt":false}}},"yoast_head":"<!-- This site is optimized with the Yoast SEO plugin v26.5 - https:\/\/yoast.com\/wordpress\/plugins\/seo\/ -->\n<title>Minist\u00e9riu Adminstrasaun Estat\u00e1l (MAE) liu hosi Diret\u00f3r Jer\u00e1l Desentralizasaun no Governo Lok\u00e1l, Sr.Ant\u00f3nio Augusto Guterres sai nu&#039;udar orad\u00f3r prinsip\u00e1l iha sesaun formasaun ne&#039;ebe organija husi Fundasaun Alola no servisu hamutuk Sekretaria Estadu ba Igualidade, Inkluzaun (SEI), ne&#039;ebe hala&#039;o iha salaun Posto Administrativu Vera Cruz. - Ministry of State Administration<\/title>\n<meta name=\"robots\" content=\"index, follow, max-snippet:-1, max-image-preview:large, max-video-preview:-1\" \/>\n<link rel=\"canonical\" href=\"https:\/\/estatal.gov.tl\/image-gallery\/dili-quarta-feira-18-marcu-2026-ministeriu-adminstrasaun-estatal-mae-liu-hosi-diretor-jeral-desentralizasaun-no-governo-lokal-sr-antonio-augusto-guterres-sai-nuudar-orador-prinsipal-iha-sesaun\/\" \/>\n<meta property=\"og:locale\" content=\"en_US\" \/>\n<meta property=\"og:type\" content=\"article\" \/>\n<meta property=\"og:title\" content=\"Minist\u00e9riu Adminstrasaun Estat\u00e1l (MAE) liu hosi Diret\u00f3r Jer\u00e1l Desentralizasaun no Governo Lok\u00e1l, Sr.Ant\u00f3nio Augusto Guterres sai nu&#039;udar orad\u00f3r prinsip\u00e1l iha sesaun formasaun ne&#039;ebe organija husi Fundasaun Alola no servisu hamutuk Sekretaria Estadu ba Igualidade, Inkluzaun (SEI), ne&#039;ebe hala&#039;o iha salaun Posto Administrativu Vera Cruz. - Ministry of State Administration\" \/>\n<meta property=\"og:url\" content=\"https:\/\/estatal.gov.tl\/image-gallery\/dili-quarta-feira-18-marcu-2026-ministeriu-adminstrasaun-estatal-mae-liu-hosi-diretor-jeral-desentralizasaun-no-governo-lokal-sr-antonio-augusto-guterres-sai-nuudar-orador-prinsipal-iha-sesaun\/\" \/>\n<meta property=\"og:site_name\" content=\"Ministry of State Administration\" \/>\n<meta property=\"article:modified_time\" content=\"2026-03-31T00:44:39+00:00\" \/>\n<meta property=\"og:image\" content=\"https:\/\/estatal.gov.tl\/wp-content\/uploads\/2026\/03\/IMG-20260323-WA0012.jpg\" \/>\n\t<meta property=\"og:image:width\" content=\"1600\" \/>\n\t<meta property=\"og:image:height\" content=\"1067\" \/>\n\t<meta property=\"og:image:type\" content=\"image\/jpeg\" \/>\n<meta name=\"twitter:card\" content=\"summary_large_image\" \/>\n<meta name=\"twitter:label1\" content=\"Est. reading time\" \/>\n\t<meta name=\"twitter:data1\" content=\"1 minute\" \/>\n<script type=\"application\/ld+json\" class=\"yoast-schema-graph\">{\"@context\":\"https:\/\/schema.org\",\"@graph\":[{\"@type\":\"WebPage\",\"@id\":\"https:\/\/estatal.gov.tl\/image-gallery\/dili-quarta-feira-18-marcu-2026-ministeriu-adminstrasaun-estatal-mae-liu-hosi-diretor-jeral-desentralizasaun-no-governo-lokal-sr-antonio-augusto-guterres-sai-nuudar-orador-prinsipal-iha-sesaun\/\",\"url\":\"https:\/\/estatal.gov.tl\/image-gallery\/dili-quarta-feira-18-marcu-2026-ministeriu-adminstrasaun-estatal-mae-liu-hosi-diretor-jeral-desentralizasaun-no-governo-lokal-sr-antonio-augusto-guterres-sai-nuudar-orador-prinsipal-iha-sesaun\/\",\"name\":\"Minist\u00e9riu Adminstrasaun Estat\u00e1l (MAE) liu hosi Diret\u00f3r Jer\u00e1l Desentralizasaun no Governo Lok\u00e1l, Sr.Ant\u00f3nio Augusto Guterres sai nu'udar orad\u00f3r prinsip\u00e1l iha sesaun formasaun ne'ebe organija husi Fundasaun Alola no servisu hamutuk Sekretaria Estadu ba Igualidade, Inkluzaun (SEI), ne'ebe hala'o iha salaun Posto Administrativu Vera Cruz. - Ministry of State Administration\",\"isPartOf\":{\"@id\":\"https:\/\/estatal.gov.tl\/pt\/#website\"},\"primaryImageOfPage\":{\"@id\":\"https:\/\/estatal.gov.tl\/image-gallery\/dili-quarta-feira-18-marcu-2026-ministeriu-adminstrasaun-estatal-mae-liu-hosi-diretor-jeral-desentralizasaun-no-governo-lokal-sr-antonio-augusto-guterres-sai-nuudar-orador-prinsipal-iha-sesaun\/#primaryimage\"},\"image\":{\"@id\":\"https:\/\/estatal.gov.tl\/image-gallery\/dili-quarta-feira-18-marcu-2026-ministeriu-adminstrasaun-estatal-mae-liu-hosi-diretor-jeral-desentralizasaun-no-governo-lokal-sr-antonio-augusto-guterres-sai-nuudar-orador-prinsipal-iha-sesaun\/#primaryimage\"},\"thumbnailUrl\":\"https:\/\/estatal.gov.tl\/wp-content\/uploads\/2026\/03\/IMG-20260323-WA0012.jpg\",\"datePublished\":\"2026-03-18T01:40:45+00:00\",\"dateModified\":\"2026-03-31T00:44:39+00:00\",\"breadcrumb\":{\"@id\":\"https:\/\/estatal.gov.tl\/image-gallery\/dili-quarta-feira-18-marcu-2026-ministeriu-adminstrasaun-estatal-mae-liu-hosi-diretor-jeral-desentralizasaun-no-governo-lokal-sr-antonio-augusto-guterres-sai-nuudar-orador-prinsipal-iha-sesaun\/#breadcrumb\"},\"inLanguage\":\"en-US\",\"potentialAction\":[{\"@type\":\"ReadAction\",\"target\":[\"https:\/\/estatal.gov.tl\/image-gallery\/dili-quarta-feira-18-marcu-2026-ministeriu-adminstrasaun-estatal-mae-liu-hosi-diretor-jeral-desentralizasaun-no-governo-lokal-sr-antonio-augusto-guterres-sai-nuudar-orador-prinsipal-iha-sesaun\/\"]}]},{\"@type\":\"ImageObject\",\"inLanguage\":\"en-US\",\"@id\":\"https:\/\/estatal.gov.tl\/image-gallery\/dili-quarta-feira-18-marcu-2026-ministeriu-adminstrasaun-estatal-mae-liu-hosi-diretor-jeral-desentralizasaun-no-governo-lokal-sr-antonio-augusto-guterres-sai-nuudar-orador-prinsipal-iha-sesaun\/#primaryimage\",\"url\":\"https:\/\/estatal.gov.tl\/wp-content\/uploads\/2026\/03\/IMG-20260323-WA0012.jpg\",\"contentUrl\":\"https:\/\/estatal.gov.tl\/wp-content\/uploads\/2026\/03\/IMG-20260323-WA0012.jpg\",\"width\":1600,\"height\":1067},{\"@type\":\"BreadcrumbList\",\"@id\":\"https:\/\/estatal.gov.tl\/image-gallery\/dili-quarta-feira-18-marcu-2026-ministeriu-adminstrasaun-estatal-mae-liu-hosi-diretor-jeral-desentralizasaun-no-governo-lokal-sr-antonio-augusto-guterres-sai-nuudar-orador-prinsipal-iha-sesaun\/#breadcrumb\",\"itemListElement\":[{\"@type\":\"ListItem\",\"position\":1,\"name\":\"Home\",\"item\":\"https:\/\/estatal.gov.tl\/pt\/\"},{\"@type\":\"ListItem\",\"position\":2,\"name\":\"Galleries\",\"item\":\"https:\/\/estatal.gov.tl\/image-gallery\/\"},{\"@type\":\"ListItem\",\"position\":3,\"name\":\"Minist\u00e9riu Adminstrasaun Estat\u00e1l (MAE) liu hosi Diret\u00f3r Jer\u00e1l Desentralizasaun no Governo Lok\u00e1l, Sr.Ant\u00f3nio Augusto Guterres sai nu&#8217;udar orad\u00f3r prinsip\u00e1l iha sesaun formasaun ne&#8217;ebe organija husi Fundasaun Alola no servisu hamutuk Sekretaria Estadu ba Igualidade, Inkluzaun (SEI), ne&#8217;ebe hala&#8217;o iha salaun Posto Administrativu Vera Cruz.\"}]},{\"@type\":\"WebSite\",\"@id\":\"https:\/\/estatal.gov.tl\/pt\/#website\",\"url\":\"https:\/\/estatal.gov.tl\/pt\/\",\"name\":\"{:tm}Minist\u00e9riu Administrasaun Estatal{:}{:pt}Minist\u00e9rio da Administra\u00e7\u00e3o Estatal{:}{:en}Ministry of State Administration{:}\",\"description\":\"Minist\u00e9riu Administrasaun Estatal\",\"publisher\":{\"@id\":\"https:\/\/estatal.gov.tl\/pt\/#organization\"},\"potentialAction\":[{\"@type\":\"SearchAction\",\"target\":{\"@type\":\"EntryPoint\",\"urlTemplate\":\"https:\/\/estatal.gov.tl\/pt\/?s={search_term_string}\"},\"query-input\":{\"@type\":\"PropertyValueSpecification\",\"valueRequired\":true,\"valueName\":\"search_term_string\"}}],\"inLanguage\":\"en-US\"},{\"@type\":\"Organization\",\"@id\":\"https:\/\/estatal.gov.tl\/pt\/#organization\",\"name\":\"{:tm}Minist\u00e9riu Administrasaun Estatal{:}{:pt}Minist\u00e9rio da Administra\u00e7\u00e3o Estatal{:}{:en}Ministry of State Administration{:}\",\"url\":\"https:\/\/estatal.gov.tl\/pt\/\",\"logo\":{\"@type\":\"ImageObject\",\"inLanguage\":\"en-US\",\"@id\":\"https:\/\/estatal.gov.tl\/pt\/#\/schema\/logo\/image\/\",\"url\":\"https:\/\/estatal.gov.tl\/wp-content\/uploads\/2024\/09\/logo-municipality-1.png\",\"contentUrl\":\"https:\/\/estatal.gov.tl\/wp-content\/uploads\/2024\/09\/logo-municipality-1.png\",\"width\":250,\"height\":228,\"caption\":\"{:tm}Minist\u00e9riu Administrasaun Estatal{:}{:pt}Minist\u00e9rio da Administra\u00e7\u00e3o Estatal{:}{:en}Ministry of State Administration{:}\"},\"image\":{\"@id\":\"https:\/\/estatal.gov.tl\/pt\/#\/schema\/logo\/image\/\"}}]}<\/script>\n<!-- \/ Yoast SEO plugin. -->","yoast_head_json":{"title":"Minist\u00e9riu Adminstrasaun Estat\u00e1l (MAE) liu hosi Diret\u00f3r Jer\u00e1l Desentralizasaun no Governo Lok\u00e1l, Sr.Ant\u00f3nio Augusto Guterres sai nu'udar orad\u00f3r prinsip\u00e1l iha sesaun formasaun ne'ebe organija husi Fundasaun Alola no servisu hamutuk Sekretaria Estadu ba Igualidade, Inkluzaun (SEI), ne'ebe hala'o iha salaun Posto Administrativu Vera Cruz. - Ministry of State Administration","robots":{"index":"index","follow":"follow","max-snippet":"max-snippet:-1","max-image-preview":"max-image-preview:large","max-video-preview":"max-video-preview:-1"},"canonical":"https:\/\/estatal.gov.tl\/image-gallery\/dili-quarta-feira-18-marcu-2026-ministeriu-adminstrasaun-estatal-mae-liu-hosi-diretor-jeral-desentralizasaun-no-governo-lokal-sr-antonio-augusto-guterres-sai-nuudar-orador-prinsipal-iha-sesaun\/","og_locale":"en_US","og_type":"article","og_title":"Minist\u00e9riu Adminstrasaun Estat\u00e1l (MAE) liu hosi Diret\u00f3r Jer\u00e1l Desentralizasaun no Governo Lok\u00e1l, Sr.Ant\u00f3nio Augusto Guterres sai nu'udar orad\u00f3r prinsip\u00e1l iha sesaun formasaun ne'ebe organija husi Fundasaun Alola no servisu hamutuk Sekretaria Estadu ba Igualidade, Inkluzaun (SEI), ne'ebe hala'o iha salaun Posto Administrativu Vera Cruz. - Ministry of State Administration","og_url":"https:\/\/estatal.gov.tl\/image-gallery\/dili-quarta-feira-18-marcu-2026-ministeriu-adminstrasaun-estatal-mae-liu-hosi-diretor-jeral-desentralizasaun-no-governo-lokal-sr-antonio-augusto-guterres-sai-nuudar-orador-prinsipal-iha-sesaun\/","og_site_name":"Ministry of State Administration","article_modified_time":"2026-03-31T00:44:39+00:00","og_image":[{"width":1600,"height":1067,"url":"https:\/\/estatal.gov.tl\/wp-content\/uploads\/2026\/03\/IMG-20260323-WA0012.jpg","type":"image\/jpeg"}],"twitter_card":"summary_large_image","twitter_misc":{"Est. reading time":"1 minute"},"schema":{"@context":"https:\/\/schema.org","@graph":[{"@type":"WebPage","@id":"https:\/\/estatal.gov.tl\/image-gallery\/dili-quarta-feira-18-marcu-2026-ministeriu-adminstrasaun-estatal-mae-liu-hosi-diretor-jeral-desentralizasaun-no-governo-lokal-sr-antonio-augusto-guterres-sai-nuudar-orador-prinsipal-iha-sesaun\/","url":"https:\/\/estatal.gov.tl\/image-gallery\/dili-quarta-feira-18-marcu-2026-ministeriu-adminstrasaun-estatal-mae-liu-hosi-diretor-jeral-desentralizasaun-no-governo-lokal-sr-antonio-augusto-guterres-sai-nuudar-orador-prinsipal-iha-sesaun\/","name":"Minist\u00e9riu Adminstrasaun Estat\u00e1l (MAE) liu hosi Diret\u00f3r Jer\u00e1l Desentralizasaun no Governo Lok\u00e1l, Sr.Ant\u00f3nio Augusto Guterres sai nu'udar orad\u00f3r prinsip\u00e1l iha sesaun formasaun ne'ebe organija husi Fundasaun Alola no servisu hamutuk Sekretaria Estadu ba Igualidade, Inkluzaun (SEI), ne'ebe hala'o iha salaun Posto Administrativu Vera Cruz. - Ministry of State Administration","isPartOf":{"@id":"https:\/\/estatal.gov.tl\/pt\/#website"},"primaryImageOfPage":{"@id":"https:\/\/estatal.gov.tl\/image-gallery\/dili-quarta-feira-18-marcu-2026-ministeriu-adminstrasaun-estatal-mae-liu-hosi-diretor-jeral-desentralizasaun-no-governo-lokal-sr-antonio-augusto-guterres-sai-nuudar-orador-prinsipal-iha-sesaun\/#primaryimage"},"image":{"@id":"https:\/\/estatal.gov.tl\/image-gallery\/dili-quarta-feira-18-marcu-2026-ministeriu-adminstrasaun-estatal-mae-liu-hosi-diretor-jeral-desentralizasaun-no-governo-lokal-sr-antonio-augusto-guterres-sai-nuudar-orador-prinsipal-iha-sesaun\/#primaryimage"},"thumbnailUrl":"https:\/\/estatal.gov.tl\/wp-content\/uploads\/2026\/03\/IMG-20260323-WA0012.jpg","datePublished":"2026-03-18T01:40:45+00:00","dateModified":"2026-03-31T00:44:39+00:00","breadcrumb":{"@id":"https:\/\/estatal.gov.tl\/image-gallery\/dili-quarta-feira-18-marcu-2026-ministeriu-adminstrasaun-estatal-mae-liu-hosi-diretor-jeral-desentralizasaun-no-governo-lokal-sr-antonio-augusto-guterres-sai-nuudar-orador-prinsipal-iha-sesaun\/#breadcrumb"},"inLanguage":"en-US","potentialAction":[{"@type":"ReadAction","target":["https:\/\/estatal.gov.tl\/image-gallery\/dili-quarta-feira-18-marcu-2026-ministeriu-adminstrasaun-estatal-mae-liu-hosi-diretor-jeral-desentralizasaun-no-governo-lokal-sr-antonio-augusto-guterres-sai-nuudar-orador-prinsipal-iha-sesaun\/"]}]},{"@type":"ImageObject","inLanguage":"en-US","@id":"https:\/\/estatal.gov.tl\/image-gallery\/dili-quarta-feira-18-marcu-2026-ministeriu-adminstrasaun-estatal-mae-liu-hosi-diretor-jeral-desentralizasaun-no-governo-lokal-sr-antonio-augusto-guterres-sai-nuudar-orador-prinsipal-iha-sesaun\/#primaryimage","url":"https:\/\/estatal.gov.tl\/wp-content\/uploads\/2026\/03\/IMG-20260323-WA0012.jpg","contentUrl":"https:\/\/estatal.gov.tl\/wp-content\/uploads\/2026\/03\/IMG-20260323-WA0012.jpg","width":1600,"height":1067},{"@type":"BreadcrumbList","@id":"https:\/\/estatal.gov.tl\/image-gallery\/dili-quarta-feira-18-marcu-2026-ministeriu-adminstrasaun-estatal-mae-liu-hosi-diretor-jeral-desentralizasaun-no-governo-lokal-sr-antonio-augusto-guterres-sai-nuudar-orador-prinsipal-iha-sesaun\/#breadcrumb","itemListElement":[{"@type":"ListItem","position":1,"name":"Home","item":"https:\/\/estatal.gov.tl\/pt\/"},{"@type":"ListItem","position":2,"name":"Galleries","item":"https:\/\/estatal.gov.tl\/image-gallery\/"},{"@type":"ListItem","position":3,"name":"Minist\u00e9riu Adminstrasaun Estat\u00e1l (MAE) liu hosi Diret\u00f3r Jer\u00e1l Desentralizasaun no Governo Lok\u00e1l, Sr.Ant\u00f3nio Augusto Guterres sai nu&#8217;udar orad\u00f3r prinsip\u00e1l iha sesaun formasaun ne&#8217;ebe organija husi Fundasaun Alola no servisu hamutuk Sekretaria Estadu ba Igualidade, Inkluzaun (SEI), ne&#8217;ebe hala&#8217;o iha salaun Posto Administrativu Vera Cruz."}]},{"@type":"WebSite","@id":"https:\/\/estatal.gov.tl\/pt\/#website","url":"https:\/\/estatal.gov.tl\/pt\/","name":"{:tm}Minist\u00e9riu Administrasaun Estatal{:}{:pt}Minist\u00e9rio da Administra\u00e7\u00e3o Estatal{:}{:en}Ministry of State Administration{:}","description":"Minist\u00e9riu Administrasaun Estatal","publisher":{"@id":"https:\/\/estatal.gov.tl\/pt\/#organization"},"potentialAction":[{"@type":"SearchAction","target":{"@type":"EntryPoint","urlTemplate":"https:\/\/estatal.gov.tl\/pt\/?s={search_term_string}"},"query-input":{"@type":"PropertyValueSpecification","valueRequired":true,"valueName":"search_term_string"}}],"inLanguage":"en-US"},{"@type":"Organization","@id":"https:\/\/estatal.gov.tl\/pt\/#organization","name":"{:tm}Minist\u00e9riu Administrasaun Estatal{:}{:pt}Minist\u00e9rio da Administra\u00e7\u00e3o Estatal{:}{:en}Ministry of State Administration{:}","url":"https:\/\/estatal.gov.tl\/pt\/","logo":{"@type":"ImageObject","inLanguage":"en-US","@id":"https:\/\/estatal.gov.tl\/pt\/#\/schema\/logo\/image\/","url":"https:\/\/estatal.gov.tl\/wp-content\/uploads\/2024\/09\/logo-municipality-1.png","contentUrl":"https:\/\/estatal.gov.tl\/wp-content\/uploads\/2024\/09\/logo-municipality-1.png","width":250,"height":228,"caption":"{:tm}Minist\u00e9riu Administrasaun Estatal{:}{:pt}Minist\u00e9rio da Administra\u00e7\u00e3o Estatal{:}{:en}Ministry of State Administration{:}"},"image":{"@id":"https:\/\/estatal.gov.tl\/pt\/#\/schema\/logo\/image\/"}}]}},"_links":{"self":[{"href":"https:\/\/estatal.gov.tl\/en\/wp-json\/wp\/v2\/image-gallery\/19834","targetHints":{"allow":["GET"]}}],"collection":[{"href":"https:\/\/estatal.gov.tl\/en\/wp-json\/wp\/v2\/image-gallery"}],"about":[{"href":"https:\/\/estatal.gov.tl\/en\/wp-json\/wp\/v2\/types\/image-gallery"}],"wp:featuredmedia":[{"embeddable":true,"href":"https:\/\/estatal.gov.tl\/en\/wp-json\/wp\/v2\/media\/19829"}],"wp:attachment":[{"href":"https:\/\/estatal.gov.tl\/en\/wp-json\/wp\/v2\/media?parent=19834"}],"curies":[{"name":"wp","href":"https:\/\/api.w.org\/{rel}","templated":true}]}}