{"id":20251,"date":"2026-01-13T10:36:00","date_gmt":"2026-01-13T01:36:00","guid":{"rendered":"https:\/\/estatal.gov.tl\/?post_type=image-gallery&#038;p=20251"},"modified":"2026-03-31T09:39:15","modified_gmt":"2026-03-31T00:39:15","slug":"dili-tersa-feira-13-janeiru-2026-sua-exelensia-ministru-administrasaun-estatal-tomas-do-rosario-cabral-simu-vizita-kortezia-hosi-embaixadora-timor-leste-nian-iha-nova-zelandia-dra-idelta","status":"publish","type":"image-gallery","link":"https:\/\/estatal.gov.tl\/en\/image-gallery\/dili-tersa-feira-13-janeiru-2026-sua-exelensia-ministru-administrasaun-estatal-tomas-do-rosario-cabral-simu-vizita-kortezia-hosi-embaixadora-timor-leste-nian-iha-nova-zelandia-dra-idelta\/","title":{"rendered":"S.E. Ministru Administrasaun Estat\u00e1l, simu vizita kortezia hosi Embaixadora Timor-Leste nian iha Nova Zel\u00e1ndia, Dra. Idelta Maria Rodrigues, hamutuk ho empregad\u00f3r sira ne&#8217;eb\u00e9\u00a0 daudaun ne\u2019e f\u00f3 hela oportunidade empregu ba traballad\u00f3r Timor-oan sira iha Nova Zel\u00e1ndia."},"content":{"rendered":"<style type=\"text\/css\">\n#foogallery-gallery-20223 .fg-image { width: 270px; }\n#foogallery-gallery-20223 { --fg-gutter: 10px; }<\/style>\n\t\t\t<div class=\"foogallery foogallery-container foogallery-default foogallery-lightbox-foogallery fg-center fg-default fg-ready fg-light fg-shadow-medium fg-loading-default fg-loaded-fade-in fg-preset fg-brad fg-preset-small fg-preset fg-brad fg-preset-small\" id=\"foogallery-gallery-20223\" data-foogallery=\"{&quot;item&quot;:{&quot;showCaptionTitle&quot;:true,&quot;showCaptionDescription&quot;:true},&quot;lazy&quot;:true}\" data-foogallery-lightbox=\"{&quot;thumbs&quot;:&quot;bottom&quot;,&quot;thumbsCaptions&quot;:false,&quot;thumbsBestFit&quot;:false,&quot;thumbsSmall&quot;:false,&quot;thumbsCaptionsAlign&quot;:&quot;default&quot;,&quot;info&quot;:&quot;bottom&quot;,&quot;infoVisible&quot;:true,&quot;infoOverlay&quot;:true,&quot;infoAlign&quot;:&quot;default&quot;,&quot;transition&quot;:&quot;fade&quot;,&quot;hoverButtons&quot;:false,&quot;fitMedia&quot;:false,&quot;noScrollbars&quot;:true,&quot;preserveButtonSpace&quot;:true,&quot;buttons&quot;:{&quot;fullscreen&quot;:true,&quot;info&quot;:true,&quot;thumbs&quot;:false},&quot;video&quot;:{&quot;autoPlay&quot;:true}}\" style=\"--fg-title-line-clamp: 1; --fg-description-line-clamp: 2;\" >\n\t<div class=\"fg-item fg-type-image fg-idle\"><figure class=\"fg-item-inner\"><a href=\"https:\/\/estatal.gov.tl\/wp-content\/uploads\/2026\/03\/fe1681c0-560b-40d3-8a2d-f4f1542c707f.jpg\" data-attachment-id=\"20238\" data-type=\"image\" class=\"fg-thumb\"><span class=\"fg-image-wrap\"><img fetchpriority=\"high\" decoding=\"async\" width=\"270\" height=\"230\" class=\"skip-lazy fg-image\" data-src-fg=\"https:\/\/estatal.gov.tl\/wp-content\/uploads\/cache\/2026\/03\/fe1681c0-560b-40d3-8a2d-f4f1542c707f\/3432249390.jpg\" src=\"data:image\/svg+xml,%3Csvg%20xmlns%3D%22http%3A%2F%2Fwww.w3.org%2F2000%2Fsvg%22%20width%3D%22270%22%20height%3D%22230%22%20viewBox%3D%220%200%20270%20230%22%3E%3C%2Fsvg%3E\" loading=\"eager\"><\/span><span class=\"fg-image-overlay\"><\/span><\/a><\/figure><div class=\"fg-loader\"><\/div><\/div><div class=\"fg-item fg-type-image fg-idle\"><figure class=\"fg-item-inner\"><a href=\"https:\/\/estatal.gov.tl\/wp-content\/uploads\/2026\/03\/ebf082da-d1fc-42ae-90cd-c1cc162c4b07.jpg\" data-attachment-id=\"20237\" data-type=\"image\" class=\"fg-thumb\"><span class=\"fg-image-wrap\"><img decoding=\"async\" width=\"270\" height=\"230\" class=\"skip-lazy fg-image\" data-src-fg=\"https:\/\/estatal.gov.tl\/wp-content\/uploads\/cache\/2026\/03\/ebf082da-d1fc-42ae-90cd-c1cc162c4b07\/3848716120.jpg\" src=\"data:image\/svg+xml,%3Csvg%20xmlns%3D%22http%3A%2F%2Fwww.w3.org%2F2000%2Fsvg%22%20width%3D%22270%22%20height%3D%22230%22%20viewBox%3D%220%200%20270%20230%22%3E%3C%2Fsvg%3E\" loading=\"eager\"><\/span><span class=\"fg-image-overlay\"><\/span><\/a><\/figure><div class=\"fg-loader\"><\/div><\/div><div class=\"fg-item fg-type-image fg-idle\"><figure class=\"fg-item-inner\"><a href=\"https:\/\/estatal.gov.tl\/wp-content\/uploads\/2026\/03\/e3d32cd9-2e96-467e-875a-378f2310c103.jpg\" data-attachment-id=\"20236\" data-type=\"image\" class=\"fg-thumb\"><span class=\"fg-image-wrap\"><img decoding=\"async\" width=\"270\" height=\"230\" class=\"skip-lazy fg-image\" data-src-fg=\"https:\/\/estatal.gov.tl\/wp-content\/uploads\/cache\/2026\/03\/e3d32cd9-2e96-467e-875a-378f2310c103\/2374796449.jpg\" src=\"data:image\/svg+xml,%3Csvg%20xmlns%3D%22http%3A%2F%2Fwww.w3.org%2F2000%2Fsvg%22%20width%3D%22270%22%20height%3D%22230%22%20viewBox%3D%220%200%20270%20230%22%3E%3C%2Fsvg%3E\" loading=\"eager\"><\/span><span class=\"fg-image-overlay\"><\/span><\/a><\/figure><div class=\"fg-loader\"><\/div><\/div><div class=\"fg-item fg-type-image fg-idle\"><figure class=\"fg-item-inner\"><a href=\"https:\/\/estatal.gov.tl\/wp-content\/uploads\/2026\/03\/bbd64ef3-cb0d-4508-a0cd-871b47c5ef36.jpg\" data-attachment-id=\"20235\" data-type=\"image\" class=\"fg-thumb\"><span class=\"fg-image-wrap\"><img decoding=\"async\" width=\"270\" height=\"230\" class=\"skip-lazy fg-image\" data-src-fg=\"https:\/\/estatal.gov.tl\/wp-content\/uploads\/cache\/2026\/03\/bbd64ef3-cb0d-4508-a0cd-871b47c5ef36\/1621068309.jpg\" src=\"data:image\/svg+xml,%3Csvg%20xmlns%3D%22http%3A%2F%2Fwww.w3.org%2F2000%2Fsvg%22%20width%3D%22270%22%20height%3D%22230%22%20viewBox%3D%220%200%20270%20230%22%3E%3C%2Fsvg%3E\" loading=\"eager\"><\/span><span class=\"fg-image-overlay\"><\/span><\/a><\/figure><div class=\"fg-loader\"><\/div><\/div><div class=\"fg-item fg-type-image fg-idle\"><figure class=\"fg-item-inner\"><a href=\"https:\/\/estatal.gov.tl\/wp-content\/uploads\/2026\/03\/b72594e0-3d76-407b-ae9e-6fa9d88ed48a.jpg\" data-attachment-id=\"20234\" data-type=\"image\" class=\"fg-thumb\"><span class=\"fg-image-wrap\"><img decoding=\"async\" width=\"270\" height=\"230\" class=\"skip-lazy fg-image\" data-src-fg=\"https:\/\/estatal.gov.tl\/wp-content\/uploads\/cache\/2026\/03\/b72594e0-3d76-407b-ae9e-6fa9d88ed48a\/557923921.jpg\" src=\"data:image\/svg+xml,%3Csvg%20xmlns%3D%22http%3A%2F%2Fwww.w3.org%2F2000%2Fsvg%22%20width%3D%22270%22%20height%3D%22230%22%20viewBox%3D%220%200%20270%20230%22%3E%3C%2Fsvg%3E\" loading=\"eager\"><\/span><span class=\"fg-image-overlay\"><\/span><\/a><\/figure><div class=\"fg-loader\"><\/div><\/div><div class=\"fg-item fg-type-image fg-idle\"><figure class=\"fg-item-inner\"><a href=\"https:\/\/estatal.gov.tl\/wp-content\/uploads\/2026\/03\/b68b2ed6-180f-46c0-a42f-e5f5e68addd0.jpg\" data-attachment-id=\"20233\" data-type=\"image\" class=\"fg-thumb\"><span class=\"fg-image-wrap\"><img decoding=\"async\" width=\"270\" height=\"230\" class=\"skip-lazy fg-image\" data-src-fg=\"https:\/\/estatal.gov.tl\/wp-content\/uploads\/cache\/2026\/03\/b68b2ed6-180f-46c0-a42f-e5f5e68addd0\/1097644496.jpg\" src=\"data:image\/svg+xml,%3Csvg%20xmlns%3D%22http%3A%2F%2Fwww.w3.org%2F2000%2Fsvg%22%20width%3D%22270%22%20height%3D%22230%22%20viewBox%3D%220%200%20270%20230%22%3E%3C%2Fsvg%3E\" loading=\"eager\"><\/span><span class=\"fg-image-overlay\"><\/span><\/a><\/figure><div class=\"fg-loader\"><\/div><\/div><div class=\"fg-item fg-type-image fg-idle\"><figure class=\"fg-item-inner\"><a href=\"https:\/\/estatal.gov.tl\/wp-content\/uploads\/2026\/03\/23142513-648e-4d1f-a3c1-bf4feea6b60a.jpg\" data-attachment-id=\"20232\" data-type=\"image\" class=\"fg-thumb\"><span class=\"fg-image-wrap\"><img decoding=\"async\" width=\"270\" height=\"230\" class=\"skip-lazy fg-image\" data-src-fg=\"https:\/\/estatal.gov.tl\/wp-content\/uploads\/cache\/2026\/03\/23142513-648e-4d1f-a3c1-bf4feea6b60a\/368095867.jpg\" src=\"data:image\/svg+xml,%3Csvg%20xmlns%3D%22http%3A%2F%2Fwww.w3.org%2F2000%2Fsvg%22%20width%3D%22270%22%20height%3D%22230%22%20viewBox%3D%220%200%20270%20230%22%3E%3C%2Fsvg%3E\" loading=\"eager\"><\/span><span class=\"fg-image-overlay\"><\/span><\/a><\/figure><div class=\"fg-loader\"><\/div><\/div><div class=\"fg-item fg-type-image fg-idle\"><figure class=\"fg-item-inner\"><a href=\"https:\/\/estatal.gov.tl\/wp-content\/uploads\/2026\/03\/6312ce9c-570a-451b-a929-c0d153626911.jpg\" data-attachment-id=\"20231\" data-type=\"image\" class=\"fg-thumb\"><span class=\"fg-image-wrap\"><img decoding=\"async\" width=\"270\" height=\"230\" class=\"skip-lazy fg-image\" data-src-fg=\"https:\/\/estatal.gov.tl\/wp-content\/uploads\/cache\/2026\/03\/6312ce9c-570a-451b-a929-c0d153626911\/2721164680.jpg\" src=\"data:image\/svg+xml,%3Csvg%20xmlns%3D%22http%3A%2F%2Fwww.w3.org%2F2000%2Fsvg%22%20width%3D%22270%22%20height%3D%22230%22%20viewBox%3D%220%200%20270%20230%22%3E%3C%2Fsvg%3E\" loading=\"eager\"><\/span><span class=\"fg-image-overlay\"><\/span><\/a><\/figure><div class=\"fg-loader\"><\/div><\/div><div class=\"fg-item fg-type-image fg-idle\"><figure class=\"fg-item-inner\"><a href=\"https:\/\/estatal.gov.tl\/wp-content\/uploads\/2026\/03\/3253a6b4-1851-4a20-87f2-5c3445ec25d1.jpg\" data-attachment-id=\"20230\" data-type=\"image\" class=\"fg-thumb\"><span class=\"fg-image-wrap\"><img decoding=\"async\" width=\"270\" height=\"230\" class=\"skip-lazy fg-image\" data-src-fg=\"https:\/\/estatal.gov.tl\/wp-content\/uploads\/cache\/2026\/03\/3253a6b4-1851-4a20-87f2-5c3445ec25d1\/3276196036.jpg\" src=\"data:image\/svg+xml,%3Csvg%20xmlns%3D%22http%3A%2F%2Fwww.w3.org%2F2000%2Fsvg%22%20width%3D%22270%22%20height%3D%22230%22%20viewBox%3D%220%200%20270%20230%22%3E%3C%2Fsvg%3E\" loading=\"eager\"><\/span><span class=\"fg-image-overlay\"><\/span><\/a><\/figure><div class=\"fg-loader\"><\/div><\/div><div class=\"fg-item fg-type-image fg-idle\"><figure class=\"fg-item-inner\"><a href=\"https:\/\/estatal.gov.tl\/wp-content\/uploads\/2026\/03\/2065db7d-22c1-4511-820a-e70c1be78380.jpg\" data-attachment-id=\"20229\" data-type=\"image\" class=\"fg-thumb\"><span class=\"fg-image-wrap\"><img decoding=\"async\" width=\"270\" height=\"230\" class=\"skip-lazy fg-image\" data-src-fg=\"https:\/\/estatal.gov.tl\/wp-content\/uploads\/cache\/2026\/03\/2065db7d-22c1-4511-820a-e70c1be78380\/386335366.jpg\" src=\"data:image\/svg+xml,%3Csvg%20xmlns%3D%22http%3A%2F%2Fwww.w3.org%2F2000%2Fsvg%22%20width%3D%22270%22%20height%3D%22230%22%20viewBox%3D%220%200%20270%20230%22%3E%3C%2Fsvg%3E\" loading=\"eager\"><\/span><span class=\"fg-image-overlay\"><\/span><\/a><\/figure><div class=\"fg-loader\"><\/div><\/div><div class=\"fg-item fg-type-image fg-idle\"><figure class=\"fg-item-inner\"><a href=\"https:\/\/estatal.gov.tl\/wp-content\/uploads\/2026\/03\/74e1c052-f17a-4ad7-a7f5-06d9cf411054.jpg\" data-attachment-id=\"20228\" data-type=\"image\" class=\"fg-thumb\"><span class=\"fg-image-wrap\"><img decoding=\"async\" width=\"270\" height=\"230\" class=\"skip-lazy fg-image\" data-src-fg=\"https:\/\/estatal.gov.tl\/wp-content\/uploads\/cache\/2026\/03\/74e1c052-f17a-4ad7-a7f5-06d9cf411054\/2957045703.jpg\" src=\"data:image\/svg+xml,%3Csvg%20xmlns%3D%22http%3A%2F%2Fwww.w3.org%2F2000%2Fsvg%22%20width%3D%22270%22%20height%3D%22230%22%20viewBox%3D%220%200%20270%20230%22%3E%3C%2Fsvg%3E\" loading=\"eager\"><\/span><span class=\"fg-image-overlay\"><\/span><\/a><\/figure><div class=\"fg-loader\"><\/div><\/div><div class=\"fg-item fg-type-image fg-idle\"><figure class=\"fg-item-inner\"><a href=\"https:\/\/estatal.gov.tl\/wp-content\/uploads\/2026\/03\/57db2d4c-0bee-4ecc-8fdf-30fc963be787.jpg\" data-attachment-id=\"20227\" data-type=\"image\" class=\"fg-thumb\"><span class=\"fg-image-wrap\"><img decoding=\"async\" width=\"270\" height=\"230\" class=\"skip-lazy fg-image\" data-src-fg=\"https:\/\/estatal.gov.tl\/wp-content\/uploads\/cache\/2026\/03\/57db2d4c-0bee-4ecc-8fdf-30fc963be787\/3134671500.jpg\" src=\"data:image\/svg+xml,%3Csvg%20xmlns%3D%22http%3A%2F%2Fwww.w3.org%2F2000%2Fsvg%22%20width%3D%22270%22%20height%3D%22230%22%20viewBox%3D%220%200%20270%20230%22%3E%3C%2Fsvg%3E\" loading=\"eager\"><\/span><span class=\"fg-image-overlay\"><\/span><\/a><\/figure><div class=\"fg-loader\"><\/div><\/div><div class=\"fg-item fg-type-image fg-idle\"><figure class=\"fg-item-inner\"><a href=\"https:\/\/estatal.gov.tl\/wp-content\/uploads\/2026\/03\/1f2251b4-c1d7-4c93-9b9f-e3dc3fce5457.jpg\" data-attachment-id=\"20226\" data-type=\"image\" class=\"fg-thumb\"><span class=\"fg-image-wrap\"><img decoding=\"async\" width=\"270\" height=\"230\" class=\"skip-lazy fg-image\" data-src-fg=\"https:\/\/estatal.gov.tl\/wp-content\/uploads\/cache\/2026\/03\/1f2251b4-c1d7-4c93-9b9f-e3dc3fce5457\/3964615099.jpg\" src=\"data:image\/svg+xml,%3Csvg%20xmlns%3D%22http%3A%2F%2Fwww.w3.org%2F2000%2Fsvg%22%20width%3D%22270%22%20height%3D%22230%22%20viewBox%3D%220%200%20270%20230%22%3E%3C%2Fsvg%3E\" loading=\"eager\"><\/span><span class=\"fg-image-overlay\"><\/span><\/a><\/figure><div class=\"fg-loader\"><\/div><\/div><div class=\"fg-item fg-type-image fg-idle\"><figure class=\"fg-item-inner\"><a href=\"https:\/\/estatal.gov.tl\/wp-content\/uploads\/2026\/03\/0dc2f336-6259-4ed6-8c35-71884e842fca.jpg\" data-attachment-id=\"20225\" data-type=\"image\" class=\"fg-thumb\"><span class=\"fg-image-wrap\"><img decoding=\"async\" width=\"270\" height=\"230\" class=\"skip-lazy fg-image\" data-src-fg=\"https:\/\/estatal.gov.tl\/wp-content\/uploads\/cache\/2026\/03\/0dc2f336-6259-4ed6-8c35-71884e842fca\/2215171894.jpg\" src=\"data:image\/svg+xml,%3Csvg%20xmlns%3D%22http%3A%2F%2Fwww.w3.org%2F2000%2Fsvg%22%20width%3D%22270%22%20height%3D%22230%22%20viewBox%3D%220%200%20270%20230%22%3E%3C%2Fsvg%3E\" loading=\"eager\"><\/span><span class=\"fg-image-overlay\"><\/span><\/a><\/figure><div class=\"fg-loader\"><\/div><\/div><\/div>\n\n","protected":false},"featured_media":20227,"template":"","class_list":["post-20251","image-gallery","type-image-gallery","status-publish","has-post-thumbnail","hentry"],"translation":{"provider":"WPGlobus","version":"3.0.0","language":"en","enabled_languages":["tm","pt","en"],"languages":{"tm":{"title":true,"content":true,"excerpt":false},"pt":{"title":false,"content":false,"excerpt":false},"en":{"title":false,"content":false,"excerpt":false}}},"yoast_head":"<!-- This site is optimized with the Yoast SEO plugin v26.5 - https:\/\/yoast.com\/wordpress\/plugins\/seo\/ -->\n<title>S.E. Ministru Administrasaun Estat\u00e1l, simu vizita kortezia hosi Embaixadora Timor-Leste nian iha Nova Zel\u00e1ndia, Dra. Idelta Maria Rodrigues, hamutuk ho empregad\u00f3r sira ne&#039;eb\u00e9\u00a0 daudaun ne\u2019e f\u00f3 hela oportunidade empregu ba traballad\u00f3r Timor-oan sira iha Nova Zel\u00e1ndia. - Ministry of State Administration<\/title>\n<meta name=\"robots\" content=\"index, follow, max-snippet:-1, max-image-preview:large, max-video-preview:-1\" \/>\n<link rel=\"canonical\" href=\"https:\/\/estatal.gov.tl\/image-gallery\/dili-tersa-feira-13-janeiru-2026-sua-exelensia-ministru-administrasaun-estatal-tomas-do-rosario-cabral-simu-vizita-kortezia-hosi-embaixadora-timor-leste-nian-iha-nova-zelandia-dra-idelta\/\" \/>\n<meta property=\"og:locale\" content=\"en_US\" \/>\n<meta property=\"og:type\" content=\"article\" \/>\n<meta property=\"og:title\" content=\"S.E. Ministru Administrasaun Estat\u00e1l, simu vizita kortezia hosi Embaixadora Timor-Leste nian iha Nova Zel\u00e1ndia, Dra. Idelta Maria Rodrigues, hamutuk ho empregad\u00f3r sira ne&#039;eb\u00e9\u00a0 daudaun ne\u2019e f\u00f3 hela oportunidade empregu ba traballad\u00f3r Timor-oan sira iha Nova Zel\u00e1ndia. - Ministry of State Administration\" \/>\n<meta property=\"og:url\" content=\"https:\/\/estatal.gov.tl\/image-gallery\/dili-tersa-feira-13-janeiru-2026-sua-exelensia-ministru-administrasaun-estatal-tomas-do-rosario-cabral-simu-vizita-kortezia-hosi-embaixadora-timor-leste-nian-iha-nova-zelandia-dra-idelta\/\" \/>\n<meta property=\"og:site_name\" content=\"Ministry of State Administration\" \/>\n<meta property=\"article:modified_time\" content=\"2026-03-31T00:39:15+00:00\" \/>\n<meta property=\"og:image\" content=\"https:\/\/estatal.gov.tl\/wp-content\/uploads\/2026\/03\/57db2d4c-0bee-4ecc-8fdf-30fc963be787.jpg\" \/>\n\t<meta property=\"og:image:width\" content=\"720\" \/>\n\t<meta property=\"og:image:height\" content=\"485\" \/>\n\t<meta property=\"og:image:type\" content=\"image\/jpeg\" \/>\n<meta name=\"twitter:card\" content=\"summary_large_image\" \/>\n<meta name=\"twitter:label1\" content=\"Est. reading time\" \/>\n\t<meta name=\"twitter:data1\" content=\"1 minute\" \/>\n<script type=\"application\/ld+json\" class=\"yoast-schema-graph\">{\"@context\":\"https:\/\/schema.org\",\"@graph\":[{\"@type\":\"WebPage\",\"@id\":\"https:\/\/estatal.gov.tl\/image-gallery\/dili-tersa-feira-13-janeiru-2026-sua-exelensia-ministru-administrasaun-estatal-tomas-do-rosario-cabral-simu-vizita-kortezia-hosi-embaixadora-timor-leste-nian-iha-nova-zelandia-dra-idelta\/\",\"url\":\"https:\/\/estatal.gov.tl\/image-gallery\/dili-tersa-feira-13-janeiru-2026-sua-exelensia-ministru-administrasaun-estatal-tomas-do-rosario-cabral-simu-vizita-kortezia-hosi-embaixadora-timor-leste-nian-iha-nova-zelandia-dra-idelta\/\",\"name\":\"S.E. Ministru Administrasaun Estat\u00e1l, simu vizita kortezia hosi Embaixadora Timor-Leste nian iha Nova Zel\u00e1ndia, Dra. Idelta Maria Rodrigues, hamutuk ho empregad\u00f3r sira ne'eb\u00e9\u00a0 daudaun ne\u2019e f\u00f3 hela oportunidade empregu ba traballad\u00f3r Timor-oan sira iha Nova Zel\u00e1ndia. - Ministry of State Administration\",\"isPartOf\":{\"@id\":\"https:\/\/estatal.gov.tl\/pt\/#website\"},\"primaryImageOfPage\":{\"@id\":\"https:\/\/estatal.gov.tl\/image-gallery\/dili-tersa-feira-13-janeiru-2026-sua-exelensia-ministru-administrasaun-estatal-tomas-do-rosario-cabral-simu-vizita-kortezia-hosi-embaixadora-timor-leste-nian-iha-nova-zelandia-dra-idelta\/#primaryimage\"},\"image\":{\"@id\":\"https:\/\/estatal.gov.tl\/image-gallery\/dili-tersa-feira-13-janeiru-2026-sua-exelensia-ministru-administrasaun-estatal-tomas-do-rosario-cabral-simu-vizita-kortezia-hosi-embaixadora-timor-leste-nian-iha-nova-zelandia-dra-idelta\/#primaryimage\"},\"thumbnailUrl\":\"https:\/\/estatal.gov.tl\/wp-content\/uploads\/2026\/03\/57db2d4c-0bee-4ecc-8fdf-30fc963be787.jpg\",\"datePublished\":\"2026-01-13T01:36:00+00:00\",\"dateModified\":\"2026-03-31T00:39:15+00:00\",\"breadcrumb\":{\"@id\":\"https:\/\/estatal.gov.tl\/image-gallery\/dili-tersa-feira-13-janeiru-2026-sua-exelensia-ministru-administrasaun-estatal-tomas-do-rosario-cabral-simu-vizita-kortezia-hosi-embaixadora-timor-leste-nian-iha-nova-zelandia-dra-idelta\/#breadcrumb\"},\"inLanguage\":\"en-US\",\"potentialAction\":[{\"@type\":\"ReadAction\",\"target\":[\"https:\/\/estatal.gov.tl\/image-gallery\/dili-tersa-feira-13-janeiru-2026-sua-exelensia-ministru-administrasaun-estatal-tomas-do-rosario-cabral-simu-vizita-kortezia-hosi-embaixadora-timor-leste-nian-iha-nova-zelandia-dra-idelta\/\"]}]},{\"@type\":\"ImageObject\",\"inLanguage\":\"en-US\",\"@id\":\"https:\/\/estatal.gov.tl\/image-gallery\/dili-tersa-feira-13-janeiru-2026-sua-exelensia-ministru-administrasaun-estatal-tomas-do-rosario-cabral-simu-vizita-kortezia-hosi-embaixadora-timor-leste-nian-iha-nova-zelandia-dra-idelta\/#primaryimage\",\"url\":\"https:\/\/estatal.gov.tl\/wp-content\/uploads\/2026\/03\/57db2d4c-0bee-4ecc-8fdf-30fc963be787.jpg\",\"contentUrl\":\"https:\/\/estatal.gov.tl\/wp-content\/uploads\/2026\/03\/57db2d4c-0bee-4ecc-8fdf-30fc963be787.jpg\",\"width\":720,\"height\":485},{\"@type\":\"BreadcrumbList\",\"@id\":\"https:\/\/estatal.gov.tl\/image-gallery\/dili-tersa-feira-13-janeiru-2026-sua-exelensia-ministru-administrasaun-estatal-tomas-do-rosario-cabral-simu-vizita-kortezia-hosi-embaixadora-timor-leste-nian-iha-nova-zelandia-dra-idelta\/#breadcrumb\",\"itemListElement\":[{\"@type\":\"ListItem\",\"position\":1,\"name\":\"Home\",\"item\":\"https:\/\/estatal.gov.tl\/pt\/\"},{\"@type\":\"ListItem\",\"position\":2,\"name\":\"Galleries\",\"item\":\"https:\/\/estatal.gov.tl\/image-gallery\/\"},{\"@type\":\"ListItem\",\"position\":3,\"name\":\"S.E. Ministru Administrasaun Estat\u00e1l, simu vizita kortezia hosi Embaixadora Timor-Leste nian iha Nova Zel\u00e1ndia, Dra. Idelta Maria Rodrigues, hamutuk ho empregad\u00f3r sira ne&#8217;eb\u00e9\u00a0 daudaun ne\u2019e f\u00f3 hela oportunidade empregu ba traballad\u00f3r Timor-oan sira iha Nova Zel\u00e1ndia.\"}]},{\"@type\":\"WebSite\",\"@id\":\"https:\/\/estatal.gov.tl\/pt\/#website\",\"url\":\"https:\/\/estatal.gov.tl\/pt\/\",\"name\":\"{:tm}Minist\u00e9riu Administrasaun Estatal{:}{:pt}Minist\u00e9rio da Administra\u00e7\u00e3o Estatal{:}{:en}Ministry of State Administration{:}\",\"description\":\"Minist\u00e9riu Administrasaun Estatal\",\"publisher\":{\"@id\":\"https:\/\/estatal.gov.tl\/pt\/#organization\"},\"potentialAction\":[{\"@type\":\"SearchAction\",\"target\":{\"@type\":\"EntryPoint\",\"urlTemplate\":\"https:\/\/estatal.gov.tl\/pt\/?s={search_term_string}\"},\"query-input\":{\"@type\":\"PropertyValueSpecification\",\"valueRequired\":true,\"valueName\":\"search_term_string\"}}],\"inLanguage\":\"en-US\"},{\"@type\":\"Organization\",\"@id\":\"https:\/\/estatal.gov.tl\/pt\/#organization\",\"name\":\"{:tm}Minist\u00e9riu Administrasaun Estatal{:}{:pt}Minist\u00e9rio da Administra\u00e7\u00e3o Estatal{:}{:en}Ministry of State Administration{:}\",\"url\":\"https:\/\/estatal.gov.tl\/pt\/\",\"logo\":{\"@type\":\"ImageObject\",\"inLanguage\":\"en-US\",\"@id\":\"https:\/\/estatal.gov.tl\/pt\/#\/schema\/logo\/image\/\",\"url\":\"https:\/\/estatal.gov.tl\/wp-content\/uploads\/2024\/09\/logo-municipality-1.png\",\"contentUrl\":\"https:\/\/estatal.gov.tl\/wp-content\/uploads\/2024\/09\/logo-municipality-1.png\",\"width\":250,\"height\":228,\"caption\":\"{:tm}Minist\u00e9riu Administrasaun Estatal{:}{:pt}Minist\u00e9rio da Administra\u00e7\u00e3o Estatal{:}{:en}Ministry of State Administration{:}\"},\"image\":{\"@id\":\"https:\/\/estatal.gov.tl\/pt\/#\/schema\/logo\/image\/\"}}]}<\/script>\n<!-- \/ Yoast SEO plugin. -->","yoast_head_json":{"title":"S.E. Ministru Administrasaun Estat\u00e1l, simu vizita kortezia hosi Embaixadora Timor-Leste nian iha Nova Zel\u00e1ndia, Dra. Idelta Maria Rodrigues, hamutuk ho empregad\u00f3r sira ne'eb\u00e9\u00a0 daudaun ne\u2019e f\u00f3 hela oportunidade empregu ba traballad\u00f3r Timor-oan sira iha Nova Zel\u00e1ndia. - Ministry of State Administration","robots":{"index":"index","follow":"follow","max-snippet":"max-snippet:-1","max-image-preview":"max-image-preview:large","max-video-preview":"max-video-preview:-1"},"canonical":"https:\/\/estatal.gov.tl\/image-gallery\/dili-tersa-feira-13-janeiru-2026-sua-exelensia-ministru-administrasaun-estatal-tomas-do-rosario-cabral-simu-vizita-kortezia-hosi-embaixadora-timor-leste-nian-iha-nova-zelandia-dra-idelta\/","og_locale":"en_US","og_type":"article","og_title":"S.E. Ministru Administrasaun Estat\u00e1l, simu vizita kortezia hosi Embaixadora Timor-Leste nian iha Nova Zel\u00e1ndia, Dra. Idelta Maria Rodrigues, hamutuk ho empregad\u00f3r sira ne'eb\u00e9\u00a0 daudaun ne\u2019e f\u00f3 hela oportunidade empregu ba traballad\u00f3r Timor-oan sira iha Nova Zel\u00e1ndia. - Ministry of State Administration","og_url":"https:\/\/estatal.gov.tl\/image-gallery\/dili-tersa-feira-13-janeiru-2026-sua-exelensia-ministru-administrasaun-estatal-tomas-do-rosario-cabral-simu-vizita-kortezia-hosi-embaixadora-timor-leste-nian-iha-nova-zelandia-dra-idelta\/","og_site_name":"Ministry of State Administration","article_modified_time":"2026-03-31T00:39:15+00:00","og_image":[{"width":720,"height":485,"url":"https:\/\/estatal.gov.tl\/wp-content\/uploads\/2026\/03\/57db2d4c-0bee-4ecc-8fdf-30fc963be787.jpg","type":"image\/jpeg"}],"twitter_card":"summary_large_image","twitter_misc":{"Est. reading time":"1 minute"},"schema":{"@context":"https:\/\/schema.org","@graph":[{"@type":"WebPage","@id":"https:\/\/estatal.gov.tl\/image-gallery\/dili-tersa-feira-13-janeiru-2026-sua-exelensia-ministru-administrasaun-estatal-tomas-do-rosario-cabral-simu-vizita-kortezia-hosi-embaixadora-timor-leste-nian-iha-nova-zelandia-dra-idelta\/","url":"https:\/\/estatal.gov.tl\/image-gallery\/dili-tersa-feira-13-janeiru-2026-sua-exelensia-ministru-administrasaun-estatal-tomas-do-rosario-cabral-simu-vizita-kortezia-hosi-embaixadora-timor-leste-nian-iha-nova-zelandia-dra-idelta\/","name":"S.E. Ministru Administrasaun Estat\u00e1l, simu vizita kortezia hosi Embaixadora Timor-Leste nian iha Nova Zel\u00e1ndia, Dra. Idelta Maria Rodrigues, hamutuk ho empregad\u00f3r sira ne'eb\u00e9\u00a0 daudaun ne\u2019e f\u00f3 hela oportunidade empregu ba traballad\u00f3r Timor-oan sira iha Nova Zel\u00e1ndia. - Ministry of State Administration","isPartOf":{"@id":"https:\/\/estatal.gov.tl\/pt\/#website"},"primaryImageOfPage":{"@id":"https:\/\/estatal.gov.tl\/image-gallery\/dili-tersa-feira-13-janeiru-2026-sua-exelensia-ministru-administrasaun-estatal-tomas-do-rosario-cabral-simu-vizita-kortezia-hosi-embaixadora-timor-leste-nian-iha-nova-zelandia-dra-idelta\/#primaryimage"},"image":{"@id":"https:\/\/estatal.gov.tl\/image-gallery\/dili-tersa-feira-13-janeiru-2026-sua-exelensia-ministru-administrasaun-estatal-tomas-do-rosario-cabral-simu-vizita-kortezia-hosi-embaixadora-timor-leste-nian-iha-nova-zelandia-dra-idelta\/#primaryimage"},"thumbnailUrl":"https:\/\/estatal.gov.tl\/wp-content\/uploads\/2026\/03\/57db2d4c-0bee-4ecc-8fdf-30fc963be787.jpg","datePublished":"2026-01-13T01:36:00+00:00","dateModified":"2026-03-31T00:39:15+00:00","breadcrumb":{"@id":"https:\/\/estatal.gov.tl\/image-gallery\/dili-tersa-feira-13-janeiru-2026-sua-exelensia-ministru-administrasaun-estatal-tomas-do-rosario-cabral-simu-vizita-kortezia-hosi-embaixadora-timor-leste-nian-iha-nova-zelandia-dra-idelta\/#breadcrumb"},"inLanguage":"en-US","potentialAction":[{"@type":"ReadAction","target":["https:\/\/estatal.gov.tl\/image-gallery\/dili-tersa-feira-13-janeiru-2026-sua-exelensia-ministru-administrasaun-estatal-tomas-do-rosario-cabral-simu-vizita-kortezia-hosi-embaixadora-timor-leste-nian-iha-nova-zelandia-dra-idelta\/"]}]},{"@type":"ImageObject","inLanguage":"en-US","@id":"https:\/\/estatal.gov.tl\/image-gallery\/dili-tersa-feira-13-janeiru-2026-sua-exelensia-ministru-administrasaun-estatal-tomas-do-rosario-cabral-simu-vizita-kortezia-hosi-embaixadora-timor-leste-nian-iha-nova-zelandia-dra-idelta\/#primaryimage","url":"https:\/\/estatal.gov.tl\/wp-content\/uploads\/2026\/03\/57db2d4c-0bee-4ecc-8fdf-30fc963be787.jpg","contentUrl":"https:\/\/estatal.gov.tl\/wp-content\/uploads\/2026\/03\/57db2d4c-0bee-4ecc-8fdf-30fc963be787.jpg","width":720,"height":485},{"@type":"BreadcrumbList","@id":"https:\/\/estatal.gov.tl\/image-gallery\/dili-tersa-feira-13-janeiru-2026-sua-exelensia-ministru-administrasaun-estatal-tomas-do-rosario-cabral-simu-vizita-kortezia-hosi-embaixadora-timor-leste-nian-iha-nova-zelandia-dra-idelta\/#breadcrumb","itemListElement":[{"@type":"ListItem","position":1,"name":"Home","item":"https:\/\/estatal.gov.tl\/pt\/"},{"@type":"ListItem","position":2,"name":"Galleries","item":"https:\/\/estatal.gov.tl\/image-gallery\/"},{"@type":"ListItem","position":3,"name":"S.E. Ministru Administrasaun Estat\u00e1l, simu vizita kortezia hosi Embaixadora Timor-Leste nian iha Nova Zel\u00e1ndia, Dra. Idelta Maria Rodrigues, hamutuk ho empregad\u00f3r sira ne&#8217;eb\u00e9\u00a0 daudaun ne\u2019e f\u00f3 hela oportunidade empregu ba traballad\u00f3r Timor-oan sira iha Nova Zel\u00e1ndia."}]},{"@type":"WebSite","@id":"https:\/\/estatal.gov.tl\/pt\/#website","url":"https:\/\/estatal.gov.tl\/pt\/","name":"{:tm}Minist\u00e9riu Administrasaun Estatal{:}{:pt}Minist\u00e9rio da Administra\u00e7\u00e3o Estatal{:}{:en}Ministry of State Administration{:}","description":"Minist\u00e9riu Administrasaun Estatal","publisher":{"@id":"https:\/\/estatal.gov.tl\/pt\/#organization"},"potentialAction":[{"@type":"SearchAction","target":{"@type":"EntryPoint","urlTemplate":"https:\/\/estatal.gov.tl\/pt\/?s={search_term_string}"},"query-input":{"@type":"PropertyValueSpecification","valueRequired":true,"valueName":"search_term_string"}}],"inLanguage":"en-US"},{"@type":"Organization","@id":"https:\/\/estatal.gov.tl\/pt\/#organization","name":"{:tm}Minist\u00e9riu Administrasaun Estatal{:}{:pt}Minist\u00e9rio da Administra\u00e7\u00e3o Estatal{:}{:en}Ministry of State Administration{:}","url":"https:\/\/estatal.gov.tl\/pt\/","logo":{"@type":"ImageObject","inLanguage":"en-US","@id":"https:\/\/estatal.gov.tl\/pt\/#\/schema\/logo\/image\/","url":"https:\/\/estatal.gov.tl\/wp-content\/uploads\/2024\/09\/logo-municipality-1.png","contentUrl":"https:\/\/estatal.gov.tl\/wp-content\/uploads\/2024\/09\/logo-municipality-1.png","width":250,"height":228,"caption":"{:tm}Minist\u00e9riu Administrasaun Estatal{:}{:pt}Minist\u00e9rio da Administra\u00e7\u00e3o Estatal{:}{:en}Ministry of State Administration{:}"},"image":{"@id":"https:\/\/estatal.gov.tl\/pt\/#\/schema\/logo\/image\/"}}]}},"_links":{"self":[{"href":"https:\/\/estatal.gov.tl\/en\/wp-json\/wp\/v2\/image-gallery\/20251","targetHints":{"allow":["GET"]}}],"collection":[{"href":"https:\/\/estatal.gov.tl\/en\/wp-json\/wp\/v2\/image-gallery"}],"about":[{"href":"https:\/\/estatal.gov.tl\/en\/wp-json\/wp\/v2\/types\/image-gallery"}],"wp:featuredmedia":[{"embeddable":true,"href":"https:\/\/estatal.gov.tl\/en\/wp-json\/wp\/v2\/media\/20227"}],"wp:attachment":[{"href":"https:\/\/estatal.gov.tl\/en\/wp-json\/wp\/v2\/media?parent=20251"}],"curies":[{"name":"wp","href":"https:\/\/api.w.org\/{rel}","templated":true}]}}