{"id":20358,"date":"2026-01-05T14:58:00","date_gmt":"2026-01-05T05:58:00","guid":{"rendered":"https:\/\/estatal.gov.tl\/?post_type=image-gallery&#038;p=20358"},"modified":"2026-03-31T08:01:01","modified_gmt":"2026-03-30T23:01:01","slug":"ministru-mae-prezide-serimonia-isar-bandeira-nasional-fulan-janeiru-2026dili-segunda-feira-05-janeiru-2026-sua-exelensia-ministru-administrasaun-estatal-tomas-do-rosario-cabral-akompana-ho","status":"publish","type":"image-gallery","link":"https:\/\/estatal.gov.tl\/en\/image-gallery\/ministru-mae-prezide-serimonia-isar-bandeira-nasional-fulan-janeiru-2026dili-segunda-feira-05-janeiru-2026-sua-exelensia-ministru-administrasaun-estatal-tomas-do-rosario-cabral-akompana-ho\/","title":{"rendered":"Dili, Segunda-Feira, 05 Janeiru 2026\u2014Sua Exel\u00e9nsia Ministru Administrasaun Estat\u00e1l, Tom\u00e1s do Ros\u00e1rio Cabral Prezide serim\u00f3nia Is\u00e1r Bandeira Nasion\u00e1l iha semana dahuluk fulan janeiru tinan 2026."},"content":{"rendered":"\n<p><\/p>\n\n\n<style type=\"text\/css\">\n#foogallery-gallery-20343 .fg-image { width: 270px; }\n#foogallery-gallery-20343 { --fg-gutter: 10px; }<\/style>\n\t\t\t<div class=\"foogallery foogallery-container foogallery-default foogallery-lightbox-foogallery fg-center fg-default fg-ready fg-light fg-shadow-medium fg-loading-default fg-loaded-fade-in fg-preset fg-brad fg-preset-small fg-preset fg-brad fg-preset-small\" id=\"foogallery-gallery-20343\" data-foogallery=\"{&quot;item&quot;:{&quot;showCaptionTitle&quot;:true,&quot;showCaptionDescription&quot;:true},&quot;lazy&quot;:true}\" data-foogallery-lightbox=\"{&quot;thumbs&quot;:&quot;bottom&quot;,&quot;thumbsCaptions&quot;:false,&quot;thumbsBestFit&quot;:false,&quot;thumbsSmall&quot;:false,&quot;thumbsCaptionsAlign&quot;:&quot;default&quot;,&quot;info&quot;:&quot;bottom&quot;,&quot;infoVisible&quot;:true,&quot;infoOverlay&quot;:true,&quot;infoAlign&quot;:&quot;default&quot;,&quot;transition&quot;:&quot;fade&quot;,&quot;hoverButtons&quot;:false,&quot;fitMedia&quot;:false,&quot;noScrollbars&quot;:true,&quot;preserveButtonSpace&quot;:true,&quot;buttons&quot;:{&quot;fullscreen&quot;:true,&quot;info&quot;:true,&quot;thumbs&quot;:false},&quot;video&quot;:{&quot;autoPlay&quot;:true}}\" style=\"--fg-title-line-clamp: 1; --fg-description-line-clamp: 2;\" >\n\t<div class=\"fg-item fg-type-image fg-idle\"><figure class=\"fg-item-inner\"><a href=\"https:\/\/estatal.gov.tl\/wp-content\/uploads\/2026\/03\/0c4e038a-fc2e-4729-8adc-89e3c80760a5.jpg\" data-attachment-id=\"20344\" data-type=\"image\" class=\"fg-thumb\"><span class=\"fg-image-wrap\"><img fetchpriority=\"high\" decoding=\"async\" width=\"270\" height=\"230\" class=\"skip-lazy fg-image\" data-src-fg=\"https:\/\/estatal.gov.tl\/wp-content\/uploads\/cache\/2026\/03\/0c4e038a-fc2e-4729-8adc-89e3c80760a5\/1203730367.jpg\" src=\"data:image\/svg+xml,%3Csvg%20xmlns%3D%22http%3A%2F%2Fwww.w3.org%2F2000%2Fsvg%22%20width%3D%22270%22%20height%3D%22230%22%20viewBox%3D%220%200%20270%20230%22%3E%3C%2Fsvg%3E\" loading=\"eager\"><\/span><span class=\"fg-image-overlay\"><\/span><\/a><\/figure><div class=\"fg-loader\"><\/div><\/div><div class=\"fg-item fg-type-image fg-idle\"><figure class=\"fg-item-inner\"><a href=\"https:\/\/estatal.gov.tl\/wp-content\/uploads\/2026\/03\/4de044a1-c87b-4c98-9af8-7785decfa0e7.jpg\" data-attachment-id=\"20345\" data-type=\"image\" class=\"fg-thumb\"><span class=\"fg-image-wrap\"><img decoding=\"async\" width=\"270\" height=\"230\" class=\"skip-lazy fg-image\" data-src-fg=\"https:\/\/estatal.gov.tl\/wp-content\/uploads\/cache\/2026\/03\/4de044a1-c87b-4c98-9af8-7785decfa0e7\/703560898.jpg\" src=\"data:image\/svg+xml,%3Csvg%20xmlns%3D%22http%3A%2F%2Fwww.w3.org%2F2000%2Fsvg%22%20width%3D%22270%22%20height%3D%22230%22%20viewBox%3D%220%200%20270%20230%22%3E%3C%2Fsvg%3E\" loading=\"eager\"><\/span><span class=\"fg-image-overlay\"><\/span><\/a><\/figure><div class=\"fg-loader\"><\/div><\/div><div class=\"fg-item fg-type-image fg-idle\"><figure class=\"fg-item-inner\"><a href=\"https:\/\/estatal.gov.tl\/wp-content\/uploads\/2026\/03\/6be31d81-b5af-48b2-bc2a-01f05c52d662.jpg\" data-attachment-id=\"20346\" data-type=\"image\" class=\"fg-thumb\"><span class=\"fg-image-wrap\"><img decoding=\"async\" width=\"270\" height=\"230\" class=\"skip-lazy fg-image\" data-src-fg=\"https:\/\/estatal.gov.tl\/wp-content\/uploads\/cache\/2026\/03\/6be31d81-b5af-48b2-bc2a-01f05c52d662\/3677601128.jpg\" src=\"data:image\/svg+xml,%3Csvg%20xmlns%3D%22http%3A%2F%2Fwww.w3.org%2F2000%2Fsvg%22%20width%3D%22270%22%20height%3D%22230%22%20viewBox%3D%220%200%20270%20230%22%3E%3C%2Fsvg%3E\" loading=\"eager\"><\/span><span class=\"fg-image-overlay\"><\/span><\/a><\/figure><div class=\"fg-loader\"><\/div><\/div><div class=\"fg-item fg-type-image fg-idle\"><figure class=\"fg-item-inner\"><a href=\"https:\/\/estatal.gov.tl\/wp-content\/uploads\/2026\/03\/6fa53538-dcfe-438b-954e-9ee575c04ad5.jpg\" data-attachment-id=\"20347\" data-type=\"image\" class=\"fg-thumb\"><span class=\"fg-image-wrap\"><img decoding=\"async\" width=\"270\" height=\"230\" class=\"skip-lazy fg-image\" data-src-fg=\"https:\/\/estatal.gov.tl\/wp-content\/uploads\/cache\/2026\/03\/6fa53538-dcfe-438b-954e-9ee575c04ad5\/1730368501.jpg\" src=\"data:image\/svg+xml,%3Csvg%20xmlns%3D%22http%3A%2F%2Fwww.w3.org%2F2000%2Fsvg%22%20width%3D%22270%22%20height%3D%22230%22%20viewBox%3D%220%200%20270%20230%22%3E%3C%2Fsvg%3E\" loading=\"eager\"><\/span><span class=\"fg-image-overlay\"><\/span><\/a><\/figure><div class=\"fg-loader\"><\/div><\/div><div class=\"fg-item fg-type-image fg-idle\"><figure class=\"fg-item-inner\"><a href=\"https:\/\/estatal.gov.tl\/wp-content\/uploads\/2026\/03\/9b4aba28-1d39-4333-95ce-c3d828509698.jpg\" data-attachment-id=\"20348\" data-type=\"image\" class=\"fg-thumb\"><span class=\"fg-image-wrap\"><img decoding=\"async\" width=\"270\" height=\"230\" class=\"skip-lazy fg-image\" data-src-fg=\"https:\/\/estatal.gov.tl\/wp-content\/uploads\/cache\/2026\/03\/9b4aba28-1d39-4333-95ce-c3d828509698\/3549732900.jpg\" src=\"data:image\/svg+xml,%3Csvg%20xmlns%3D%22http%3A%2F%2Fwww.w3.org%2F2000%2Fsvg%22%20width%3D%22270%22%20height%3D%22230%22%20viewBox%3D%220%200%20270%20230%22%3E%3C%2Fsvg%3E\" loading=\"eager\"><\/span><span class=\"fg-image-overlay\"><\/span><\/a><\/figure><div class=\"fg-loader\"><\/div><\/div><div class=\"fg-item fg-type-image fg-idle\"><figure class=\"fg-item-inner\"><a href=\"https:\/\/estatal.gov.tl\/wp-content\/uploads\/2026\/03\/13a0f72b-0653-4b3f-9173-12767a8abd38-1.jpg\" data-attachment-id=\"20349\" data-type=\"image\" class=\"fg-thumb\"><span class=\"fg-image-wrap\"><img decoding=\"async\" width=\"270\" height=\"230\" class=\"skip-lazy fg-image\" data-src-fg=\"https:\/\/estatal.gov.tl\/wp-content\/uploads\/cache\/2026\/03\/13a0f72b-0653-4b3f-9173-12767a8abd38-1\/1636493212.jpg\" src=\"data:image\/svg+xml,%3Csvg%20xmlns%3D%22http%3A%2F%2Fwww.w3.org%2F2000%2Fsvg%22%20width%3D%22270%22%20height%3D%22230%22%20viewBox%3D%220%200%20270%20230%22%3E%3C%2Fsvg%3E\" loading=\"eager\"><\/span><span class=\"fg-image-overlay\"><\/span><\/a><\/figure><div class=\"fg-loader\"><\/div><\/div><div class=\"fg-item fg-type-image fg-idle\"><figure class=\"fg-item-inner\"><a href=\"https:\/\/estatal.gov.tl\/wp-content\/uploads\/2026\/03\/13a0f72b-0653-4b3f-9173-12767a8abd38.jpg\" data-attachment-id=\"20350\" data-type=\"image\" class=\"fg-thumb\"><span class=\"fg-image-wrap\"><img decoding=\"async\" width=\"270\" height=\"230\" class=\"skip-lazy fg-image\" data-src-fg=\"https:\/\/estatal.gov.tl\/wp-content\/uploads\/cache\/2026\/03\/13a0f72b-0653-4b3f-9173-12767a8abd38\/4820666.jpg\" src=\"data:image\/svg+xml,%3Csvg%20xmlns%3D%22http%3A%2F%2Fwww.w3.org%2F2000%2Fsvg%22%20width%3D%22270%22%20height%3D%22230%22%20viewBox%3D%220%200%20270%20230%22%3E%3C%2Fsvg%3E\" loading=\"eager\"><\/span><span class=\"fg-image-overlay\"><\/span><\/a><\/figure><div class=\"fg-loader\"><\/div><\/div><div class=\"fg-item fg-type-image fg-idle\"><figure class=\"fg-item-inner\"><a href=\"https:\/\/estatal.gov.tl\/wp-content\/uploads\/2026\/03\/38e9d256-ef6c-4f3f-8fc5-85d8cab51828.jpg\" data-attachment-id=\"20351\" data-type=\"image\" class=\"fg-thumb\"><span class=\"fg-image-wrap\"><img decoding=\"async\" width=\"270\" height=\"230\" class=\"skip-lazy fg-image\" data-src-fg=\"https:\/\/estatal.gov.tl\/wp-content\/uploads\/cache\/2026\/03\/38e9d256-ef6c-4f3f-8fc5-85d8cab51828\/4193847728.jpg\" src=\"data:image\/svg+xml,%3Csvg%20xmlns%3D%22http%3A%2F%2Fwww.w3.org%2F2000%2Fsvg%22%20width%3D%22270%22%20height%3D%22230%22%20viewBox%3D%220%200%20270%20230%22%3E%3C%2Fsvg%3E\" loading=\"eager\"><\/span><span class=\"fg-image-overlay\"><\/span><\/a><\/figure><div class=\"fg-loader\"><\/div><\/div><div class=\"fg-item fg-type-image fg-idle\"><figure class=\"fg-item-inner\"><a href=\"https:\/\/estatal.gov.tl\/wp-content\/uploads\/2026\/03\/50abdab0-6c70-4fcf-a642-f4d96218d3ce.jpg\" data-attachment-id=\"20352\" data-type=\"image\" class=\"fg-thumb\"><span class=\"fg-image-wrap\"><img decoding=\"async\" width=\"270\" height=\"230\" class=\"skip-lazy fg-image\" data-src-fg=\"https:\/\/estatal.gov.tl\/wp-content\/uploads\/cache\/2026\/03\/50abdab0-6c70-4fcf-a642-f4d96218d3ce\/2805750936.jpg\" src=\"data:image\/svg+xml,%3Csvg%20xmlns%3D%22http%3A%2F%2Fwww.w3.org%2F2000%2Fsvg%22%20width%3D%22270%22%20height%3D%22230%22%20viewBox%3D%220%200%20270%20230%22%3E%3C%2Fsvg%3E\" loading=\"eager\"><\/span><span class=\"fg-image-overlay\"><\/span><\/a><\/figure><div class=\"fg-loader\"><\/div><\/div><div class=\"fg-item fg-type-image fg-idle\"><figure class=\"fg-item-inner\"><a href=\"https:\/\/estatal.gov.tl\/wp-content\/uploads\/2026\/03\/209c4526-d714-458f-9371-c52b26cca869.jpg\" data-attachment-id=\"20353\" data-type=\"image\" class=\"fg-thumb\"><span class=\"fg-image-wrap\"><img decoding=\"async\" width=\"270\" height=\"230\" class=\"skip-lazy fg-image\" data-src-fg=\"https:\/\/estatal.gov.tl\/wp-content\/uploads\/cache\/2026\/03\/209c4526-d714-458f-9371-c52b26cca869\/2582457155.jpg\" src=\"data:image\/svg+xml,%3Csvg%20xmlns%3D%22http%3A%2F%2Fwww.w3.org%2F2000%2Fsvg%22%20width%3D%22270%22%20height%3D%22230%22%20viewBox%3D%220%200%20270%20230%22%3E%3C%2Fsvg%3E\" loading=\"eager\"><\/span><span class=\"fg-image-overlay\"><\/span><\/a><\/figure><div class=\"fg-loader\"><\/div><\/div><div class=\"fg-item fg-type-image fg-idle\"><figure class=\"fg-item-inner\"><a href=\"https:\/\/estatal.gov.tl\/wp-content\/uploads\/2026\/03\/93708d5f-302d-433e-8a2f-e05799b970e2.jpg\" data-attachment-id=\"20354\" data-type=\"image\" class=\"fg-thumb\"><span class=\"fg-image-wrap\"><img decoding=\"async\" width=\"270\" height=\"230\" class=\"skip-lazy fg-image\" data-src-fg=\"https:\/\/estatal.gov.tl\/wp-content\/uploads\/cache\/2026\/03\/93708d5f-302d-433e-8a2f-e05799b970e2\/609571667.jpg\" src=\"data:image\/svg+xml,%3Csvg%20xmlns%3D%22http%3A%2F%2Fwww.w3.org%2F2000%2Fsvg%22%20width%3D%22270%22%20height%3D%22230%22%20viewBox%3D%220%200%20270%20230%22%3E%3C%2Fsvg%3E\" loading=\"eager\"><\/span><span class=\"fg-image-overlay\"><\/span><\/a><\/figure><div class=\"fg-loader\"><\/div><\/div><div class=\"fg-item fg-type-image fg-idle\"><figure class=\"fg-item-inner\"><a href=\"https:\/\/estatal.gov.tl\/wp-content\/uploads\/2026\/03\/c67dd08a-656e-450a-953c-5dd547c89a1e.jpg\" data-attachment-id=\"20355\" data-type=\"image\" class=\"fg-thumb\"><span class=\"fg-image-wrap\"><img decoding=\"async\" width=\"270\" height=\"230\" class=\"skip-lazy fg-image\" data-src-fg=\"https:\/\/estatal.gov.tl\/wp-content\/uploads\/cache\/2026\/03\/c67dd08a-656e-450a-953c-5dd547c89a1e\/3705405005.jpg\" src=\"data:image\/svg+xml,%3Csvg%20xmlns%3D%22http%3A%2F%2Fwww.w3.org%2F2000%2Fsvg%22%20width%3D%22270%22%20height%3D%22230%22%20viewBox%3D%220%200%20270%20230%22%3E%3C%2Fsvg%3E\" loading=\"eager\"><\/span><span class=\"fg-image-overlay\"><\/span><\/a><\/figure><div class=\"fg-loader\"><\/div><\/div><div class=\"fg-item fg-type-image fg-idle\"><figure class=\"fg-item-inner\"><a href=\"https:\/\/estatal.gov.tl\/wp-content\/uploads\/2026\/03\/da112444-03d7-41b1-995e-cb408cf032f0.jpg\" data-attachment-id=\"20356\" data-type=\"image\" class=\"fg-thumb\"><span class=\"fg-image-wrap\"><img decoding=\"async\" width=\"270\" height=\"230\" class=\"skip-lazy fg-image\" data-src-fg=\"https:\/\/estatal.gov.tl\/wp-content\/uploads\/cache\/2026\/03\/da112444-03d7-41b1-995e-cb408cf032f0\/1678172263.jpg\" src=\"data:image\/svg+xml,%3Csvg%20xmlns%3D%22http%3A%2F%2Fwww.w3.org%2F2000%2Fsvg%22%20width%3D%22270%22%20height%3D%22230%22%20viewBox%3D%220%200%20270%20230%22%3E%3C%2Fsvg%3E\" loading=\"eager\"><\/span><span class=\"fg-image-overlay\"><\/span><\/a><\/figure><div class=\"fg-loader\"><\/div><\/div><div class=\"fg-item fg-type-image fg-idle\"><figure class=\"fg-item-inner\"><a href=\"https:\/\/estatal.gov.tl\/wp-content\/uploads\/2026\/03\/f80b4d13-ebca-4e4e-931c-d7e039bafb92.jpg\" data-attachment-id=\"20357\" data-type=\"image\" class=\"fg-thumb\"><span class=\"fg-image-wrap\"><img decoding=\"async\" width=\"270\" height=\"230\" class=\"skip-lazy fg-image\" data-src-fg=\"https:\/\/estatal.gov.tl\/wp-content\/uploads\/cache\/2026\/03\/f80b4d13-ebca-4e4e-931c-d7e039bafb92\/1333627248.jpg\" src=\"data:image\/svg+xml,%3Csvg%20xmlns%3D%22http%3A%2F%2Fwww.w3.org%2F2000%2Fsvg%22%20width%3D%22270%22%20height%3D%22230%22%20viewBox%3D%220%200%20270%20230%22%3E%3C%2Fsvg%3E\" loading=\"eager\"><\/span><span class=\"fg-image-overlay\"><\/span><\/a><\/figure><div class=\"fg-loader\"><\/div><\/div><\/div>\n\n\n\n\n<p><\/p>\n","protected":false},"featured_media":20351,"template":"","class_list":["post-20358","image-gallery","type-image-gallery","status-publish","has-post-thumbnail","hentry"],"translation":{"provider":"WPGlobus","version":"3.0.0","language":"en","enabled_languages":["tm","pt","en"],"languages":{"tm":{"title":true,"content":true,"excerpt":false},"pt":{"title":false,"content":false,"excerpt":false},"en":{"title":false,"content":false,"excerpt":false}}},"yoast_head":"<!-- This site is optimized with the Yoast SEO plugin v26.5 - https:\/\/yoast.com\/wordpress\/plugins\/seo\/ -->\n<title>Dili, Segunda-Feira, 05 Janeiru 2026\u2014Sua Exel\u00e9nsia Ministru Administrasaun Estat\u00e1l, Tom\u00e1s do Ros\u00e1rio Cabral Prezide serim\u00f3nia Is\u00e1r Bandeira Nasion\u00e1l iha semana dahuluk fulan janeiru tinan 2026. - Ministry of State Administration<\/title>\n<meta name=\"robots\" content=\"index, follow, max-snippet:-1, max-image-preview:large, max-video-preview:-1\" \/>\n<link rel=\"canonical\" href=\"https:\/\/estatal.gov.tl\/image-gallery\/ministru-mae-prezide-serimonia-isar-bandeira-nasional-fulan-janeiru-2026dili-segunda-feira-05-janeiru-2026-sua-exelensia-ministru-administrasaun-estatal-tomas-do-rosario-cabral-akompana-ho\/\" \/>\n<meta property=\"og:locale\" content=\"en_US\" \/>\n<meta property=\"og:type\" content=\"article\" \/>\n<meta property=\"og:title\" content=\"Dili, Segunda-Feira, 05 Janeiru 2026\u2014Sua Exel\u00e9nsia Ministru Administrasaun Estat\u00e1l, Tom\u00e1s do Ros\u00e1rio Cabral Prezide serim\u00f3nia Is\u00e1r Bandeira Nasion\u00e1l iha semana dahuluk fulan janeiru tinan 2026. - Ministry of State Administration\" \/>\n<meta property=\"og:url\" content=\"https:\/\/estatal.gov.tl\/image-gallery\/ministru-mae-prezide-serimonia-isar-bandeira-nasional-fulan-janeiru-2026dili-segunda-feira-05-janeiru-2026-sua-exelensia-ministru-administrasaun-estatal-tomas-do-rosario-cabral-akompana-ho\/\" \/>\n<meta property=\"og:site_name\" content=\"Ministry of State Administration\" \/>\n<meta property=\"article:modified_time\" content=\"2026-03-30T23:01:01+00:00\" \/>\n<meta property=\"og:image\" content=\"https:\/\/estatal.gov.tl\/wp-content\/uploads\/2026\/03\/38e9d256-ef6c-4f3f-8fc5-85d8cab51828.jpg\" \/>\n\t<meta property=\"og:image:width\" content=\"720\" \/>\n\t<meta property=\"og:image:height\" content=\"480\" \/>\n\t<meta property=\"og:image:type\" content=\"image\/jpeg\" \/>\n<meta name=\"twitter:card\" content=\"summary_large_image\" \/>\n<meta name=\"twitter:label1\" content=\"Est. reading time\" \/>\n\t<meta name=\"twitter:data1\" content=\"1 minute\" \/>\n<script type=\"application\/ld+json\" class=\"yoast-schema-graph\">{\"@context\":\"https:\/\/schema.org\",\"@graph\":[{\"@type\":\"WebPage\",\"@id\":\"https:\/\/estatal.gov.tl\/image-gallery\/ministru-mae-prezide-serimonia-isar-bandeira-nasional-fulan-janeiru-2026dili-segunda-feira-05-janeiru-2026-sua-exelensia-ministru-administrasaun-estatal-tomas-do-rosario-cabral-akompana-ho\/\",\"url\":\"https:\/\/estatal.gov.tl\/image-gallery\/ministru-mae-prezide-serimonia-isar-bandeira-nasional-fulan-janeiru-2026dili-segunda-feira-05-janeiru-2026-sua-exelensia-ministru-administrasaun-estatal-tomas-do-rosario-cabral-akompana-ho\/\",\"name\":\"Dili, Segunda-Feira, 05 Janeiru 2026\u2014Sua Exel\u00e9nsia Ministru Administrasaun Estat\u00e1l, Tom\u00e1s do Ros\u00e1rio Cabral Prezide serim\u00f3nia Is\u00e1r Bandeira Nasion\u00e1l iha semana dahuluk fulan janeiru tinan 2026. - Ministry of State Administration\",\"isPartOf\":{\"@id\":\"https:\/\/estatal.gov.tl\/pt\/#website\"},\"primaryImageOfPage\":{\"@id\":\"https:\/\/estatal.gov.tl\/image-gallery\/ministru-mae-prezide-serimonia-isar-bandeira-nasional-fulan-janeiru-2026dili-segunda-feira-05-janeiru-2026-sua-exelensia-ministru-administrasaun-estatal-tomas-do-rosario-cabral-akompana-ho\/#primaryimage\"},\"image\":{\"@id\":\"https:\/\/estatal.gov.tl\/image-gallery\/ministru-mae-prezide-serimonia-isar-bandeira-nasional-fulan-janeiru-2026dili-segunda-feira-05-janeiru-2026-sua-exelensia-ministru-administrasaun-estatal-tomas-do-rosario-cabral-akompana-ho\/#primaryimage\"},\"thumbnailUrl\":\"https:\/\/estatal.gov.tl\/wp-content\/uploads\/2026\/03\/38e9d256-ef6c-4f3f-8fc5-85d8cab51828.jpg\",\"datePublished\":\"2026-01-05T05:58:00+00:00\",\"dateModified\":\"2026-03-30T23:01:01+00:00\",\"breadcrumb\":{\"@id\":\"https:\/\/estatal.gov.tl\/image-gallery\/ministru-mae-prezide-serimonia-isar-bandeira-nasional-fulan-janeiru-2026dili-segunda-feira-05-janeiru-2026-sua-exelensia-ministru-administrasaun-estatal-tomas-do-rosario-cabral-akompana-ho\/#breadcrumb\"},\"inLanguage\":\"en-US\",\"potentialAction\":[{\"@type\":\"ReadAction\",\"target\":[\"https:\/\/estatal.gov.tl\/image-gallery\/ministru-mae-prezide-serimonia-isar-bandeira-nasional-fulan-janeiru-2026dili-segunda-feira-05-janeiru-2026-sua-exelensia-ministru-administrasaun-estatal-tomas-do-rosario-cabral-akompana-ho\/\"]}]},{\"@type\":\"ImageObject\",\"inLanguage\":\"en-US\",\"@id\":\"https:\/\/estatal.gov.tl\/image-gallery\/ministru-mae-prezide-serimonia-isar-bandeira-nasional-fulan-janeiru-2026dili-segunda-feira-05-janeiru-2026-sua-exelensia-ministru-administrasaun-estatal-tomas-do-rosario-cabral-akompana-ho\/#primaryimage\",\"url\":\"https:\/\/estatal.gov.tl\/wp-content\/uploads\/2026\/03\/38e9d256-ef6c-4f3f-8fc5-85d8cab51828.jpg\",\"contentUrl\":\"https:\/\/estatal.gov.tl\/wp-content\/uploads\/2026\/03\/38e9d256-ef6c-4f3f-8fc5-85d8cab51828.jpg\",\"width\":720,\"height\":480},{\"@type\":\"BreadcrumbList\",\"@id\":\"https:\/\/estatal.gov.tl\/image-gallery\/ministru-mae-prezide-serimonia-isar-bandeira-nasional-fulan-janeiru-2026dili-segunda-feira-05-janeiru-2026-sua-exelensia-ministru-administrasaun-estatal-tomas-do-rosario-cabral-akompana-ho\/#breadcrumb\",\"itemListElement\":[{\"@type\":\"ListItem\",\"position\":1,\"name\":\"Home\",\"item\":\"https:\/\/estatal.gov.tl\/pt\/\"},{\"@type\":\"ListItem\",\"position\":2,\"name\":\"Galleries\",\"item\":\"https:\/\/estatal.gov.tl\/image-gallery\/\"},{\"@type\":\"ListItem\",\"position\":3,\"name\":\"Dili, Segunda-Feira, 05 Janeiru 2026\u2014Sua Exel\u00e9nsia Ministru Administrasaun Estat\u00e1l, Tom\u00e1s do Ros\u00e1rio Cabral Prezide serim\u00f3nia Is\u00e1r Bandeira Nasion\u00e1l iha semana dahuluk fulan janeiru tinan 2026.\"}]},{\"@type\":\"WebSite\",\"@id\":\"https:\/\/estatal.gov.tl\/pt\/#website\",\"url\":\"https:\/\/estatal.gov.tl\/pt\/\",\"name\":\"{:tm}Minist\u00e9riu Administrasaun Estatal{:}{:pt}Minist\u00e9rio da Administra\u00e7\u00e3o Estatal{:}{:en}Ministry of State Administration{:}\",\"description\":\"Minist\u00e9riu Administrasaun Estatal\",\"publisher\":{\"@id\":\"https:\/\/estatal.gov.tl\/pt\/#organization\"},\"potentialAction\":[{\"@type\":\"SearchAction\",\"target\":{\"@type\":\"EntryPoint\",\"urlTemplate\":\"https:\/\/estatal.gov.tl\/pt\/?s={search_term_string}\"},\"query-input\":{\"@type\":\"PropertyValueSpecification\",\"valueRequired\":true,\"valueName\":\"search_term_string\"}}],\"inLanguage\":\"en-US\"},{\"@type\":\"Organization\",\"@id\":\"https:\/\/estatal.gov.tl\/pt\/#organization\",\"name\":\"{:tm}Minist\u00e9riu Administrasaun Estatal{:}{:pt}Minist\u00e9rio da Administra\u00e7\u00e3o Estatal{:}{:en}Ministry of State Administration{:}\",\"url\":\"https:\/\/estatal.gov.tl\/pt\/\",\"logo\":{\"@type\":\"ImageObject\",\"inLanguage\":\"en-US\",\"@id\":\"https:\/\/estatal.gov.tl\/pt\/#\/schema\/logo\/image\/\",\"url\":\"https:\/\/estatal.gov.tl\/wp-content\/uploads\/2024\/09\/logo-municipality-1.png\",\"contentUrl\":\"https:\/\/estatal.gov.tl\/wp-content\/uploads\/2024\/09\/logo-municipality-1.png\",\"width\":250,\"height\":228,\"caption\":\"{:tm}Minist\u00e9riu Administrasaun Estatal{:}{:pt}Minist\u00e9rio da Administra\u00e7\u00e3o Estatal{:}{:en}Ministry of State Administration{:}\"},\"image\":{\"@id\":\"https:\/\/estatal.gov.tl\/pt\/#\/schema\/logo\/image\/\"}}]}<\/script>\n<!-- \/ Yoast SEO plugin. -->","yoast_head_json":{"title":"Dili, Segunda-Feira, 05 Janeiru 2026\u2014Sua Exel\u00e9nsia Ministru Administrasaun Estat\u00e1l, Tom\u00e1s do Ros\u00e1rio Cabral Prezide serim\u00f3nia Is\u00e1r Bandeira Nasion\u00e1l iha semana dahuluk fulan janeiru tinan 2026. - Ministry of State Administration","robots":{"index":"index","follow":"follow","max-snippet":"max-snippet:-1","max-image-preview":"max-image-preview:large","max-video-preview":"max-video-preview:-1"},"canonical":"https:\/\/estatal.gov.tl\/image-gallery\/ministru-mae-prezide-serimonia-isar-bandeira-nasional-fulan-janeiru-2026dili-segunda-feira-05-janeiru-2026-sua-exelensia-ministru-administrasaun-estatal-tomas-do-rosario-cabral-akompana-ho\/","og_locale":"en_US","og_type":"article","og_title":"Dili, Segunda-Feira, 05 Janeiru 2026\u2014Sua Exel\u00e9nsia Ministru Administrasaun Estat\u00e1l, Tom\u00e1s do Ros\u00e1rio Cabral Prezide serim\u00f3nia Is\u00e1r Bandeira Nasion\u00e1l iha semana dahuluk fulan janeiru tinan 2026. - Ministry of State Administration","og_url":"https:\/\/estatal.gov.tl\/image-gallery\/ministru-mae-prezide-serimonia-isar-bandeira-nasional-fulan-janeiru-2026dili-segunda-feira-05-janeiru-2026-sua-exelensia-ministru-administrasaun-estatal-tomas-do-rosario-cabral-akompana-ho\/","og_site_name":"Ministry of State Administration","article_modified_time":"2026-03-30T23:01:01+00:00","og_image":[{"width":720,"height":480,"url":"https:\/\/estatal.gov.tl\/wp-content\/uploads\/2026\/03\/38e9d256-ef6c-4f3f-8fc5-85d8cab51828.jpg","type":"image\/jpeg"}],"twitter_card":"summary_large_image","twitter_misc":{"Est. reading time":"1 minute"},"schema":{"@context":"https:\/\/schema.org","@graph":[{"@type":"WebPage","@id":"https:\/\/estatal.gov.tl\/image-gallery\/ministru-mae-prezide-serimonia-isar-bandeira-nasional-fulan-janeiru-2026dili-segunda-feira-05-janeiru-2026-sua-exelensia-ministru-administrasaun-estatal-tomas-do-rosario-cabral-akompana-ho\/","url":"https:\/\/estatal.gov.tl\/image-gallery\/ministru-mae-prezide-serimonia-isar-bandeira-nasional-fulan-janeiru-2026dili-segunda-feira-05-janeiru-2026-sua-exelensia-ministru-administrasaun-estatal-tomas-do-rosario-cabral-akompana-ho\/","name":"Dili, Segunda-Feira, 05 Janeiru 2026\u2014Sua Exel\u00e9nsia Ministru Administrasaun Estat\u00e1l, Tom\u00e1s do Ros\u00e1rio Cabral Prezide serim\u00f3nia Is\u00e1r Bandeira Nasion\u00e1l iha semana dahuluk fulan janeiru tinan 2026. - Ministry of State Administration","isPartOf":{"@id":"https:\/\/estatal.gov.tl\/pt\/#website"},"primaryImageOfPage":{"@id":"https:\/\/estatal.gov.tl\/image-gallery\/ministru-mae-prezide-serimonia-isar-bandeira-nasional-fulan-janeiru-2026dili-segunda-feira-05-janeiru-2026-sua-exelensia-ministru-administrasaun-estatal-tomas-do-rosario-cabral-akompana-ho\/#primaryimage"},"image":{"@id":"https:\/\/estatal.gov.tl\/image-gallery\/ministru-mae-prezide-serimonia-isar-bandeira-nasional-fulan-janeiru-2026dili-segunda-feira-05-janeiru-2026-sua-exelensia-ministru-administrasaun-estatal-tomas-do-rosario-cabral-akompana-ho\/#primaryimage"},"thumbnailUrl":"https:\/\/estatal.gov.tl\/wp-content\/uploads\/2026\/03\/38e9d256-ef6c-4f3f-8fc5-85d8cab51828.jpg","datePublished":"2026-01-05T05:58:00+00:00","dateModified":"2026-03-30T23:01:01+00:00","breadcrumb":{"@id":"https:\/\/estatal.gov.tl\/image-gallery\/ministru-mae-prezide-serimonia-isar-bandeira-nasional-fulan-janeiru-2026dili-segunda-feira-05-janeiru-2026-sua-exelensia-ministru-administrasaun-estatal-tomas-do-rosario-cabral-akompana-ho\/#breadcrumb"},"inLanguage":"en-US","potentialAction":[{"@type":"ReadAction","target":["https:\/\/estatal.gov.tl\/image-gallery\/ministru-mae-prezide-serimonia-isar-bandeira-nasional-fulan-janeiru-2026dili-segunda-feira-05-janeiru-2026-sua-exelensia-ministru-administrasaun-estatal-tomas-do-rosario-cabral-akompana-ho\/"]}]},{"@type":"ImageObject","inLanguage":"en-US","@id":"https:\/\/estatal.gov.tl\/image-gallery\/ministru-mae-prezide-serimonia-isar-bandeira-nasional-fulan-janeiru-2026dili-segunda-feira-05-janeiru-2026-sua-exelensia-ministru-administrasaun-estatal-tomas-do-rosario-cabral-akompana-ho\/#primaryimage","url":"https:\/\/estatal.gov.tl\/wp-content\/uploads\/2026\/03\/38e9d256-ef6c-4f3f-8fc5-85d8cab51828.jpg","contentUrl":"https:\/\/estatal.gov.tl\/wp-content\/uploads\/2026\/03\/38e9d256-ef6c-4f3f-8fc5-85d8cab51828.jpg","width":720,"height":480},{"@type":"BreadcrumbList","@id":"https:\/\/estatal.gov.tl\/image-gallery\/ministru-mae-prezide-serimonia-isar-bandeira-nasional-fulan-janeiru-2026dili-segunda-feira-05-janeiru-2026-sua-exelensia-ministru-administrasaun-estatal-tomas-do-rosario-cabral-akompana-ho\/#breadcrumb","itemListElement":[{"@type":"ListItem","position":1,"name":"Home","item":"https:\/\/estatal.gov.tl\/pt\/"},{"@type":"ListItem","position":2,"name":"Galleries","item":"https:\/\/estatal.gov.tl\/image-gallery\/"},{"@type":"ListItem","position":3,"name":"Dili, Segunda-Feira, 05 Janeiru 2026\u2014Sua Exel\u00e9nsia Ministru Administrasaun Estat\u00e1l, Tom\u00e1s do Ros\u00e1rio Cabral Prezide serim\u00f3nia Is\u00e1r Bandeira Nasion\u00e1l iha semana dahuluk fulan janeiru tinan 2026."}]},{"@type":"WebSite","@id":"https:\/\/estatal.gov.tl\/pt\/#website","url":"https:\/\/estatal.gov.tl\/pt\/","name":"{:tm}Minist\u00e9riu Administrasaun Estatal{:}{:pt}Minist\u00e9rio da Administra\u00e7\u00e3o Estatal{:}{:en}Ministry of State Administration{:}","description":"Minist\u00e9riu Administrasaun Estatal","publisher":{"@id":"https:\/\/estatal.gov.tl\/pt\/#organization"},"potentialAction":[{"@type":"SearchAction","target":{"@type":"EntryPoint","urlTemplate":"https:\/\/estatal.gov.tl\/pt\/?s={search_term_string}"},"query-input":{"@type":"PropertyValueSpecification","valueRequired":true,"valueName":"search_term_string"}}],"inLanguage":"en-US"},{"@type":"Organization","@id":"https:\/\/estatal.gov.tl\/pt\/#organization","name":"{:tm}Minist\u00e9riu Administrasaun Estatal{:}{:pt}Minist\u00e9rio da Administra\u00e7\u00e3o Estatal{:}{:en}Ministry of State Administration{:}","url":"https:\/\/estatal.gov.tl\/pt\/","logo":{"@type":"ImageObject","inLanguage":"en-US","@id":"https:\/\/estatal.gov.tl\/pt\/#\/schema\/logo\/image\/","url":"https:\/\/estatal.gov.tl\/wp-content\/uploads\/2024\/09\/logo-municipality-1.png","contentUrl":"https:\/\/estatal.gov.tl\/wp-content\/uploads\/2024\/09\/logo-municipality-1.png","width":250,"height":228,"caption":"{:tm}Minist\u00e9riu Administrasaun Estatal{:}{:pt}Minist\u00e9rio da Administra\u00e7\u00e3o Estatal{:}{:en}Ministry of State Administration{:}"},"image":{"@id":"https:\/\/estatal.gov.tl\/pt\/#\/schema\/logo\/image\/"}}]}},"_links":{"self":[{"href":"https:\/\/estatal.gov.tl\/en\/wp-json\/wp\/v2\/image-gallery\/20358","targetHints":{"allow":["GET"]}}],"collection":[{"href":"https:\/\/estatal.gov.tl\/en\/wp-json\/wp\/v2\/image-gallery"}],"about":[{"href":"https:\/\/estatal.gov.tl\/en\/wp-json\/wp\/v2\/types\/image-gallery"}],"wp:featuredmedia":[{"embeddable":true,"href":"https:\/\/estatal.gov.tl\/en\/wp-json\/wp\/v2\/media\/20351"}],"wp:attachment":[{"href":"https:\/\/estatal.gov.tl\/en\/wp-json\/wp\/v2\/media?parent=20358"}],"curies":[{"name":"wp","href":"https:\/\/api.w.org\/{rel}","templated":true}]}}