{"id":12092,"date":"2015-08-13T10:30:13","date_gmt":"2015-08-13T10:30:13","guid":{"rendered":"http:\/\/siteestatalgovtl.dreamhosters.com\/?page_id=12092"},"modified":"2019-10-03T18:48:03","modified_gmt":"2019-10-03T18:48:03","slug":"vice-ministro-2","status":"publish","type":"page","link":"https:\/\/estatal.gov.tl\/en\/vice-ministro-2\/","title":{"rendered":"Vise-Ministru"},"content":{"rendered":"<p>[fusion_builder_container hundred_percent=&#8221;yes&#8221; overflow=&#8221;visible&#8221;][fusion_builder_row][fusion_builder_column type=&#8221;1_1&#8243; last=&#8221;yes&#8221; spacing=&#8221;yes&#8221; center_content=&#8221;no&#8221; hide_on_mobile=&#8221;no&#8221; background_color=&#8221;&#8221; background_image=&#8221;&#8221; background_repeat=&#8221;no-repeat&#8221; background_position=&#8221;left top&#8221; border_size=&#8221;0px&#8221; border_color=&#8221;&#8221; border_style=&#8221;solid&#8221; padding=&#8221;&#8221; margin_top=&#8221;&#8221; margin_bottom=&#8221;&#8221; animation_type=&#8221;0&#8243; animation_direction=&#8221;down&#8221; animation_speed=&#8221;0.1&#8243; class=&#8221;&#8221; id=&#8221;&#8221;][fusion_person name=&#8221;Tom\u00e1s do Ros\u00e1rio Cabral&#8221; title=&#8221;Vice-Ministro da Administra\u00e7\u00e3o Estatal&#8221; picture=&#8221;https:\/\/sestatal.gov.tl\/wp-content\/uploads\/2015\/08\/Photo_SR-thomas-Cabral-200&#215;300.jpg&#8221; pic_link=&#8221;&#8221; linktarget=&#8221;_self&#8221; pic_style=&#8221;none&#8221; pic_style_color=&#8221;&#8221; pic_bordersize=&#8221;1px&#8221; pic_bordercolor=&#8221;#8e8e8e&#8221; pic_borderradius=&#8221;0&#8243; social_icon_boxed=&#8221;&#8221; social_icon_boxed_radius=&#8221;4px&#8221; social_icon_colors=&#8221;&#8221; social_icon_boxed_colors=&#8221;&#8221; social_icon_tooltip=&#8221; &#8221; email=&#8221;&#8221; facebook=&#8221;&#8221; twitter=&#8221;&#8221; instagram=&#8221;&#8221; dribbble=&#8221;&#8221; google=&#8221;&#8221; linkedin=&#8221;&#8221; blogger=&#8221;&#8221; tumblr=&#8221;&#8221; reddit=&#8221;&#8221; yahoo=&#8221;&#8221; deviantart=&#8221;&#8221; vimeo=&#8221;&#8221; youtube=&#8221;&#8221; pinterest=&#8221;&#8221; rss=&#8221;&#8221; digg=&#8221;&#8221; flickr=&#8221;&#8221; forrst=&#8221;&#8221; myspace=&#8221;&#8221; skype=&#8221;&#8221; paypal=&#8221;&#8221; dropbox=&#8221;&#8221; soundcloud=&#8221;&#8221; vk=&#8221;&#8221; class=&#8221;&#8221; id=&#8221;&#8221;][\/fusion_person][\/fusion_builder_column][fusion_builder_column type=&#8221;1_1&#8243; background_position=&#8221;left top&#8221; background_color=&#8221;&#8221; border_size=&#8221;&#8221; border_color=&#8221;&#8221; border_style=&#8221;solid&#8221; spacing=&#8221;yes&#8221; background_image=&#8221;&#8221; background_repeat=&#8221;no-repeat&#8221; padding=&#8221;&#8221; margin_top=&#8221;0px&#8221; margin_bottom=&#8221;0px&#8221; class=&#8221;&#8221; id=&#8221;&#8221; animation_type=&#8221;&#8221; animation_speed=&#8221;0.3&#8243; animation_direction=&#8221;left&#8221; hide_on_mobile=&#8221;no&#8221; center_content=&#8221;no&#8221; min_height=&#8221;none&#8221;][fusion_separator style_type=&#8221;single|dashed&#8221; top_margin=&#8221;&#8221; bottom_margin=&#8221;&#8221; sep_color=&#8221;#f4cd1f&#8221; border_size=&#8221;&#8221; icon=&#8221;&#8221; icon_circle=&#8221;&#8221; icon_circle_color=&#8221;&#8221; width=&#8221;&#8221; alignment=&#8221;center&#8221; class=&#8221;&#8221; id=&#8221;&#8221;\/][\/fusion_builder_column][fusion_builder_column type=&#8221;1_1&#8243; last=&#8221;yes&#8221; spacing=&#8221;yes&#8221; center_content=&#8221;no&#8221; hide_on_mobile=&#8221;no&#8221; background_color=&#8221;&#8221; background_image=&#8221;&#8221; background_repeat=&#8221;no-repeat&#8221; background_position=&#8221;left top&#8221; border_size=&#8221;0px&#8221; border_color=&#8221;&#8221; border_style=&#8221;solid&#8221; padding=&#8221;&#8221; margin_top=&#8221;&#8221; margin_bottom=&#8221;&#8221; animation_type=&#8221;0&#8243; animation_direction=&#8221;down&#8221; animation_speed=&#8221;0.1&#8243; class=&#8221;&#8221; id=&#8221;&#8221;][fusion_title size=&#8221;2&#8243; content_align=&#8221;left&#8221; style_type=&#8221;none&#8221; sep_color=&#8221;&#8221; class=&#8221;&#8221; id=&#8221;&#8221;]Nota Biogr\u00e1fica<br \/>\n[\/fusion_title][\/fusion_builder_column][fusion_builder_column type=&#8221;1_1&#8243; last=&#8221;yes&#8221; spacing=&#8221;yes&#8221; center_content=&#8221;no&#8221; hide_on_mobile=&#8221;no&#8221; background_color=&#8221;&#8221; background_image=&#8221;&#8221; background_repeat=&#8221;no-repeat&#8221; background_position=&#8221;left top&#8221; border_size=&#8221;0px&#8221; border_color=&#8221;&#8221; border_style=&#8221;&#8221; padding=&#8221;&#8221; margin_top=&#8221;&#8221; margin_bottom=&#8221;&#8221; animation_type=&#8221;&#8221; animation_direction=&#8221;&#8221; animation_speed=&#8221;0.1&#8243; class=&#8221;&#8221; id=&#8221;&#8221;][fusion_text]O Senhor Tom\u00e1s do Ros\u00e1rio Cabral, nasceu no Posto Administrativo de Lacl\u00f3, no munic\u00edpio de Manatuto, tendo conclu\u00eddo o ensino liceal, no Col\u00e9gio de S. Jos\u00e9, em D\u00edli, e frequentando o Curso de Gest\u00e3o e Administra\u00e7\u00e3o Eleitoral da Faculdade de Direito da Universidade Nacional de Timor Lorosa\u2019e.<\/p>\n<p>Durante o per\u00edodo de administra\u00e7\u00e3o transit\u00f3ria das Na\u00e7\u00f5es Unidas, desempenhou profissionalmente as fun\u00e7\u00f5es de Coordenador de Campo da Ag\u00eancia de Desenvolvimento de Timor-Leste e, a partir do ano 2000, passou a exercer fun\u00e7\u00f5es no \u00e2mbito das actividades da Comiss\u00e3o Eleitoral Independente estabelecida pelo Conselho de Seguran\u00e7a das Na\u00e7\u00f5es Unidas. Entre 2002 e 2012 dirigiu o Secretariado T\u00e9cnico da Administra\u00e7\u00e3o Eleitoral, sendo respons\u00e1vel pela organiza\u00e7\u00e3o dos actos eleitorais que se realizaram durante este per\u00edodo para as lideran\u00e7as comunit\u00e1rias, para o Parlamento Nacional e para o Presidente da Rep\u00fablica.<\/p>\n<p>Em 2012 foi nomeado Secret\u00e1rio de Estado da Descentraliza\u00e7\u00e3o Administrativa do V Governo Constitucional, sendo respons\u00e1vel pelo processo de descentraliza\u00e7\u00e3o administrativa e instala\u00e7\u00e3o dos \u00f3rg\u00e3os do Poder Local em Timor-Leste. Com a forma\u00e7\u00e3o do VI Governo Constitucional, em Fevereiro de 2015, foi nomeado Vice-Ministro da Administra\u00e7\u00e3o Estatal, sendo actualmente respons\u00e1vel, por delega\u00e7\u00e3o de Sua Excel\u00eancia o Senhor Ministro da Administra\u00e7\u00e3o Estatal, pelo processo de descentraliza\u00e7\u00e3o administrativa e pelo exerc\u00edcio dos poderes de superintend\u00eancia sobre o Secretariado T\u00e9cnico da Administra\u00e7\u00e3o Eleitoral. Actualmente, preside ainda \u00e0 Comiss\u00e3o de Revis\u00e3o T\u00e9cnica dos Projecto do Programa Nacional de Desenvolvimento dos Sucos (PNDS), \u00f3rg\u00e3o respons\u00e1vel pela avalia\u00e7\u00e3o dos projectos de desenvolvimento comunit\u00e1rio a subvencionar pelo Estado.<\/p>\n<p>No plano internacional, o Senhor Tom\u00e1s do Ros\u00e1rio Cabral integrou v\u00e1rias Miss\u00f5es de Observa\u00e7\u00e3o Eleitoral, designadamente a Mo\u00e7ambique, Nepal, Austr\u00e1lia, S\u00e3o Tom\u00e9 e Princ\u00edpe, Portugal, Tail\u00e2ndia, Cambodja e Cabo Verde. Foi, ainda, em representa\u00e7\u00e3o do Secretariado T\u00e9cnico da Administra\u00e7\u00e3o Eleitoral de Timor-Leste, membro fundador do F\u00f3rum dos \u00d3rg\u00e3os de Administra\u00e7\u00e3o Eleitoral dos Pa\u00edses de L\u00edngua Portuguesa e desempenhou as fun\u00e7\u00f5es de Chefe das Miss\u00f5es de Apoio ao Processo Eleitoral da Guin\u00e9-Bissau (I\/II), tendo apoiado os \u00f3rg\u00e3os deste pa\u00eds na organiza\u00e7\u00e3o dos processos eleitorais para o Presidente da Rep\u00fablica e para a Assembleia Nacional Popular. Em 2015, por nomea\u00e7\u00e3o de Sua Excel\u00eancia o Senhor Primeiro-Ministro, chefiou um Grupo de Trabalho respons\u00e1vel pela avalia\u00e7\u00e3o das necessidades da Rep\u00fablica Democr\u00e1tica de Timor-Leste e da Rep\u00fablica Centro-Africana em mat\u00e9ria de recenseamento eleitoral e de organiza\u00e7\u00e3o de processos eleitorais, com vista ao estabelecimento de rela\u00e7\u00f5es de coopera\u00e7\u00e3o no dom\u00ednio eleitoral.<\/p>\n<p>O Senhor Tom\u00e1s do Ros\u00e1rio Cabral foi agraciado com as Ordens de M\u00e9rito, Nicolau Lobato\u00a0e de Timor-Leste, por Sua Excel\u00eancia o Senhor Presidente da Rep\u00fablica, em reconhecimento dos relevantes servi\u00e7os prestados ao Estado Timorense e foi agraciado com a Ordem de M\u00e9rito, Coopera\u00e7\u00e3o e Desenvolvimento, por Sua Excel\u00eancia o Senhor Presidente da Rep\u00fablica de Transi\u00e7\u00e3o da Guin\u00e9-Bissau, e com o Diploma de M\u00e9rito e de Reconhecimento do Representante Especial do Secret\u00e1rio-Geral das Na\u00e7\u00f5es Unidas para a Guin\u00e9-Bissau, pelo contributo dado ao processo de retorno \u00e0 normalidade constitucional deste pa\u00eds.<\/p>\n<p>[\/fusion_text][\/fusion_builder_column][fusion_builder_column type=&#8221;1_1&#8243; background_position=&#8221;left top&#8221; background_color=&#8221;&#8221; border_size=&#8221;&#8221; border_color=&#8221;&#8221; border_style=&#8221;solid&#8221; spacing=&#8221;yes&#8221; background_image=&#8221;&#8221; background_repeat=&#8221;no-repeat&#8221; padding=&#8221;&#8221; margin_top=&#8221;0px&#8221; margin_bottom=&#8221;0px&#8221; class=&#8221;&#8221; id=&#8221;&#8221; animation_type=&#8221;&#8221; animation_speed=&#8221;0.3&#8243; animation_direction=&#8221;left&#8221; hide_on_mobile=&#8221;no&#8221; center_content=&#8221;no&#8221; min_height=&#8221;none&#8221;][fusion_separator style_type=&#8221;single|dashed&#8221; top_margin=&#8221;&#8221; bottom_margin=&#8221;&#8221; sep_color=&#8221;#f4cd1f&#8221; border_size=&#8221;&#8221; icon=&#8221;&#8221; icon_circle=&#8221;&#8221; icon_circle_color=&#8221;&#8221; width=&#8221;&#8221; alignment=&#8221;center&#8221; class=&#8221;&#8221; id=&#8221;&#8221;\/][\/fusion_builder_column][fusion_builder_column type=&#8221;1_1&#8243; last=&#8221;yes&#8221; spacing=&#8221;yes&#8221; center_content=&#8221;no&#8221; hide_on_mobile=&#8221;no&#8221; background_color=&#8221;&#8221; background_image=&#8221;&#8221; background_repeat=&#8221;no-repeat&#8221; background_position=&#8221;left top&#8221; border_size=&#8221;0px&#8221; border_color=&#8221;&#8221; border_style=&#8221;&#8221; padding=&#8221;&#8221; margin_top=&#8221;&#8221; margin_bottom=&#8221;&#8221; animation_type=&#8221;&#8221; animation_direction=&#8221;&#8221; animation_speed=&#8221;0.1&#8243; class=&#8221;&#8221; id=&#8221;&#8221;][fusion_title size=&#8221;2&#8243; content_align=&#8221;left&#8221; style_type=&#8221;none&#8221; sep_color=&#8221;&#8221; class=&#8221;&#8221; id=&#8221;&#8221;]Compet\u00eancias Delegadas[\/fusion_title][\/fusion_builder_column][fusion_builder_column type=&#8221;1_1&#8243; last=&#8221;yes&#8221; spacing=&#8221;yes&#8221; center_content=&#8221;no&#8221; hide_on_mobile=&#8221;no&#8221; background_color=&#8221;&#8221; background_image=&#8221;&#8221; background_repeat=&#8221;no-repeat&#8221; background_position=&#8221;left top&#8221; border_size=&#8221;0px&#8221; border_color=&#8221;&#8221; border_style=&#8221;&#8221; padding=&#8221;&#8221; margin_top=&#8221;&#8221; margin_bottom=&#8221;&#8221; animation_type=&#8221;&#8221; animation_direction=&#8221;&#8221; animation_speed=&#8221;0.1&#8243; class=&#8221;&#8221; id=&#8221;&#8221;][fusion_text]<\/p>\n<ol>\n<ol>\n<li>Praticar os actos necess\u00e1rios para assegurar a coordena\u00e7\u00e3o e fiscaliza\u00e7\u00e3o das actividades das Administra\u00e7\u00f5es Municipais;<\/li>\n<li>Praticar os actos necess\u00e1rio para a promo\u00e7\u00e3o e condu\u00e7\u00e3o do processo de descentraliza\u00e7\u00e3o administrativa e para a implementa\u00e7\u00e3o dos munic\u00edpios e demais \u00f3rg\u00e3os do poder local;<\/li>\n<li>Praticar os actos necess\u00e1rios para assegurar a execu\u00e7\u00e3o das pol\u00edticas de desenvolvimento local e rural e para assegurar a redu\u00e7\u00e3o das desigualdades econ\u00f3micas e sociais entre as regi\u00f5es;<\/li>\n<li>Praticar os actos necess\u00e1rios a assegurar a coordena\u00e7\u00e3o e distribui\u00e7\u00e3o de informa\u00e7\u00f5es internas e externas \u00e0s estruturas da administra\u00e7\u00e3o local<\/li>\n<li>Representar o Minist\u00e9rio da Administra\u00e7\u00e3o Estatal nas quest\u00f5es relativas \u00e0 descentraliza\u00e7\u00e3o administrativa e ao processo eleitoral;<\/li>\n<li>Praticar os actos necess\u00e1rios \u00e0 cria\u00e7\u00e3o dos mecanismos adequados \u00e0 garantia de boas pr\u00e1ticas e de transpar\u00eancia nos servi\u00e7os sob a sua responsabilidade directa;<\/li>\n<li>Propor, definir, acompanhar e avaliar as propostas do plano, dos programas e do or\u00e7amento anual dos servi\u00e7os sob a sua responsabilidade directa;<\/li>\n<li>Apresentar relat\u00f3rios peri\u00f3dicos de actividades dos servi\u00e7os sob a sua responsabilidade directa ao Ministro da Administra\u00e7\u00e3o Estatal;<\/li>\n<li>Apresentar ao Ministro da Administra\u00e7\u00e3o Estatal as iniciativas legislativas e as propostas de regulamenta\u00e7\u00e3o necess\u00e1rias \u00e0 execu\u00e7\u00e3o da pol\u00edtica de descentraliza\u00e7\u00e3o administrativa, da instala\u00e7\u00e3o dos \u00f3rg\u00e3os e servi\u00e7os do Poder Local, bem como \u00e0 realiza\u00e7\u00e3o dos actos eleitorais ou outra que se afigure relevante para a actividade dos servi\u00e7os sob a sua responsabilidade directa;<\/li>\n<li>Propor ao Ministro da Administra\u00e7\u00e3o Estatal a adop\u00e7\u00e3o de pol\u00edticas p\u00fablicas na administra\u00e7\u00e3o do Estado que contribuam para a melhoria da presta\u00e7\u00e3o de servi\u00e7os aos cidad\u00e3os;<\/li>\n<li>Formular propostas de desburocratiza\u00e7\u00e3o e simplifica\u00e7\u00e3o dos procedimentos administrativos, tendentes a uma maior transpar\u00eancia e efici\u00eancia dos servi\u00e7os do Estado;<\/li>\n<li>Acompanhar e conduzir as pol\u00edticas de forma\u00e7\u00e3o e valoriza\u00e7\u00e3o dos funcion\u00e1rios p\u00fablicos;<\/li>\n<li>Gerir os recursos humanos e promover a realiza\u00e7\u00e3o de programas de forma\u00e7\u00e3o e especializa\u00e7\u00e3o dos funcion\u00e1rios dos servi\u00e7os sob a sua responsabilidade;<\/li>\n<li>Despachar a correspond\u00eancia e o expediente geral dos servi\u00e7os sob sua responsabilidade directa;<\/li>\n<li>Assinar of\u00edcios de mero expediente destinados aos \u00f3rg\u00e3os, organismos e servi\u00e7os do Minist\u00e9rio, a entidades p\u00fablicas nacionais, a representa\u00e7\u00f5es diplom\u00e1ticas, representantes e dirigentes de ag\u00eancias internacionais;<\/li>\n<li>Autorizar a realiza\u00e7\u00e3o de despesa, incluindo a assinatura dos formul\u00e1rios de compromisso de pagamento, at\u00e9 ao montante de US$10,000.00 (dez mil d\u00f3lares americanos) e de acordo com o or\u00e7amento geral do Estado em vigor;<\/li>\n<li>Decidir sobre os assuntos relacionados com log\u00edstica, equipamentos e viaturas dos servi\u00e7os sob a sua responsabilidade directa.<\/li>\n<\/ol>\n<\/ol>\n<p>[\/fusion_text][fusion_title size=&#8221;4&#8243; content_align=&#8221;right&#8221; style_type=&#8221;none&#8221; sep_color=&#8221;&#8221; class=&#8221;&#8221; id=&#8221;&#8221;]<em>(atrav\u00e9s do Despacho n.\u00ba 102\/GM-MAE\/VI\/2015)<\/em>[\/fusion_title][\/fusion_builder_column][fusion_builder_column type=&#8221;1_1&#8243; background_position=&#8221;left top&#8221; background_color=&#8221;&#8221; border_size=&#8221;&#8221; border_color=&#8221;&#8221; border_style=&#8221;solid&#8221; spacing=&#8221;yes&#8221; background_image=&#8221;&#8221; background_repeat=&#8221;no-repeat&#8221; padding=&#8221;&#8221; margin_top=&#8221;0px&#8221; margin_bottom=&#8221;0px&#8221; class=&#8221;&#8221; id=&#8221;&#8221; animation_type=&#8221;&#8221; animation_speed=&#8221;0.3&#8243; animation_direction=&#8221;left&#8221; hide_on_mobile=&#8221;no&#8221; center_content=&#8221;no&#8221; min_height=&#8221;none&#8221;][fusion_separator style_type=&#8221;single|dashed&#8221; top_margin=&#8221;&#8221; bottom_margin=&#8221;&#8221; sep_color=&#8221;#f4cd1f&#8221; border_size=&#8221;&#8221; icon=&#8221;&#8221; icon_circle=&#8221;&#8221; icon_circle_color=&#8221;&#8221; width=&#8221;&#8221; alignment=&#8221;center&#8221; class=&#8221;&#8221; id=&#8221;&#8221;\/][\/fusion_builder_column][fusion_builder_column type=&#8221;1_1&#8243; last=&#8221;yes&#8221; spacing=&#8221;yes&#8221; center_content=&#8221;no&#8221; hide_on_mobile=&#8221;no&#8221; background_color=&#8221;&#8221; background_image=&#8221;&#8221; background_repeat=&#8221;no-repeat&#8221; background_position=&#8221;left top&#8221; border_size=&#8221;0px&#8221; border_color=&#8221;&#8221; border_style=&#8221;&#8221; padding=&#8221;&#8221; margin_top=&#8221;&#8221; margin_bottom=&#8221;&#8221; animation_type=&#8221;&#8221; animation_direction=&#8221;&#8221; animation_speed=&#8221;0.1&#8243; class=&#8221;&#8221; id=&#8221;&#8221;][fusion_title size=&#8221;2&#8243; content_align=&#8221;left&#8221; style_type=&#8221;none&#8221; sep_color=&#8221;&#8221; class=&#8221;&#8221; id=&#8221;&#8221;]Contactos[\/fusion_title][\/fusion_builder_column][fusion_builder_column type=&#8221;1_1&#8243; background_position=&#8221;left top&#8221; background_color=&#8221;&#8221; border_size=&#8221;&#8221; border_color=&#8221;&#8221; border_style=&#8221;solid&#8221; spacing=&#8221;yes&#8221; background_image=&#8221;&#8221; background_repeat=&#8221;no-repeat&#8221; padding=&#8221;&#8221; margin_top=&#8221;0px&#8221; margin_bottom=&#8221;0px&#8221; class=&#8221;&#8221; id=&#8221;&#8221; animation_type=&#8221;&#8221; animation_speed=&#8221;0.3&#8243; animation_direction=&#8221;left&#8221; hide_on_mobile=&#8221;no&#8221; center_content=&#8221;no&#8221; min_height=&#8221;none&#8221;][fusion_text]<\/p>\n<p align=\"LEFT\">Email: <a href=\"mailto:ministro.mae@estatal.gov.tl\">gabinete.vice-ministro@estatal.gov.tl<\/a><\/p>\n<p align=\"LEFT\">Telem.: (+670) 773 040 58<\/p>\n<p>[\/fusion_text][\/fusion_builder_column][\/fusion_builder_row][\/fusion_builder_container]<\/p>\n","protected":false},"excerpt":{"rendered":"<p>[fusion_builder_container hundred_percent=&#8221;yes&#8221; overflow=&#8221;visible&#8221;][fusion_builder_row][fusion_builder_column type=&#8221;1_1&#8243; last=&#8221;yes&#8221; spacing=&#8221;yes&#8221; center_content=&#8221;no&#8221; hide_on_mobile=&#8221;no&#8221; background_color=&#8221;&#8221; background_image=&#8221;&#8221; background_repeat=&#8221;no-repeat&#8221; background_position=&#8221;left top&#8221; border_size=&#8221;0px&#8221; border_color=&#8221;&#8221; border_style=&#8221;solid&#8221; padding=&#8221;&#8221; margin_top=&#8221;&#8221; margin_bottom=&#8221;&#8221; animation_type=&#8221;0&#8243; animation_direction=&#8221;down&#8221; animation_speed=&#8221;0.1&#8243; class=&#8221;&#8221; id=&#8221;&#8221;][fusion_person name=&#8221;Tom\u00e1s do Ros\u00e1rio Cabral&#8221; title=&#8221;Vice-Ministro da Administra\u00e7\u00e3o Estatal&#8221; picture=&#8221;https:\/\/sestatal.gov.tl\/wp-content\/uploads\/2015\/08\/Photo_SR-thomas-Cabral-200&#215;300.jpg&#8221; pic_link=&#8221;&#8221; linktarget=&#8221;_self&#8221; pic_style=&#8221;none&#8221; pic_style_color=&#8221;&#8221; pic_bordersize=&#8221;1px&#8221; pic_bordercolor=&#8221;#8e8e8e&#8221; pic_borderradius=&#8221;0&#8243; social_icon_boxed=&#8221;&#8221; social_icon_boxed_radius=&#8221;4px&#8221; social_icon_colors=&#8221;&#8221; social_icon_boxed_colors=&#8221;&#8221; social_icon_tooltip=&#8221; &#8221; email=&#8221;&#8221; facebook=&#8221;&#8221; twitter=&#8221;&#8221; instagram=&#8221;&#8221; dribbble=&#8221;&#8221; google=&#8221;&#8221; linkedin=&#8221;&#8221; blogger=&#8221;&#8221; tumblr=&#8221;&#8221; [&hellip;]<\/p>\n","protected":false},"author":2,"featured_media":0,"parent":0,"menu_order":0,"comment_status":"closed","ping_status":"closed","template":"","meta":{"footnotes":""},"class_list":["post-12092","page","type-page","status-publish","hentry"],"translation":{"provider":"WPGlobus","version":"3.0.0","language":"en","enabled_languages":["tm","pt","en"],"languages":{"tm":{"title":true,"content":true,"excerpt":false},"pt":{"title":false,"content":false,"excerpt":false},"en":{"title":false,"content":false,"excerpt":false}}},"yoast_head":"<!-- This site is optimized with the Yoast SEO plugin v26.5 - https:\/\/yoast.com\/wordpress\/plugins\/seo\/ -->\n<title>Vise-Ministru - Ministry of State Administration<\/title>\n<meta name=\"robots\" content=\"index, follow, max-snippet:-1, max-image-preview:large, max-video-preview:-1\" \/>\n<link rel=\"canonical\" href=\"https:\/\/estatal.gov.tl\/vice-ministro-2\/\" \/>\n<meta property=\"og:locale\" content=\"en_US\" \/>\n<meta property=\"og:type\" content=\"article\" \/>\n<meta property=\"og:title\" content=\"Vise-Ministru - Ministry of State Administration\" \/>\n<meta property=\"og:url\" content=\"https:\/\/estatal.gov.tl\/vice-ministro-2\/\" \/>\n<meta property=\"og:site_name\" content=\"Ministry of State Administration\" \/>\n<meta property=\"article:modified_time\" content=\"2019-10-03T18:48:03+00:00\" \/>\n<meta property=\"og:image\" content=\"https:\/\/estatal.gov.tl\/wp-content\/uploads\/2025\/07\/edificio_mae.jpg\" \/>\n\t<meta property=\"og:image:width\" content=\"2048\" \/>\n\t<meta property=\"og:image:height\" content=\"1182\" \/>\n\t<meta property=\"og:image:type\" content=\"image\/jpeg\" \/>\n<meta name=\"twitter:card\" content=\"summary_large_image\" \/>\n<meta name=\"twitter:label1\" content=\"Est. reading time\" \/>\n\t<meta name=\"twitter:data1\" content=\"9 minutes\" \/>\n<script type=\"application\/ld+json\" class=\"yoast-schema-graph\">{\"@context\":\"https:\/\/schema.org\",\"@graph\":[{\"@type\":\"WebPage\",\"@id\":\"https:\/\/estatal.gov.tl\/vice-ministro-2\/\",\"url\":\"https:\/\/estatal.gov.tl\/vice-ministro-2\/\",\"name\":\"Vise-Ministru - Ministry of State Administration\",\"isPartOf\":{\"@id\":\"https:\/\/estatal.gov.tl\/pt\/#website\"},\"datePublished\":\"2015-08-13T10:30:13+00:00\",\"dateModified\":\"2019-10-03T18:48:03+00:00\",\"breadcrumb\":{\"@id\":\"https:\/\/estatal.gov.tl\/vice-ministro-2\/#breadcrumb\"},\"inLanguage\":\"en-US\",\"potentialAction\":[{\"@type\":\"ReadAction\",\"target\":[\"https:\/\/estatal.gov.tl\/vice-ministro-2\/\"]}]},{\"@type\":\"BreadcrumbList\",\"@id\":\"https:\/\/estatal.gov.tl\/vice-ministro-2\/#breadcrumb\",\"itemListElement\":[{\"@type\":\"ListItem\",\"position\":1,\"name\":\"Home\",\"item\":\"https:\/\/estatal.gov.tl\/pt\/\"},{\"@type\":\"ListItem\",\"position\":2,\"name\":\"Vise-Ministru\"}]},{\"@type\":\"WebSite\",\"@id\":\"https:\/\/estatal.gov.tl\/pt\/#website\",\"url\":\"https:\/\/estatal.gov.tl\/pt\/\",\"name\":\"{:tm}Minist\u00e9riu Administrasaun Estatal{:}{:pt}Minist\u00e9rio da Administra\u00e7\u00e3o Estatal{:}{:en}Ministry of State Administration{:}\",\"description\":\"Minist\u00e9riu Administrasaun Estatal\",\"publisher\":{\"@id\":\"https:\/\/estatal.gov.tl\/pt\/#organization\"},\"potentialAction\":[{\"@type\":\"SearchAction\",\"target\":{\"@type\":\"EntryPoint\",\"urlTemplate\":\"https:\/\/estatal.gov.tl\/pt\/?s={search_term_string}\"},\"query-input\":{\"@type\":\"PropertyValueSpecification\",\"valueRequired\":true,\"valueName\":\"search_term_string\"}}],\"inLanguage\":\"en-US\"},{\"@type\":\"Organization\",\"@id\":\"https:\/\/estatal.gov.tl\/pt\/#organization\",\"name\":\"{:tm}Minist\u00e9riu Administrasaun Estatal{:}{:pt}Minist\u00e9rio da Administra\u00e7\u00e3o Estatal{:}{:en}Ministry of State Administration{:}\",\"url\":\"https:\/\/estatal.gov.tl\/pt\/\",\"logo\":{\"@type\":\"ImageObject\",\"inLanguage\":\"en-US\",\"@id\":\"https:\/\/estatal.gov.tl\/pt\/#\/schema\/logo\/image\/\",\"url\":\"https:\/\/estatal.gov.tl\/wp-content\/uploads\/2024\/09\/logo-municipality-1.png\",\"contentUrl\":\"https:\/\/estatal.gov.tl\/wp-content\/uploads\/2024\/09\/logo-municipality-1.png\",\"width\":250,\"height\":228,\"caption\":\"{:tm}Minist\u00e9riu Administrasaun Estatal{:}{:pt}Minist\u00e9rio da Administra\u00e7\u00e3o Estatal{:}{:en}Ministry of State Administration{:}\"},\"image\":{\"@id\":\"https:\/\/estatal.gov.tl\/pt\/#\/schema\/logo\/image\/\"}}]}<\/script>\n<!-- \/ Yoast SEO plugin. -->","yoast_head_json":{"title":"Vise-Ministru - Ministry of State Administration","robots":{"index":"index","follow":"follow","max-snippet":"max-snippet:-1","max-image-preview":"max-image-preview:large","max-video-preview":"max-video-preview:-1"},"canonical":"https:\/\/estatal.gov.tl\/vice-ministro-2\/","og_locale":"en_US","og_type":"article","og_title":"Vise-Ministru - Ministry of State Administration","og_url":"https:\/\/estatal.gov.tl\/vice-ministro-2\/","og_site_name":"Ministry of State Administration","article_modified_time":"2019-10-03T18:48:03+00:00","og_image":[{"width":2048,"height":1182,"url":"https:\/\/estatal.gov.tl\/wp-content\/uploads\/2025\/07\/edificio_mae.jpg","type":"image\/jpeg"}],"twitter_card":"summary_large_image","twitter_misc":{"Est. reading time":"9 minutes"},"schema":{"@context":"https:\/\/schema.org","@graph":[{"@type":"WebPage","@id":"https:\/\/estatal.gov.tl\/vice-ministro-2\/","url":"https:\/\/estatal.gov.tl\/vice-ministro-2\/","name":"Vise-Ministru - Ministry of State Administration","isPartOf":{"@id":"https:\/\/estatal.gov.tl\/pt\/#website"},"datePublished":"2015-08-13T10:30:13+00:00","dateModified":"2019-10-03T18:48:03+00:00","breadcrumb":{"@id":"https:\/\/estatal.gov.tl\/vice-ministro-2\/#breadcrumb"},"inLanguage":"en-US","potentialAction":[{"@type":"ReadAction","target":["https:\/\/estatal.gov.tl\/vice-ministro-2\/"]}]},{"@type":"BreadcrumbList","@id":"https:\/\/estatal.gov.tl\/vice-ministro-2\/#breadcrumb","itemListElement":[{"@type":"ListItem","position":1,"name":"Home","item":"https:\/\/estatal.gov.tl\/pt\/"},{"@type":"ListItem","position":2,"name":"Vise-Ministru"}]},{"@type":"WebSite","@id":"https:\/\/estatal.gov.tl\/pt\/#website","url":"https:\/\/estatal.gov.tl\/pt\/","name":"{:tm}Minist\u00e9riu Administrasaun Estatal{:}{:pt}Minist\u00e9rio da Administra\u00e7\u00e3o Estatal{:}{:en}Ministry of State Administration{:}","description":"Minist\u00e9riu Administrasaun Estatal","publisher":{"@id":"https:\/\/estatal.gov.tl\/pt\/#organization"},"potentialAction":[{"@type":"SearchAction","target":{"@type":"EntryPoint","urlTemplate":"https:\/\/estatal.gov.tl\/pt\/?s={search_term_string}"},"query-input":{"@type":"PropertyValueSpecification","valueRequired":true,"valueName":"search_term_string"}}],"inLanguage":"en-US"},{"@type":"Organization","@id":"https:\/\/estatal.gov.tl\/pt\/#organization","name":"{:tm}Minist\u00e9riu Administrasaun Estatal{:}{:pt}Minist\u00e9rio da Administra\u00e7\u00e3o Estatal{:}{:en}Ministry of State Administration{:}","url":"https:\/\/estatal.gov.tl\/pt\/","logo":{"@type":"ImageObject","inLanguage":"en-US","@id":"https:\/\/estatal.gov.tl\/pt\/#\/schema\/logo\/image\/","url":"https:\/\/estatal.gov.tl\/wp-content\/uploads\/2024\/09\/logo-municipality-1.png","contentUrl":"https:\/\/estatal.gov.tl\/wp-content\/uploads\/2024\/09\/logo-municipality-1.png","width":250,"height":228,"caption":"{:tm}Minist\u00e9riu Administrasaun Estatal{:}{:pt}Minist\u00e9rio da Administra\u00e7\u00e3o Estatal{:}{:en}Ministry of State Administration{:}"},"image":{"@id":"https:\/\/estatal.gov.tl\/pt\/#\/schema\/logo\/image\/"}}]}},"_links":{"self":[{"href":"https:\/\/estatal.gov.tl\/en\/wp-json\/wp\/v2\/pages\/12092","targetHints":{"allow":["GET"]}}],"collection":[{"href":"https:\/\/estatal.gov.tl\/en\/wp-json\/wp\/v2\/pages"}],"about":[{"href":"https:\/\/estatal.gov.tl\/en\/wp-json\/wp\/v2\/types\/page"}],"author":[{"embeddable":true,"href":"https:\/\/estatal.gov.tl\/en\/wp-json\/wp\/v2\/users\/2"}],"replies":[{"embeddable":true,"href":"https:\/\/estatal.gov.tl\/en\/wp-json\/wp\/v2\/comments?post=12092"}],"version-history":[{"count":5,"href":"https:\/\/estatal.gov.tl\/en\/wp-json\/wp\/v2\/pages\/12092\/revisions"}],"predecessor-version":[{"id":16150,"href":"https:\/\/estatal.gov.tl\/en\/wp-json\/wp\/v2\/pages\/12092\/revisions\/16150"}],"wp:attachment":[{"href":"https:\/\/estatal.gov.tl\/en\/wp-json\/wp\/v2\/media?parent=12092"}],"curies":[{"name":"wp","href":"https:\/\/api.w.org\/{rel}","templated":true}]}}