{"id":19934,"date":"2026-03-24T15:10:41","date_gmt":"2026-03-24T06:10:41","guid":{"rendered":"https:\/\/estatal.gov.tl\/?post_type=image-gallery&#038;p=19934"},"modified":"2026-03-31T14:02:26","modified_gmt":"2026-03-31T05:02:26","slug":"segunda-feira-16-marsu-2026-s-e-primeiru-ministro-kayrala-xanana-gusmao-hamutuk-ho-membro-governo-da-sia-halao-inagurasaun-ofisial-ba-edifisiu-dirasaun-munisipal-de-transporte-no-komunikasoens-d","status":"publish","type":"image-gallery","link":"https:\/\/estatal.gov.tl\/pt\/image-gallery\/segunda-feira-16-marsu-2026-s-e-primeiru-ministro-kayrala-xanana-gusmao-hamutuk-ho-membro-governo-da-sia-halao-inagurasaun-ofisial-ba-edifisiu-dirasaun-munisipal-de-transporte-no-komunikasoens-d\/","title":{"rendered":"S.E Primeiru Ministro Kay Rala Xanana Gusm\u00e3o, hamutuk ho Membro Governo Da-Sia hala&#8217;o Inagurasaun ofisi\u00e1l ba edifisiu Dirasaun Munisip\u00e1l de Transporte no Komunikasoens, DMTC iha Munis\u00edpiu Lautem."},"content":{"rendered":"<style type=\"text\/css\">\n#foogallery-gallery-19907 .fg-image { width: 270px; }\n#foogallery-gallery-19907 { --fg-gutter: 10px; }<\/style>\n\t\t\t<div class=\"foogallery foogallery-container foogallery-default foogallery-lightbox-foogallery fg-center fg-default fg-ready fg-light fg-shadow-medium fg-loading-default fg-loaded-fade-in fg-preset fg-brad fg-preset-small fg-preset fg-brad fg-preset-small\" id=\"foogallery-gallery-19907\" data-foogallery=\"{&quot;item&quot;:{&quot;showCaptionTitle&quot;:true,&quot;showCaptionDescription&quot;:true},&quot;lazy&quot;:true}\" data-foogallery-lightbox=\"{&quot;thumbs&quot;:&quot;bottom&quot;,&quot;thumbsCaptions&quot;:false,&quot;thumbsBestFit&quot;:false,&quot;thumbsSmall&quot;:false,&quot;thumbsCaptionsAlign&quot;:&quot;default&quot;,&quot;info&quot;:&quot;bottom&quot;,&quot;infoVisible&quot;:true,&quot;infoOverlay&quot;:true,&quot;infoAlign&quot;:&quot;default&quot;,&quot;transition&quot;:&quot;fade&quot;,&quot;hoverButtons&quot;:false,&quot;fitMedia&quot;:false,&quot;noScrollbars&quot;:true,&quot;preserveButtonSpace&quot;:true,&quot;buttons&quot;:{&quot;fullscreen&quot;:true,&quot;info&quot;:true,&quot;thumbs&quot;:false},&quot;video&quot;:{&quot;autoPlay&quot;:true}}\" style=\"--fg-title-line-clamp: 1; --fg-description-line-clamp: 2;\" >\n\t<div class=\"fg-item fg-type-image fg-idle\"><figure class=\"fg-item-inner\"><a href=\"https:\/\/estatal.gov.tl\/wp-content\/uploads\/2026\/03\/IMG-20260323-WA0155.jpg\" data-attachment-id=\"19908\" data-type=\"image\" class=\"fg-thumb\"><span class=\"fg-image-wrap\"><img fetchpriority=\"high\" decoding=\"async\" width=\"270\" height=\"230\" class=\"skip-lazy fg-image\" data-src-fg=\"https:\/\/estatal.gov.tl\/wp-content\/uploads\/cache\/2026\/03\/IMG-20260323-WA0155\/1311215293.jpg\" src=\"data:image\/svg+xml,%3Csvg%20xmlns%3D%22http%3A%2F%2Fwww.w3.org%2F2000%2Fsvg%22%20width%3D%22270%22%20height%3D%22230%22%20viewBox%3D%220%200%20270%20230%22%3E%3C%2Fsvg%3E\" loading=\"eager\"><\/span><span class=\"fg-image-overlay\"><\/span><\/a><\/figure><div class=\"fg-loader\"><\/div><\/div><div class=\"fg-item fg-type-image fg-idle\"><figure class=\"fg-item-inner\"><a href=\"https:\/\/estatal.gov.tl\/wp-content\/uploads\/2026\/03\/IMG-20260323-WA0156.jpg\" data-attachment-id=\"19909\" data-type=\"image\" class=\"fg-thumb\"><span class=\"fg-image-wrap\"><img decoding=\"async\" width=\"270\" height=\"230\" class=\"skip-lazy fg-image\" data-src-fg=\"https:\/\/estatal.gov.tl\/wp-content\/uploads\/cache\/2026\/03\/IMG-20260323-WA0156\/1649598399.jpg\" src=\"data:image\/svg+xml,%3Csvg%20xmlns%3D%22http%3A%2F%2Fwww.w3.org%2F2000%2Fsvg%22%20width%3D%22270%22%20height%3D%22230%22%20viewBox%3D%220%200%20270%20230%22%3E%3C%2Fsvg%3E\" loading=\"eager\"><\/span><span class=\"fg-image-overlay\"><\/span><\/a><\/figure><div class=\"fg-loader\"><\/div><\/div><div class=\"fg-item fg-type-image fg-idle\"><figure class=\"fg-item-inner\"><a href=\"https:\/\/estatal.gov.tl\/wp-content\/uploads\/2026\/03\/IMG-20260323-WA0157.jpg\" data-attachment-id=\"19910\" data-type=\"image\" class=\"fg-thumb\"><span class=\"fg-image-wrap\"><img decoding=\"async\" width=\"270\" height=\"230\" class=\"skip-lazy fg-image\" data-src-fg=\"https:\/\/estatal.gov.tl\/wp-content\/uploads\/cache\/2026\/03\/IMG-20260323-WA0157\/3425174967.jpg\" src=\"data:image\/svg+xml,%3Csvg%20xmlns%3D%22http%3A%2F%2Fwww.w3.org%2F2000%2Fsvg%22%20width%3D%22270%22%20height%3D%22230%22%20viewBox%3D%220%200%20270%20230%22%3E%3C%2Fsvg%3E\" loading=\"eager\"><\/span><span class=\"fg-image-overlay\"><\/span><\/a><\/figure><div class=\"fg-loader\"><\/div><\/div><div class=\"fg-item fg-type-image fg-idle\"><figure class=\"fg-item-inner\"><a href=\"https:\/\/estatal.gov.tl\/wp-content\/uploads\/2026\/03\/IMG-20260323-WA0158.jpg\" data-attachment-id=\"19911\" data-type=\"image\" class=\"fg-thumb\"><span class=\"fg-image-wrap\"><img decoding=\"async\" width=\"270\" height=\"230\" class=\"skip-lazy fg-image\" data-src-fg=\"https:\/\/estatal.gov.tl\/wp-content\/uploads\/cache\/2026\/03\/IMG-20260323-WA0158\/3086107130.jpg\" src=\"data:image\/svg+xml,%3Csvg%20xmlns%3D%22http%3A%2F%2Fwww.w3.org%2F2000%2Fsvg%22%20width%3D%22270%22%20height%3D%22230%22%20viewBox%3D%220%200%20270%20230%22%3E%3C%2Fsvg%3E\" loading=\"eager\"><\/span><span class=\"fg-image-overlay\"><\/span><\/a><\/figure><div class=\"fg-loader\"><\/div><\/div><div class=\"fg-item fg-type-image fg-idle\"><figure class=\"fg-item-inner\"><a href=\"https:\/\/estatal.gov.tl\/wp-content\/uploads\/2026\/03\/IMG-20260323-WA0159.jpg\" data-attachment-id=\"19912\" data-type=\"image\" class=\"fg-thumb\"><span class=\"fg-image-wrap\"><img decoding=\"async\" width=\"270\" height=\"230\" class=\"skip-lazy fg-image\" data-src-fg=\"https:\/\/estatal.gov.tl\/wp-content\/uploads\/cache\/2026\/03\/IMG-20260323-WA0159\/1193786374.jpg\" src=\"data:image\/svg+xml,%3Csvg%20xmlns%3D%22http%3A%2F%2Fwww.w3.org%2F2000%2Fsvg%22%20width%3D%22270%22%20height%3D%22230%22%20viewBox%3D%220%200%20270%20230%22%3E%3C%2Fsvg%3E\" loading=\"eager\"><\/span><span class=\"fg-image-overlay\"><\/span><\/a><\/figure><div class=\"fg-loader\"><\/div><\/div><div class=\"fg-item fg-type-image fg-idle\"><figure class=\"fg-item-inner\"><a href=\"https:\/\/estatal.gov.tl\/wp-content\/uploads\/2026\/03\/IMG-20260323-WA0160.jpg\" data-attachment-id=\"19913\" data-type=\"image\" class=\"fg-thumb\"><span class=\"fg-image-wrap\"><img decoding=\"async\" width=\"270\" height=\"230\" class=\"skip-lazy fg-image\" data-src-fg=\"https:\/\/estatal.gov.tl\/wp-content\/uploads\/cache\/2026\/03\/IMG-20260323-WA0160\/3273641225.jpg\" src=\"data:image\/svg+xml,%3Csvg%20xmlns%3D%22http%3A%2F%2Fwww.w3.org%2F2000%2Fsvg%22%20width%3D%22270%22%20height%3D%22230%22%20viewBox%3D%220%200%20270%20230%22%3E%3C%2Fsvg%3E\" loading=\"eager\"><\/span><span class=\"fg-image-overlay\"><\/span><\/a><\/figure><div class=\"fg-loader\"><\/div><\/div><div class=\"fg-item fg-type-image fg-idle\"><figure class=\"fg-item-inner\"><a href=\"https:\/\/estatal.gov.tl\/wp-content\/uploads\/2026\/03\/IMG-20260323-WA0161.jpg\" data-attachment-id=\"19914\" data-type=\"image\" class=\"fg-thumb\"><span class=\"fg-image-wrap\"><img decoding=\"async\" width=\"270\" height=\"230\" class=\"skip-lazy fg-image\" data-src-fg=\"https:\/\/estatal.gov.tl\/wp-content\/uploads\/cache\/2026\/03\/IMG-20260323-WA0161\/3585106354.jpg\" src=\"data:image\/svg+xml,%3Csvg%20xmlns%3D%22http%3A%2F%2Fwww.w3.org%2F2000%2Fsvg%22%20width%3D%22270%22%20height%3D%22230%22%20viewBox%3D%220%200%20270%20230%22%3E%3C%2Fsvg%3E\" loading=\"eager\"><\/span><span class=\"fg-image-overlay\"><\/span><\/a><\/figure><div class=\"fg-loader\"><\/div><\/div><div class=\"fg-item fg-type-image fg-idle\"><figure class=\"fg-item-inner\"><a href=\"https:\/\/estatal.gov.tl\/wp-content\/uploads\/2026\/03\/IMG-20260323-WA0162.jpg\" data-attachment-id=\"19915\" data-type=\"image\" class=\"fg-thumb\"><span class=\"fg-image-wrap\"><img decoding=\"async\" width=\"270\" height=\"230\" class=\"skip-lazy fg-image\" data-src-fg=\"https:\/\/estatal.gov.tl\/wp-content\/uploads\/cache\/2026\/03\/IMG-20260323-WA0162\/4190449840.jpg\" src=\"data:image\/svg+xml,%3Csvg%20xmlns%3D%22http%3A%2F%2Fwww.w3.org%2F2000%2Fsvg%22%20width%3D%22270%22%20height%3D%22230%22%20viewBox%3D%220%200%20270%20230%22%3E%3C%2Fsvg%3E\" loading=\"eager\"><\/span><span class=\"fg-image-overlay\"><\/span><\/a><\/figure><div class=\"fg-loader\"><\/div><\/div><div class=\"fg-item fg-type-image fg-idle\"><figure class=\"fg-item-inner\"><a href=\"https:\/\/estatal.gov.tl\/wp-content\/uploads\/2026\/03\/IMG-20260323-WA0163.jpg\" data-attachment-id=\"19916\" data-type=\"image\" class=\"fg-thumb\"><span class=\"fg-image-wrap\"><img decoding=\"async\" width=\"270\" height=\"230\" class=\"skip-lazy fg-image\" data-src-fg=\"https:\/\/estatal.gov.tl\/wp-content\/uploads\/cache\/2026\/03\/IMG-20260323-WA0163\/152096076.jpg\" src=\"data:image\/svg+xml,%3Csvg%20xmlns%3D%22http%3A%2F%2Fwww.w3.org%2F2000%2Fsvg%22%20width%3D%22270%22%20height%3D%22230%22%20viewBox%3D%220%200%20270%20230%22%3E%3C%2Fsvg%3E\" loading=\"eager\"><\/span><span class=\"fg-image-overlay\"><\/span><\/a><\/figure><div class=\"fg-loader\"><\/div><\/div><div class=\"fg-item fg-type-image fg-idle\"><figure class=\"fg-item-inner\"><a href=\"https:\/\/estatal.gov.tl\/wp-content\/uploads\/2026\/03\/IMG-20260323-WA0164.jpg\" data-attachment-id=\"19917\" data-type=\"image\" class=\"fg-thumb\"><span class=\"fg-image-wrap\"><img decoding=\"async\" width=\"270\" height=\"230\" class=\"skip-lazy fg-image\" data-src-fg=\"https:\/\/estatal.gov.tl\/wp-content\/uploads\/cache\/2026\/03\/IMG-20260323-WA0164\/2704249524.jpg\" src=\"data:image\/svg+xml,%3Csvg%20xmlns%3D%22http%3A%2F%2Fwww.w3.org%2F2000%2Fsvg%22%20width%3D%22270%22%20height%3D%22230%22%20viewBox%3D%220%200%20270%20230%22%3E%3C%2Fsvg%3E\" loading=\"eager\"><\/span><span class=\"fg-image-overlay\"><\/span><\/a><\/figure><div class=\"fg-loader\"><\/div><\/div><div class=\"fg-item fg-type-image fg-idle\"><figure class=\"fg-item-inner\"><a href=\"https:\/\/estatal.gov.tl\/wp-content\/uploads\/2026\/03\/IMG-20260323-WA0165.jpg\" data-attachment-id=\"19918\" data-type=\"image\" class=\"fg-thumb\"><span class=\"fg-image-wrap\"><img decoding=\"async\" width=\"270\" height=\"230\" class=\"skip-lazy fg-image\" data-src-fg=\"https:\/\/estatal.gov.tl\/wp-content\/uploads\/cache\/2026\/03\/IMG-20260323-WA0165\/2684721856.jpg\" src=\"data:image\/svg+xml,%3Csvg%20xmlns%3D%22http%3A%2F%2Fwww.w3.org%2F2000%2Fsvg%22%20width%3D%22270%22%20height%3D%22230%22%20viewBox%3D%220%200%20270%20230%22%3E%3C%2Fsvg%3E\" loading=\"eager\"><\/span><span class=\"fg-image-overlay\"><\/span><\/a><\/figure><div class=\"fg-loader\"><\/div><\/div><div class=\"fg-item fg-type-image fg-idle\"><figure class=\"fg-item-inner\"><a href=\"https:\/\/estatal.gov.tl\/wp-content\/uploads\/2026\/03\/IMG-20260323-WA0166.jpg\" data-attachment-id=\"19919\" data-type=\"image\" class=\"fg-thumb\"><span class=\"fg-image-wrap\"><img decoding=\"async\" width=\"270\" height=\"230\" class=\"skip-lazy fg-image\" data-src-fg=\"https:\/\/estatal.gov.tl\/wp-content\/uploads\/cache\/2026\/03\/IMG-20260323-WA0166\/2356202434.jpg\" src=\"data:image\/svg+xml,%3Csvg%20xmlns%3D%22http%3A%2F%2Fwww.w3.org%2F2000%2Fsvg%22%20width%3D%22270%22%20height%3D%22230%22%20viewBox%3D%220%200%20270%20230%22%3E%3C%2Fsvg%3E\" loading=\"eager\"><\/span><span class=\"fg-image-overlay\"><\/span><\/a><\/figure><div class=\"fg-loader\"><\/div><\/div><div class=\"fg-item fg-type-image fg-idle\"><figure class=\"fg-item-inner\"><a href=\"https:\/\/estatal.gov.tl\/wp-content\/uploads\/2026\/03\/IMG-20260323-WA0167.jpg\" data-attachment-id=\"19920\" data-type=\"image\" class=\"fg-thumb\"><span class=\"fg-image-wrap\"><img decoding=\"async\" width=\"270\" height=\"230\" class=\"skip-lazy fg-image\" data-src-fg=\"https:\/\/estatal.gov.tl\/wp-content\/uploads\/cache\/2026\/03\/IMG-20260323-WA0167\/1445283579.jpg\" src=\"data:image\/svg+xml,%3Csvg%20xmlns%3D%22http%3A%2F%2Fwww.w3.org%2F2000%2Fsvg%22%20width%3D%22270%22%20height%3D%22230%22%20viewBox%3D%220%200%20270%20230%22%3E%3C%2Fsvg%3E\" loading=\"eager\"><\/span><span class=\"fg-image-overlay\"><\/span><\/a><\/figure><div class=\"fg-loader\"><\/div><\/div><div class=\"fg-item fg-type-image fg-idle\"><figure class=\"fg-item-inner\"><a href=\"https:\/\/estatal.gov.tl\/wp-content\/uploads\/2026\/03\/IMG-20260323-WA0168.jpg\" data-attachment-id=\"19921\" data-type=\"image\" class=\"fg-thumb\"><span class=\"fg-image-wrap\"><img decoding=\"async\" width=\"270\" height=\"230\" class=\"skip-lazy fg-image\" data-src-fg=\"https:\/\/estatal.gov.tl\/wp-content\/uploads\/cache\/2026\/03\/IMG-20260323-WA0168\/771687094.jpg\" src=\"data:image\/svg+xml,%3Csvg%20xmlns%3D%22http%3A%2F%2Fwww.w3.org%2F2000%2Fsvg%22%20width%3D%22270%22%20height%3D%22230%22%20viewBox%3D%220%200%20270%20230%22%3E%3C%2Fsvg%3E\" loading=\"eager\"><\/span><span class=\"fg-image-overlay\"><\/span><\/a><\/figure><div class=\"fg-loader\"><\/div><\/div><div class=\"fg-item fg-type-image fg-idle\"><figure class=\"fg-item-inner\"><a href=\"https:\/\/estatal.gov.tl\/wp-content\/uploads\/2026\/03\/IMG-20260323-WA0169.jpg\" data-attachment-id=\"19922\" data-type=\"image\" class=\"fg-thumb\"><span class=\"fg-image-wrap\"><img decoding=\"async\" width=\"270\" height=\"230\" class=\"skip-lazy fg-image\" data-src-fg=\"https:\/\/estatal.gov.tl\/wp-content\/uploads\/cache\/2026\/03\/IMG-20260323-WA0169\/3710582602.jpg\" src=\"data:image\/svg+xml,%3Csvg%20xmlns%3D%22http%3A%2F%2Fwww.w3.org%2F2000%2Fsvg%22%20width%3D%22270%22%20height%3D%22230%22%20viewBox%3D%220%200%20270%20230%22%3E%3C%2Fsvg%3E\" loading=\"eager\"><\/span><span class=\"fg-image-overlay\"><\/span><\/a><\/figure><div class=\"fg-loader\"><\/div><\/div><div class=\"fg-item fg-type-image fg-idle\"><figure class=\"fg-item-inner\"><a href=\"https:\/\/estatal.gov.tl\/wp-content\/uploads\/2026\/03\/IMG-20260323-WA0170.jpg\" data-attachment-id=\"19923\" data-type=\"image\" class=\"fg-thumb\"><span class=\"fg-image-wrap\"><img decoding=\"async\" width=\"270\" height=\"230\" class=\"skip-lazy fg-image\" data-src-fg=\"https:\/\/estatal.gov.tl\/wp-content\/uploads\/cache\/2026\/03\/IMG-20260323-WA0170\/2011473603.jpg\" src=\"data:image\/svg+xml,%3Csvg%20xmlns%3D%22http%3A%2F%2Fwww.w3.org%2F2000%2Fsvg%22%20width%3D%22270%22%20height%3D%22230%22%20viewBox%3D%220%200%20270%20230%22%3E%3C%2Fsvg%3E\" loading=\"eager\"><\/span><span class=\"fg-image-overlay\"><\/span><\/a><\/figure><div class=\"fg-loader\"><\/div><\/div><div class=\"fg-item fg-type-image fg-idle\"><figure class=\"fg-item-inner\"><a href=\"https:\/\/estatal.gov.tl\/wp-content\/uploads\/2026\/03\/IMG-20260323-WA0171.jpg\" data-attachment-id=\"19924\" data-type=\"image\" class=\"fg-thumb\"><span class=\"fg-image-wrap\"><img decoding=\"async\" width=\"270\" height=\"230\" class=\"skip-lazy fg-image\" data-src-fg=\"https:\/\/estatal.gov.tl\/wp-content\/uploads\/cache\/2026\/03\/IMG-20260323-WA0171\/1632307832.jpg\" src=\"data:image\/svg+xml,%3Csvg%20xmlns%3D%22http%3A%2F%2Fwww.w3.org%2F2000%2Fsvg%22%20width%3D%22270%22%20height%3D%22230%22%20viewBox%3D%220%200%20270%20230%22%3E%3C%2Fsvg%3E\" loading=\"eager\"><\/span><span class=\"fg-image-overlay\"><\/span><\/a><\/figure><div class=\"fg-loader\"><\/div><\/div><div class=\"fg-item fg-type-image fg-idle\"><figure class=\"fg-item-inner\"><a href=\"https:\/\/estatal.gov.tl\/wp-content\/uploads\/2026\/03\/IMG-20260323-WA0172.jpg\" data-attachment-id=\"19925\" data-type=\"image\" class=\"fg-thumb\"><span class=\"fg-image-wrap\"><img decoding=\"async\" width=\"270\" height=\"230\" class=\"skip-lazy fg-image\" data-src-fg=\"https:\/\/estatal.gov.tl\/wp-content\/uploads\/cache\/2026\/03\/IMG-20260323-WA0172\/1295932282.jpg\" src=\"data:image\/svg+xml,%3Csvg%20xmlns%3D%22http%3A%2F%2Fwww.w3.org%2F2000%2Fsvg%22%20width%3D%22270%22%20height%3D%22230%22%20viewBox%3D%220%200%20270%20230%22%3E%3C%2Fsvg%3E\" loading=\"eager\"><\/span><span class=\"fg-image-overlay\"><\/span><\/a><\/figure><div class=\"fg-loader\"><\/div><\/div><div class=\"fg-item fg-type-image fg-idle\"><figure class=\"fg-item-inner\"><a href=\"https:\/\/estatal.gov.tl\/wp-content\/uploads\/2026\/03\/IMG-20260323-WA0173.jpg\" data-attachment-id=\"19926\" data-type=\"image\" class=\"fg-thumb\"><span class=\"fg-image-wrap\"><img decoding=\"async\" width=\"270\" height=\"230\" class=\"skip-lazy fg-image\" data-src-fg=\"https:\/\/estatal.gov.tl\/wp-content\/uploads\/cache\/2026\/03\/IMG-20260323-WA0173\/3186337414.jpg\" src=\"data:image\/svg+xml,%3Csvg%20xmlns%3D%22http%3A%2F%2Fwww.w3.org%2F2000%2Fsvg%22%20width%3D%22270%22%20height%3D%22230%22%20viewBox%3D%220%200%20270%20230%22%3E%3C%2Fsvg%3E\" loading=\"eager\"><\/span><span class=\"fg-image-overlay\"><\/span><\/a><\/figure><div class=\"fg-loader\"><\/div><\/div><div class=\"fg-item fg-type-image fg-idle\"><figure class=\"fg-item-inner\"><a href=\"https:\/\/estatal.gov.tl\/wp-content\/uploads\/2026\/03\/IMG-20260323-WA0174.jpg\" data-attachment-id=\"19927\" data-type=\"image\" class=\"fg-thumb\"><span class=\"fg-image-wrap\"><img decoding=\"async\" width=\"270\" height=\"230\" class=\"skip-lazy fg-image\" data-src-fg=\"https:\/\/estatal.gov.tl\/wp-content\/uploads\/cache\/2026\/03\/IMG-20260323-WA0174\/366279038.jpg\" src=\"data:image\/svg+xml,%3Csvg%20xmlns%3D%22http%3A%2F%2Fwww.w3.org%2F2000%2Fsvg%22%20width%3D%22270%22%20height%3D%22230%22%20viewBox%3D%220%200%20270%20230%22%3E%3C%2Fsvg%3E\" loading=\"eager\"><\/span><span class=\"fg-image-overlay\"><\/span><\/a><\/figure><div class=\"fg-loader\"><\/div><\/div><div class=\"fg-item fg-type-image fg-idle\"><figure class=\"fg-item-inner\"><a href=\"https:\/\/estatal.gov.tl\/wp-content\/uploads\/2026\/03\/IMG-20260323-WA0175.jpg\" data-attachment-id=\"19928\" data-type=\"image\" class=\"fg-thumb\"><span class=\"fg-image-wrap\"><img decoding=\"async\" width=\"270\" height=\"230\" class=\"skip-lazy fg-image\" data-src-fg=\"https:\/\/estatal.gov.tl\/wp-content\/uploads\/cache\/2026\/03\/IMG-20260323-WA0175\/352252170.jpg\" src=\"data:image\/svg+xml,%3Csvg%20xmlns%3D%22http%3A%2F%2Fwww.w3.org%2F2000%2Fsvg%22%20width%3D%22270%22%20height%3D%22230%22%20viewBox%3D%220%200%20270%20230%22%3E%3C%2Fsvg%3E\" loading=\"eager\"><\/span><span class=\"fg-image-overlay\"><\/span><\/a><\/figure><div class=\"fg-loader\"><\/div><\/div><div class=\"fg-item fg-type-image fg-idle\"><figure class=\"fg-item-inner\"><a href=\"https:\/\/estatal.gov.tl\/wp-content\/uploads\/2026\/03\/IMG-20260323-WA0176.jpg\" data-attachment-id=\"19929\" data-type=\"image\" class=\"fg-thumb\"><span class=\"fg-image-wrap\"><img decoding=\"async\" width=\"270\" height=\"230\" class=\"skip-lazy fg-image\" data-src-fg=\"https:\/\/estatal.gov.tl\/wp-content\/uploads\/cache\/2026\/03\/IMG-20260323-WA0176\/948674568.jpg\" src=\"data:image\/svg+xml,%3Csvg%20xmlns%3D%22http%3A%2F%2Fwww.w3.org%2F2000%2Fsvg%22%20width%3D%22270%22%20height%3D%22230%22%20viewBox%3D%220%200%20270%20230%22%3E%3C%2Fsvg%3E\" loading=\"eager\"><\/span><span class=\"fg-image-overlay\"><\/span><\/a><\/figure><div class=\"fg-loader\"><\/div><\/div><div class=\"fg-item fg-type-image fg-idle\"><figure class=\"fg-item-inner\"><a href=\"https:\/\/estatal.gov.tl\/wp-content\/uploads\/2026\/03\/IMG-20260323-WA0177.jpg\" data-attachment-id=\"19930\" data-type=\"image\" class=\"fg-thumb\"><span class=\"fg-image-wrap\"><img decoding=\"async\" width=\"270\" height=\"230\" class=\"skip-lazy fg-image\" data-src-fg=\"https:\/\/estatal.gov.tl\/wp-content\/uploads\/cache\/2026\/03\/IMG-20260323-WA0177\/2532407808.jpg\" src=\"data:image\/svg+xml,%3Csvg%20xmlns%3D%22http%3A%2F%2Fwww.w3.org%2F2000%2Fsvg%22%20width%3D%22270%22%20height%3D%22230%22%20viewBox%3D%220%200%20270%20230%22%3E%3C%2Fsvg%3E\" loading=\"eager\"><\/span><span class=\"fg-image-overlay\"><\/span><\/a><\/figure><div class=\"fg-loader\"><\/div><\/div><div class=\"fg-item fg-type-image fg-idle\"><figure class=\"fg-item-inner\"><a href=\"https:\/\/estatal.gov.tl\/wp-content\/uploads\/2026\/03\/IMG-20260323-WA0178.jpg\" data-attachment-id=\"19931\" data-type=\"image\" class=\"fg-thumb\"><span class=\"fg-image-wrap\"><img decoding=\"async\" width=\"270\" height=\"230\" class=\"skip-lazy fg-image\" data-src-fg=\"https:\/\/estatal.gov.tl\/wp-content\/uploads\/cache\/2026\/03\/IMG-20260323-WA0178\/3979034189.jpg\" src=\"data:image\/svg+xml,%3Csvg%20xmlns%3D%22http%3A%2F%2Fwww.w3.org%2F2000%2Fsvg%22%20width%3D%22270%22%20height%3D%22230%22%20viewBox%3D%220%200%20270%20230%22%3E%3C%2Fsvg%3E\" loading=\"eager\"><\/span><span class=\"fg-image-overlay\"><\/span><\/a><\/figure><div class=\"fg-loader\"><\/div><\/div><div class=\"fg-item fg-type-image fg-idle\"><figure class=\"fg-item-inner\"><a href=\"https:\/\/estatal.gov.tl\/wp-content\/uploads\/2026\/03\/IMG-20260323-WA0179.jpg\" data-attachment-id=\"19932\" data-type=\"image\" class=\"fg-thumb\"><span class=\"fg-image-wrap\"><img decoding=\"async\" width=\"270\" height=\"230\" class=\"skip-lazy fg-image\" data-src-fg=\"https:\/\/estatal.gov.tl\/wp-content\/uploads\/cache\/2026\/03\/IMG-20260323-WA0179\/503235505.jpg\" src=\"data:image\/svg+xml,%3Csvg%20xmlns%3D%22http%3A%2F%2Fwww.w3.org%2F2000%2Fsvg%22%20width%3D%22270%22%20height%3D%22230%22%20viewBox%3D%220%200%20270%20230%22%3E%3C%2Fsvg%3E\" loading=\"eager\"><\/span><span class=\"fg-image-overlay\"><\/span><\/a><\/figure><div class=\"fg-loader\"><\/div><\/div><div class=\"fg-item fg-type-image fg-idle\"><figure class=\"fg-item-inner\"><a href=\"https:\/\/estatal.gov.tl\/wp-content\/uploads\/2026\/03\/IMG-20260323-WA0180.jpg\" data-attachment-id=\"19933\" data-type=\"image\" class=\"fg-thumb\"><span class=\"fg-image-wrap\"><img decoding=\"async\" width=\"270\" height=\"230\" class=\"skip-lazy fg-image\" data-src-fg=\"https:\/\/estatal.gov.tl\/wp-content\/uploads\/cache\/2026\/03\/IMG-20260323-WA0180\/2146582954.jpg\" src=\"data:image\/svg+xml,%3Csvg%20xmlns%3D%22http%3A%2F%2Fwww.w3.org%2F2000%2Fsvg%22%20width%3D%22270%22%20height%3D%22230%22%20viewBox%3D%220%200%20270%20230%22%3E%3C%2Fsvg%3E\" loading=\"eager\"><\/span><span class=\"fg-image-overlay\"><\/span><\/a><\/figure><div class=\"fg-loader\"><\/div><\/div><\/div>\n\n\n\n\n<p><\/p>\n","protected":false},"featured_media":19916,"template":"","class_list":["post-19934","image-gallery","type-image-gallery","status-publish","has-post-thumbnail","hentry"],"translation":{"provider":"WPGlobus","version":"3.0.0","language":"pt","enabled_languages":["tm","pt","en"],"languages":{"tm":{"title":true,"content":true,"excerpt":false},"pt":{"title":false,"content":false,"excerpt":false},"en":{"title":false,"content":false,"excerpt":false}}},"yoast_head":"<!-- This site is optimized with the Yoast SEO plugin v26.5 - https:\/\/yoast.com\/wordpress\/plugins\/seo\/ -->\n<title>S.E Primeiru Ministro Kay Rala Xanana Gusm\u00e3o, hamutuk ho Membro Governo Da-Sia hala&#039;o Inagurasaun ofisi\u00e1l ba edifisiu Dirasaun Munisip\u00e1l de Transporte no Komunikasoens, DMTC iha Munis\u00edpiu Lautem. - Minist\u00e9rio da Administra\u00e7\u00e3o Estatal<\/title>\n<meta name=\"robots\" content=\"index, follow, max-snippet:-1, max-image-preview:large, max-video-preview:-1\" \/>\n<link rel=\"canonical\" href=\"https:\/\/estatal.gov.tl\/image-gallery\/segunda-feira-16-marsu-2026-s-e-primeiru-ministro-kayrala-xanana-gusmao-hamutuk-ho-membro-governo-da-sia-halao-inagurasaun-ofisial-ba-edifisiu-dirasaun-munisipal-de-transporte-no-komunikasoens-d\/\" \/>\n<meta property=\"og:locale\" content=\"pt_PT\" \/>\n<meta property=\"og:type\" content=\"article\" \/>\n<meta property=\"og:title\" content=\"S.E Primeiru Ministro Kay Rala Xanana Gusm\u00e3o, hamutuk ho Membro Governo Da-Sia hala&#039;o Inagurasaun ofisi\u00e1l ba edifisiu Dirasaun Munisip\u00e1l de Transporte no Komunikasoens, DMTC iha Munis\u00edpiu Lautem. - Minist\u00e9rio da Administra\u00e7\u00e3o Estatal\" \/>\n<meta property=\"og:url\" content=\"https:\/\/estatal.gov.tl\/image-gallery\/segunda-feira-16-marsu-2026-s-e-primeiru-ministro-kayrala-xanana-gusmao-hamutuk-ho-membro-governo-da-sia-halao-inagurasaun-ofisial-ba-edifisiu-dirasaun-munisipal-de-transporte-no-komunikasoens-d\/\" \/>\n<meta property=\"og:site_name\" content=\"Minist\u00e9rio da Administra\u00e7\u00e3o Estatal\" \/>\n<meta property=\"article:modified_time\" content=\"2026-03-31T05:02:26+00:00\" \/>\n<meta property=\"og:image\" content=\"https:\/\/estatal.gov.tl\/wp-content\/uploads\/2026\/03\/IMG-20260323-WA0163.jpg\" \/>\n\t<meta property=\"og:image:width\" content=\"1280\" \/>\n\t<meta property=\"og:image:height\" content=\"1034\" \/>\n\t<meta property=\"og:image:type\" content=\"image\/jpeg\" \/>\n<meta name=\"twitter:card\" content=\"summary_large_image\" \/>\n<meta name=\"twitter:label1\" content=\"Est. reading time\" \/>\n\t<meta name=\"twitter:data1\" content=\"1 minute\" \/>\n<script type=\"application\/ld+json\" class=\"yoast-schema-graph\">{\"@context\":\"https:\/\/schema.org\",\"@graph\":[{\"@type\":\"WebPage\",\"@id\":\"https:\/\/estatal.gov.tl\/image-gallery\/segunda-feira-16-marsu-2026-s-e-primeiru-ministro-kayrala-xanana-gusmao-hamutuk-ho-membro-governo-da-sia-halao-inagurasaun-ofisial-ba-edifisiu-dirasaun-munisipal-de-transporte-no-komunikasoens-d\/\",\"url\":\"https:\/\/estatal.gov.tl\/image-gallery\/segunda-feira-16-marsu-2026-s-e-primeiru-ministro-kayrala-xanana-gusmao-hamutuk-ho-membro-governo-da-sia-halao-inagurasaun-ofisial-ba-edifisiu-dirasaun-munisipal-de-transporte-no-komunikasoens-d\/\",\"name\":\"S.E Primeiru Ministro Kay Rala Xanana Gusm\u00e3o, hamutuk ho Membro Governo Da-Sia hala'o Inagurasaun ofisi\u00e1l ba edifisiu Dirasaun Munisip\u00e1l de Transporte no Komunikasoens, DMTC iha Munis\u00edpiu Lautem. - Minist\u00e9rio da Administra\u00e7\u00e3o Estatal\",\"isPartOf\":{\"@id\":\"https:\/\/estatal.gov.tl\/pt\/#website\"},\"primaryImageOfPage\":{\"@id\":\"https:\/\/estatal.gov.tl\/image-gallery\/segunda-feira-16-marsu-2026-s-e-primeiru-ministro-kayrala-xanana-gusmao-hamutuk-ho-membro-governo-da-sia-halao-inagurasaun-ofisial-ba-edifisiu-dirasaun-munisipal-de-transporte-no-komunikasoens-d\/#primaryimage\"},\"image\":{\"@id\":\"https:\/\/estatal.gov.tl\/image-gallery\/segunda-feira-16-marsu-2026-s-e-primeiru-ministro-kayrala-xanana-gusmao-hamutuk-ho-membro-governo-da-sia-halao-inagurasaun-ofisial-ba-edifisiu-dirasaun-munisipal-de-transporte-no-komunikasoens-d\/#primaryimage\"},\"thumbnailUrl\":\"https:\/\/estatal.gov.tl\/wp-content\/uploads\/2026\/03\/IMG-20260323-WA0163.jpg\",\"datePublished\":\"2026-03-24T06:10:41+00:00\",\"dateModified\":\"2026-03-31T05:02:26+00:00\",\"breadcrumb\":{\"@id\":\"https:\/\/estatal.gov.tl\/image-gallery\/segunda-feira-16-marsu-2026-s-e-primeiru-ministro-kayrala-xanana-gusmao-hamutuk-ho-membro-governo-da-sia-halao-inagurasaun-ofisial-ba-edifisiu-dirasaun-munisipal-de-transporte-no-komunikasoens-d\/#breadcrumb\"},\"inLanguage\":\"pt-PT\",\"potentialAction\":[{\"@type\":\"ReadAction\",\"target\":[\"https:\/\/estatal.gov.tl\/image-gallery\/segunda-feira-16-marsu-2026-s-e-primeiru-ministro-kayrala-xanana-gusmao-hamutuk-ho-membro-governo-da-sia-halao-inagurasaun-ofisial-ba-edifisiu-dirasaun-munisipal-de-transporte-no-komunikasoens-d\/\"]}]},{\"@type\":\"ImageObject\",\"inLanguage\":\"pt-PT\",\"@id\":\"https:\/\/estatal.gov.tl\/image-gallery\/segunda-feira-16-marsu-2026-s-e-primeiru-ministro-kayrala-xanana-gusmao-hamutuk-ho-membro-governo-da-sia-halao-inagurasaun-ofisial-ba-edifisiu-dirasaun-munisipal-de-transporte-no-komunikasoens-d\/#primaryimage\",\"url\":\"https:\/\/estatal.gov.tl\/wp-content\/uploads\/2026\/03\/IMG-20260323-WA0163.jpg\",\"contentUrl\":\"https:\/\/estatal.gov.tl\/wp-content\/uploads\/2026\/03\/IMG-20260323-WA0163.jpg\",\"width\":1280,\"height\":1034},{\"@type\":\"BreadcrumbList\",\"@id\":\"https:\/\/estatal.gov.tl\/image-gallery\/segunda-feira-16-marsu-2026-s-e-primeiru-ministro-kayrala-xanana-gusmao-hamutuk-ho-membro-governo-da-sia-halao-inagurasaun-ofisial-ba-edifisiu-dirasaun-munisipal-de-transporte-no-komunikasoens-d\/#breadcrumb\",\"itemListElement\":[{\"@type\":\"ListItem\",\"position\":1,\"name\":\"Home\",\"item\":\"https:\/\/estatal.gov.tl\/pt\/\"},{\"@type\":\"ListItem\",\"position\":2,\"name\":\"Galleries\",\"item\":\"https:\/\/estatal.gov.tl\/image-gallery\/\"},{\"@type\":\"ListItem\",\"position\":3,\"name\":\"S.E Primeiru Ministro Kay Rala Xanana Gusm\u00e3o, hamutuk ho Membro Governo Da-Sia hala&#8217;o Inagurasaun ofisi\u00e1l ba edifisiu Dirasaun Munisip\u00e1l de Transporte no Komunikasoens, DMTC iha Munis\u00edpiu Lautem.\"}]},{\"@type\":\"WebSite\",\"@id\":\"https:\/\/estatal.gov.tl\/pt\/#website\",\"url\":\"https:\/\/estatal.gov.tl\/pt\/\",\"name\":\"{:tm}Minist\u00e9riu Administrasaun Estatal{:}{:pt}Minist\u00e9rio da Administra\u00e7\u00e3o Estatal{:}{:en}Ministry of State Administration{:}\",\"description\":\"Minist\u00e9rio da Administra\u00e7\u00e3o Estatal\",\"publisher\":{\"@id\":\"https:\/\/estatal.gov.tl\/pt\/#organization\"},\"potentialAction\":[{\"@type\":\"SearchAction\",\"target\":{\"@type\":\"EntryPoint\",\"urlTemplate\":\"https:\/\/estatal.gov.tl\/pt\/?s={search_term_string}\"},\"query-input\":{\"@type\":\"PropertyValueSpecification\",\"valueRequired\":true,\"valueName\":\"search_term_string\"}}],\"inLanguage\":\"pt-PT\"},{\"@type\":\"Organization\",\"@id\":\"https:\/\/estatal.gov.tl\/pt\/#organization\",\"name\":\"{:tm}Minist\u00e9riu Administrasaun Estatal{:}{:pt}Minist\u00e9rio da Administra\u00e7\u00e3o Estatal{:}{:en}Ministry of State Administration{:}\",\"url\":\"https:\/\/estatal.gov.tl\/pt\/\",\"logo\":{\"@type\":\"ImageObject\",\"inLanguage\":\"pt-PT\",\"@id\":\"https:\/\/estatal.gov.tl\/pt\/#\/schema\/logo\/image\/\",\"url\":\"https:\/\/estatal.gov.tl\/wp-content\/uploads\/2024\/09\/logo-municipality-1.png\",\"contentUrl\":\"https:\/\/estatal.gov.tl\/wp-content\/uploads\/2024\/09\/logo-municipality-1.png\",\"width\":250,\"height\":228,\"caption\":\"{:tm}Minist\u00e9riu Administrasaun Estatal{:}{:pt}Minist\u00e9rio da Administra\u00e7\u00e3o Estatal{:}{:en}Ministry of State Administration{:}\"},\"image\":{\"@id\":\"https:\/\/estatal.gov.tl\/pt\/#\/schema\/logo\/image\/\"}}]}<\/script>\n<!-- \/ Yoast SEO plugin. -->","yoast_head_json":{"title":"S.E Primeiru Ministro Kay Rala Xanana Gusm\u00e3o, hamutuk ho Membro Governo Da-Sia hala'o Inagurasaun ofisi\u00e1l ba edifisiu Dirasaun Munisip\u00e1l de Transporte no Komunikasoens, DMTC iha Munis\u00edpiu Lautem. - Minist\u00e9rio da Administra\u00e7\u00e3o Estatal","robots":{"index":"index","follow":"follow","max-snippet":"max-snippet:-1","max-image-preview":"max-image-preview:large","max-video-preview":"max-video-preview:-1"},"canonical":"https:\/\/estatal.gov.tl\/image-gallery\/segunda-feira-16-marsu-2026-s-e-primeiru-ministro-kayrala-xanana-gusmao-hamutuk-ho-membro-governo-da-sia-halao-inagurasaun-ofisial-ba-edifisiu-dirasaun-munisipal-de-transporte-no-komunikasoens-d\/","og_locale":"pt_PT","og_type":"article","og_title":"S.E Primeiru Ministro Kay Rala Xanana Gusm\u00e3o, hamutuk ho Membro Governo Da-Sia hala'o Inagurasaun ofisi\u00e1l ba edifisiu Dirasaun Munisip\u00e1l de Transporte no Komunikasoens, DMTC iha Munis\u00edpiu Lautem. - Minist\u00e9rio da Administra\u00e7\u00e3o Estatal","og_url":"https:\/\/estatal.gov.tl\/image-gallery\/segunda-feira-16-marsu-2026-s-e-primeiru-ministro-kayrala-xanana-gusmao-hamutuk-ho-membro-governo-da-sia-halao-inagurasaun-ofisial-ba-edifisiu-dirasaun-munisipal-de-transporte-no-komunikasoens-d\/","og_site_name":"Minist\u00e9rio da Administra\u00e7\u00e3o Estatal","article_modified_time":"2026-03-31T05:02:26+00:00","og_image":[{"width":1280,"height":1034,"url":"https:\/\/estatal.gov.tl\/wp-content\/uploads\/2026\/03\/IMG-20260323-WA0163.jpg","type":"image\/jpeg"}],"twitter_card":"summary_large_image","twitter_misc":{"Est. reading time":"1 minute"},"schema":{"@context":"https:\/\/schema.org","@graph":[{"@type":"WebPage","@id":"https:\/\/estatal.gov.tl\/image-gallery\/segunda-feira-16-marsu-2026-s-e-primeiru-ministro-kayrala-xanana-gusmao-hamutuk-ho-membro-governo-da-sia-halao-inagurasaun-ofisial-ba-edifisiu-dirasaun-munisipal-de-transporte-no-komunikasoens-d\/","url":"https:\/\/estatal.gov.tl\/image-gallery\/segunda-feira-16-marsu-2026-s-e-primeiru-ministro-kayrala-xanana-gusmao-hamutuk-ho-membro-governo-da-sia-halao-inagurasaun-ofisial-ba-edifisiu-dirasaun-munisipal-de-transporte-no-komunikasoens-d\/","name":"S.E Primeiru Ministro Kay Rala Xanana Gusm\u00e3o, hamutuk ho Membro Governo Da-Sia hala'o Inagurasaun ofisi\u00e1l ba edifisiu Dirasaun Munisip\u00e1l de Transporte no Komunikasoens, DMTC iha Munis\u00edpiu Lautem. - Minist\u00e9rio da Administra\u00e7\u00e3o Estatal","isPartOf":{"@id":"https:\/\/estatal.gov.tl\/pt\/#website"},"primaryImageOfPage":{"@id":"https:\/\/estatal.gov.tl\/image-gallery\/segunda-feira-16-marsu-2026-s-e-primeiru-ministro-kayrala-xanana-gusmao-hamutuk-ho-membro-governo-da-sia-halao-inagurasaun-ofisial-ba-edifisiu-dirasaun-munisipal-de-transporte-no-komunikasoens-d\/#primaryimage"},"image":{"@id":"https:\/\/estatal.gov.tl\/image-gallery\/segunda-feira-16-marsu-2026-s-e-primeiru-ministro-kayrala-xanana-gusmao-hamutuk-ho-membro-governo-da-sia-halao-inagurasaun-ofisial-ba-edifisiu-dirasaun-munisipal-de-transporte-no-komunikasoens-d\/#primaryimage"},"thumbnailUrl":"https:\/\/estatal.gov.tl\/wp-content\/uploads\/2026\/03\/IMG-20260323-WA0163.jpg","datePublished":"2026-03-24T06:10:41+00:00","dateModified":"2026-03-31T05:02:26+00:00","breadcrumb":{"@id":"https:\/\/estatal.gov.tl\/image-gallery\/segunda-feira-16-marsu-2026-s-e-primeiru-ministro-kayrala-xanana-gusmao-hamutuk-ho-membro-governo-da-sia-halao-inagurasaun-ofisial-ba-edifisiu-dirasaun-munisipal-de-transporte-no-komunikasoens-d\/#breadcrumb"},"inLanguage":"pt-PT","potentialAction":[{"@type":"ReadAction","target":["https:\/\/estatal.gov.tl\/image-gallery\/segunda-feira-16-marsu-2026-s-e-primeiru-ministro-kayrala-xanana-gusmao-hamutuk-ho-membro-governo-da-sia-halao-inagurasaun-ofisial-ba-edifisiu-dirasaun-munisipal-de-transporte-no-komunikasoens-d\/"]}]},{"@type":"ImageObject","inLanguage":"pt-PT","@id":"https:\/\/estatal.gov.tl\/image-gallery\/segunda-feira-16-marsu-2026-s-e-primeiru-ministro-kayrala-xanana-gusmao-hamutuk-ho-membro-governo-da-sia-halao-inagurasaun-ofisial-ba-edifisiu-dirasaun-munisipal-de-transporte-no-komunikasoens-d\/#primaryimage","url":"https:\/\/estatal.gov.tl\/wp-content\/uploads\/2026\/03\/IMG-20260323-WA0163.jpg","contentUrl":"https:\/\/estatal.gov.tl\/wp-content\/uploads\/2026\/03\/IMG-20260323-WA0163.jpg","width":1280,"height":1034},{"@type":"BreadcrumbList","@id":"https:\/\/estatal.gov.tl\/image-gallery\/segunda-feira-16-marsu-2026-s-e-primeiru-ministro-kayrala-xanana-gusmao-hamutuk-ho-membro-governo-da-sia-halao-inagurasaun-ofisial-ba-edifisiu-dirasaun-munisipal-de-transporte-no-komunikasoens-d\/#breadcrumb","itemListElement":[{"@type":"ListItem","position":1,"name":"Home","item":"https:\/\/estatal.gov.tl\/pt\/"},{"@type":"ListItem","position":2,"name":"Galleries","item":"https:\/\/estatal.gov.tl\/image-gallery\/"},{"@type":"ListItem","position":3,"name":"S.E Primeiru Ministro Kay Rala Xanana Gusm\u00e3o, hamutuk ho Membro Governo Da-Sia hala&#8217;o Inagurasaun ofisi\u00e1l ba edifisiu Dirasaun Munisip\u00e1l de Transporte no Komunikasoens, DMTC iha Munis\u00edpiu Lautem."}]},{"@type":"WebSite","@id":"https:\/\/estatal.gov.tl\/pt\/#website","url":"https:\/\/estatal.gov.tl\/pt\/","name":"{:tm}Minist\u00e9riu Administrasaun Estatal{:}{:pt}Minist\u00e9rio da Administra\u00e7\u00e3o Estatal{:}{:en}Ministry of State Administration{:}","description":"Minist\u00e9rio da Administra\u00e7\u00e3o Estatal","publisher":{"@id":"https:\/\/estatal.gov.tl\/pt\/#organization"},"potentialAction":[{"@type":"SearchAction","target":{"@type":"EntryPoint","urlTemplate":"https:\/\/estatal.gov.tl\/pt\/?s={search_term_string}"},"query-input":{"@type":"PropertyValueSpecification","valueRequired":true,"valueName":"search_term_string"}}],"inLanguage":"pt-PT"},{"@type":"Organization","@id":"https:\/\/estatal.gov.tl\/pt\/#organization","name":"{:tm}Minist\u00e9riu Administrasaun Estatal{:}{:pt}Minist\u00e9rio da Administra\u00e7\u00e3o Estatal{:}{:en}Ministry of State Administration{:}","url":"https:\/\/estatal.gov.tl\/pt\/","logo":{"@type":"ImageObject","inLanguage":"pt-PT","@id":"https:\/\/estatal.gov.tl\/pt\/#\/schema\/logo\/image\/","url":"https:\/\/estatal.gov.tl\/wp-content\/uploads\/2024\/09\/logo-municipality-1.png","contentUrl":"https:\/\/estatal.gov.tl\/wp-content\/uploads\/2024\/09\/logo-municipality-1.png","width":250,"height":228,"caption":"{:tm}Minist\u00e9riu Administrasaun Estatal{:}{:pt}Minist\u00e9rio da Administra\u00e7\u00e3o Estatal{:}{:en}Ministry of State Administration{:}"},"image":{"@id":"https:\/\/estatal.gov.tl\/pt\/#\/schema\/logo\/image\/"}}]}},"_links":{"self":[{"href":"https:\/\/estatal.gov.tl\/pt\/wp-json\/wp\/v2\/image-gallery\/19934","targetHints":{"allow":["GET"]}}],"collection":[{"href":"https:\/\/estatal.gov.tl\/pt\/wp-json\/wp\/v2\/image-gallery"}],"about":[{"href":"https:\/\/estatal.gov.tl\/pt\/wp-json\/wp\/v2\/types\/image-gallery"}],"wp:featuredmedia":[{"embeddable":true,"href":"https:\/\/estatal.gov.tl\/pt\/wp-json\/wp\/v2\/media\/19916"}],"wp:attachment":[{"href":"https:\/\/estatal.gov.tl\/pt\/wp-json\/wp\/v2\/media?parent=19934"}],"curies":[{"name":"wp","href":"https:\/\/api.w.org\/{rel}","templated":true}]}}