{"id":20154,"date":"2026-03-11T16:30:09","date_gmt":"2026-03-11T07:30:09","guid":{"rendered":"https:\/\/estatal.gov.tl\/?post_type=image-gallery&#038;p=20154"},"modified":"2026-03-31T09:43:05","modified_gmt":"2026-03-31T00:43:05","slug":"lautem-quarta-feira-11-marsu-2026-s-e-vise-ministru-administrasaun-estatal-jacinto-rigoberto-gomes-de-deus-halao-enkontru-koordenasaun-ba-estrutura-prezidente-autoridade-munisipiu-lautem-sr","status":"publish","type":"image-gallery","link":"https:\/\/estatal.gov.tl\/pt\/image-gallery\/lautem-quarta-feira-11-marsu-2026-s-e-vise-ministru-administrasaun-estatal-jacinto-rigoberto-gomes-de-deus-halao-enkontru-koordenasaun-ba-estrutura-prezidente-autoridade-munisipiu-lautem-sr\/","title":{"rendered":"S.E. Vise- Ministru Administrasaun Estat\u00e1l, Jacinto Rigoberto Gomes de Deus, hala&#8217;o enkontru koordenasaun ba estrutura Prezidente Autoridade Munis\u00edpiu Lautem Sr. M\u00e9lio de Jesus SH hodi halo preparasaun ba vizita ofisi\u00e1l husi S.E. Primeiru-Ministru, Kay Rala Xanana Gusm\u00e3o."},"content":{"rendered":"<style type=\"text\/css\">\n#foogallery-gallery-20130 .fg-image { width: 270px; }\n#foogallery-gallery-20130 { --fg-gutter: 10px; }<\/style>\n\t\t\t<div class=\"foogallery foogallery-container foogallery-default foogallery-lightbox-foogallery fg-center fg-default fg-ready fg-light fg-shadow-medium fg-loading-default fg-loaded-fade-in fg-preset fg-brad fg-preset-small fg-preset fg-brad fg-preset-small\" id=\"foogallery-gallery-20130\" data-foogallery=\"{&quot;item&quot;:{&quot;showCaptionTitle&quot;:true,&quot;showCaptionDescription&quot;:true},&quot;lazy&quot;:true}\" data-foogallery-lightbox=\"{&quot;thumbs&quot;:&quot;bottom&quot;,&quot;thumbsCaptions&quot;:false,&quot;thumbsBestFit&quot;:false,&quot;thumbsSmall&quot;:false,&quot;thumbsCaptionsAlign&quot;:&quot;default&quot;,&quot;info&quot;:&quot;bottom&quot;,&quot;infoVisible&quot;:true,&quot;infoOverlay&quot;:true,&quot;infoAlign&quot;:&quot;default&quot;,&quot;transition&quot;:&quot;fade&quot;,&quot;hoverButtons&quot;:false,&quot;fitMedia&quot;:false,&quot;noScrollbars&quot;:true,&quot;preserveButtonSpace&quot;:true,&quot;buttons&quot;:{&quot;fullscreen&quot;:true,&quot;info&quot;:true,&quot;thumbs&quot;:false},&quot;video&quot;:{&quot;autoPlay&quot;:true}}\" style=\"--fg-title-line-clamp: 1; --fg-description-line-clamp: 2;\" >\n\t<div class=\"fg-item fg-type-image fg-idle\"><figure class=\"fg-item-inner\"><a href=\"https:\/\/estatal.gov.tl\/wp-content\/uploads\/2026\/03\/IMG-20260323-WA0327.jpg\" data-attachment-id=\"20132\" data-type=\"image\" class=\"fg-thumb\"><span class=\"fg-image-wrap\"><img fetchpriority=\"high\" decoding=\"async\" width=\"270\" height=\"230\" class=\"skip-lazy fg-image\" data-src-fg=\"https:\/\/estatal.gov.tl\/wp-content\/uploads\/cache\/2026\/03\/IMG-20260323-WA0327\/88510197.jpg\" src=\"data:image\/svg+xml,%3Csvg%20xmlns%3D%22http%3A%2F%2Fwww.w3.org%2F2000%2Fsvg%22%20width%3D%22270%22%20height%3D%22230%22%20viewBox%3D%220%200%20270%20230%22%3E%3C%2Fsvg%3E\" loading=\"eager\"><\/span><span class=\"fg-image-overlay\"><\/span><\/a><\/figure><div class=\"fg-loader\"><\/div><\/div><div class=\"fg-item fg-type-image fg-idle\"><figure class=\"fg-item-inner\"><a href=\"https:\/\/estatal.gov.tl\/wp-content\/uploads\/2026\/03\/IMG-20260323-WA0328.jpg\" data-attachment-id=\"20133\" data-type=\"image\" class=\"fg-thumb\"><span class=\"fg-image-wrap\"><img decoding=\"async\" width=\"270\" height=\"230\" class=\"skip-lazy fg-image\" data-src-fg=\"https:\/\/estatal.gov.tl\/wp-content\/uploads\/cache\/2026\/03\/IMG-20260323-WA0328\/2124204728.jpg\" src=\"data:image\/svg+xml,%3Csvg%20xmlns%3D%22http%3A%2F%2Fwww.w3.org%2F2000%2Fsvg%22%20width%3D%22270%22%20height%3D%22230%22%20viewBox%3D%220%200%20270%20230%22%3E%3C%2Fsvg%3E\" loading=\"eager\"><\/span><span class=\"fg-image-overlay\"><\/span><\/a><\/figure><div class=\"fg-loader\"><\/div><\/div><div class=\"fg-item fg-type-image fg-idle\"><figure class=\"fg-item-inner\"><a href=\"https:\/\/estatal.gov.tl\/wp-content\/uploads\/2026\/03\/IMG-20260323-WA0329.jpg\" data-attachment-id=\"20134\" data-type=\"image\" class=\"fg-thumb\"><span class=\"fg-image-wrap\"><img decoding=\"async\" width=\"270\" height=\"230\" class=\"skip-lazy fg-image\" data-src-fg=\"https:\/\/estatal.gov.tl\/wp-content\/uploads\/cache\/2026\/03\/IMG-20260323-WA0329\/1748198915.jpg\" src=\"data:image\/svg+xml,%3Csvg%20xmlns%3D%22http%3A%2F%2Fwww.w3.org%2F2000%2Fsvg%22%20width%3D%22270%22%20height%3D%22230%22%20viewBox%3D%220%200%20270%20230%22%3E%3C%2Fsvg%3E\" loading=\"eager\"><\/span><span class=\"fg-image-overlay\"><\/span><\/a><\/figure><div class=\"fg-loader\"><\/div><\/div><div class=\"fg-item fg-type-image fg-idle\"><figure class=\"fg-item-inner\"><a href=\"https:\/\/estatal.gov.tl\/wp-content\/uploads\/2026\/03\/IMG-20260323-WA0330.jpg\" data-attachment-id=\"20135\" data-type=\"image\" class=\"fg-thumb\"><span class=\"fg-image-wrap\"><img decoding=\"async\" width=\"270\" height=\"230\" class=\"skip-lazy fg-image\" data-src-fg=\"https:\/\/estatal.gov.tl\/wp-content\/uploads\/cache\/2026\/03\/IMG-20260323-WA0330\/3271376778.jpg\" src=\"data:image\/svg+xml,%3Csvg%20xmlns%3D%22http%3A%2F%2Fwww.w3.org%2F2000%2Fsvg%22%20width%3D%22270%22%20height%3D%22230%22%20viewBox%3D%220%200%20270%20230%22%3E%3C%2Fsvg%3E\" loading=\"eager\"><\/span><span class=\"fg-image-overlay\"><\/span><\/a><\/figure><div class=\"fg-loader\"><\/div><\/div><div class=\"fg-item fg-type-image fg-idle\"><figure class=\"fg-item-inner\"><a href=\"https:\/\/estatal.gov.tl\/wp-content\/uploads\/2026\/03\/IMG-20260323-WA0331.jpg\" data-attachment-id=\"20136\" data-type=\"image\" class=\"fg-thumb\"><span class=\"fg-image-wrap\"><img decoding=\"async\" width=\"270\" height=\"230\" class=\"skip-lazy fg-image\" data-src-fg=\"https:\/\/estatal.gov.tl\/wp-content\/uploads\/cache\/2026\/03\/IMG-20260323-WA0331\/841532022.jpg\" src=\"data:image\/svg+xml,%3Csvg%20xmlns%3D%22http%3A%2F%2Fwww.w3.org%2F2000%2Fsvg%22%20width%3D%22270%22%20height%3D%22230%22%20viewBox%3D%220%200%20270%20230%22%3E%3C%2Fsvg%3E\" loading=\"eager\"><\/span><span class=\"fg-image-overlay\"><\/span><\/a><\/figure><div class=\"fg-loader\"><\/div><\/div><div class=\"fg-item fg-type-image fg-idle\"><figure class=\"fg-item-inner\"><a href=\"https:\/\/estatal.gov.tl\/wp-content\/uploads\/2026\/03\/IMG-20260323-WA0332.jpg\" data-attachment-id=\"20137\" data-type=\"image\" class=\"fg-thumb\"><span class=\"fg-image-wrap\"><img decoding=\"async\" width=\"270\" height=\"230\" class=\"skip-lazy fg-image\" data-src-fg=\"https:\/\/estatal.gov.tl\/wp-content\/uploads\/cache\/2026\/03\/IMG-20260323-WA0332\/509449076.jpg\" src=\"data:image\/svg+xml,%3Csvg%20xmlns%3D%22http%3A%2F%2Fwww.w3.org%2F2000%2Fsvg%22%20width%3D%22270%22%20height%3D%22230%22%20viewBox%3D%220%200%20270%20230%22%3E%3C%2Fsvg%3E\" loading=\"eager\"><\/span><span class=\"fg-image-overlay\"><\/span><\/a><\/figure><div class=\"fg-loader\"><\/div><\/div><div class=\"fg-item fg-type-image fg-idle\"><figure class=\"fg-item-inner\"><a href=\"https:\/\/estatal.gov.tl\/wp-content\/uploads\/2026\/03\/IMG-20260323-WA0333.jpg\" data-attachment-id=\"20138\" data-type=\"image\" class=\"fg-thumb\"><span class=\"fg-image-wrap\"><img decoding=\"async\" width=\"270\" height=\"230\" class=\"skip-lazy fg-image\" data-src-fg=\"https:\/\/estatal.gov.tl\/wp-content\/uploads\/cache\/2026\/03\/IMG-20260323-WA0333\/527932160.jpg\" src=\"data:image\/svg+xml,%3Csvg%20xmlns%3D%22http%3A%2F%2Fwww.w3.org%2F2000%2Fsvg%22%20width%3D%22270%22%20height%3D%22230%22%20viewBox%3D%220%200%20270%20230%22%3E%3C%2Fsvg%3E\" loading=\"eager\"><\/span><span class=\"fg-image-overlay\"><\/span><\/a><\/figure><div class=\"fg-loader\"><\/div><\/div><div class=\"fg-item fg-type-image fg-idle\"><figure class=\"fg-item-inner\"><a href=\"https:\/\/estatal.gov.tl\/wp-content\/uploads\/2026\/03\/IMG-20260323-WA0334.jpg\" data-attachment-id=\"20139\" data-type=\"image\" class=\"fg-thumb\"><span class=\"fg-image-wrap\"><img decoding=\"async\" width=\"270\" height=\"230\" class=\"skip-lazy fg-image\" data-src-fg=\"https:\/\/estatal.gov.tl\/wp-content\/uploads\/cache\/2026\/03\/IMG-20260323-WA0334\/3074999544.jpg\" src=\"data:image\/svg+xml,%3Csvg%20xmlns%3D%22http%3A%2F%2Fwww.w3.org%2F2000%2Fsvg%22%20width%3D%22270%22%20height%3D%22230%22%20viewBox%3D%220%200%20270%20230%22%3E%3C%2Fsvg%3E\" loading=\"eager\"><\/span><span class=\"fg-image-overlay\"><\/span><\/a><\/figure><div class=\"fg-loader\"><\/div><\/div><div class=\"fg-item fg-type-image fg-idle\"><figure class=\"fg-item-inner\"><a href=\"https:\/\/estatal.gov.tl\/wp-content\/uploads\/2026\/03\/IMG-20260323-WA0335.jpg\" data-attachment-id=\"20140\" data-type=\"image\" class=\"fg-thumb\"><span class=\"fg-image-wrap\"><img decoding=\"async\" width=\"270\" height=\"230\" class=\"skip-lazy fg-image\" data-src-fg=\"https:\/\/estatal.gov.tl\/wp-content\/uploads\/cache\/2026\/03\/IMG-20260323-WA0335\/2235819939.jpg\" src=\"data:image\/svg+xml,%3Csvg%20xmlns%3D%22http%3A%2F%2Fwww.w3.org%2F2000%2Fsvg%22%20width%3D%22270%22%20height%3D%22230%22%20viewBox%3D%220%200%20270%20230%22%3E%3C%2Fsvg%3E\" loading=\"eager\"><\/span><span class=\"fg-image-overlay\"><\/span><\/a><\/figure><div class=\"fg-loader\"><\/div><\/div><div class=\"fg-item fg-type-image fg-idle\"><figure class=\"fg-item-inner\"><a href=\"https:\/\/estatal.gov.tl\/wp-content\/uploads\/2026\/03\/IMG-20260323-WA0336.jpg\" data-attachment-id=\"20141\" data-type=\"image\" class=\"fg-thumb\"><span class=\"fg-image-wrap\"><img decoding=\"async\" width=\"270\" height=\"230\" class=\"skip-lazy fg-image\" data-src-fg=\"https:\/\/estatal.gov.tl\/wp-content\/uploads\/cache\/2026\/03\/IMG-20260323-WA0336\/2838935201.jpg\" src=\"data:image\/svg+xml,%3Csvg%20xmlns%3D%22http%3A%2F%2Fwww.w3.org%2F2000%2Fsvg%22%20width%3D%22270%22%20height%3D%22230%22%20viewBox%3D%220%200%20270%20230%22%3E%3C%2Fsvg%3E\" loading=\"eager\"><\/span><span class=\"fg-image-overlay\"><\/span><\/a><\/figure><div class=\"fg-loader\"><\/div><\/div><div class=\"fg-item fg-type-image fg-idle\"><figure class=\"fg-item-inner\"><a href=\"https:\/\/estatal.gov.tl\/wp-content\/uploads\/2026\/03\/IMG-20260323-WA0337.jpg\" data-attachment-id=\"20142\" data-type=\"image\" class=\"fg-thumb\"><span class=\"fg-image-wrap\"><img decoding=\"async\" width=\"270\" height=\"230\" class=\"skip-lazy fg-image\" data-src-fg=\"https:\/\/estatal.gov.tl\/wp-content\/uploads\/cache\/2026\/03\/IMG-20260323-WA0337\/1508068189.jpg\" src=\"data:image\/svg+xml,%3Csvg%20xmlns%3D%22http%3A%2F%2Fwww.w3.org%2F2000%2Fsvg%22%20width%3D%22270%22%20height%3D%22230%22%20viewBox%3D%220%200%20270%20230%22%3E%3C%2Fsvg%3E\" loading=\"eager\"><\/span><span class=\"fg-image-overlay\"><\/span><\/a><\/figure><div class=\"fg-loader\"><\/div><\/div><div class=\"fg-item fg-type-image fg-idle\"><figure class=\"fg-item-inner\"><a href=\"https:\/\/estatal.gov.tl\/wp-content\/uploads\/2026\/03\/IMG-20260323-WA0338.jpg\" data-attachment-id=\"20143\" data-type=\"image\" class=\"fg-thumb\"><span class=\"fg-image-wrap\"><img decoding=\"async\" width=\"270\" height=\"230\" class=\"skip-lazy fg-image\" data-src-fg=\"https:\/\/estatal.gov.tl\/wp-content\/uploads\/cache\/2026\/03\/IMG-20260323-WA0338\/574164752.jpg\" src=\"data:image\/svg+xml,%3Csvg%20xmlns%3D%22http%3A%2F%2Fwww.w3.org%2F2000%2Fsvg%22%20width%3D%22270%22%20height%3D%22230%22%20viewBox%3D%220%200%20270%20230%22%3E%3C%2Fsvg%3E\" loading=\"eager\"><\/span><span class=\"fg-image-overlay\"><\/span><\/a><\/figure><div class=\"fg-loader\"><\/div><\/div><div class=\"fg-item fg-type-image fg-idle\"><figure class=\"fg-item-inner\"><a href=\"https:\/\/estatal.gov.tl\/wp-content\/uploads\/2026\/03\/IMG-20260323-WA0339.jpg\" data-attachment-id=\"20144\" data-type=\"image\" class=\"fg-thumb\"><span class=\"fg-image-wrap\"><img decoding=\"async\" width=\"270\" height=\"230\" class=\"skip-lazy fg-image\" data-src-fg=\"https:\/\/estatal.gov.tl\/wp-content\/uploads\/cache\/2026\/03\/IMG-20260323-WA0339\/882287531.jpg\" src=\"data:image\/svg+xml,%3Csvg%20xmlns%3D%22http%3A%2F%2Fwww.w3.org%2F2000%2Fsvg%22%20width%3D%22270%22%20height%3D%22230%22%20viewBox%3D%220%200%20270%20230%22%3E%3C%2Fsvg%3E\" loading=\"eager\"><\/span><span class=\"fg-image-overlay\"><\/span><\/a><\/figure><div class=\"fg-loader\"><\/div><\/div><div class=\"fg-item fg-type-image fg-idle\"><figure class=\"fg-item-inner\"><a href=\"https:\/\/estatal.gov.tl\/wp-content\/uploads\/2026\/03\/IMG-20260323-WA0340.jpg\" data-attachment-id=\"20145\" data-type=\"image\" class=\"fg-thumb\"><span class=\"fg-image-wrap\"><img decoding=\"async\" width=\"270\" height=\"230\" class=\"skip-lazy fg-image\" data-src-fg=\"https:\/\/estatal.gov.tl\/wp-content\/uploads\/cache\/2026\/03\/IMG-20260323-WA0340\/3980559272.jpg\" src=\"data:image\/svg+xml,%3Csvg%20xmlns%3D%22http%3A%2F%2Fwww.w3.org%2F2000%2Fsvg%22%20width%3D%22270%22%20height%3D%22230%22%20viewBox%3D%220%200%20270%20230%22%3E%3C%2Fsvg%3E\" loading=\"eager\"><\/span><span class=\"fg-image-overlay\"><\/span><\/a><\/figure><div class=\"fg-loader\"><\/div><\/div><div class=\"fg-item fg-type-image fg-idle\"><figure class=\"fg-item-inner\"><a href=\"https:\/\/estatal.gov.tl\/wp-content\/uploads\/2026\/03\/IMG-20260323-WA0341.jpg\" data-attachment-id=\"20146\" data-type=\"image\" class=\"fg-thumb\"><span class=\"fg-image-wrap\"><img decoding=\"async\" width=\"270\" height=\"230\" class=\"skip-lazy fg-image\" data-src-fg=\"https:\/\/estatal.gov.tl\/wp-content\/uploads\/cache\/2026\/03\/IMG-20260323-WA0341\/496467540.jpg\" src=\"data:image\/svg+xml,%3Csvg%20xmlns%3D%22http%3A%2F%2Fwww.w3.org%2F2000%2Fsvg%22%20width%3D%22270%22%20height%3D%22230%22%20viewBox%3D%220%200%20270%20230%22%3E%3C%2Fsvg%3E\" loading=\"eager\"><\/span><span class=\"fg-image-overlay\"><\/span><\/a><\/figure><div class=\"fg-loader\"><\/div><\/div><div class=\"fg-item fg-type-image fg-idle\"><figure class=\"fg-item-inner\"><a href=\"https:\/\/estatal.gov.tl\/wp-content\/uploads\/2026\/03\/IMG-20260323-WA0342.jpg\" data-attachment-id=\"20147\" data-type=\"image\" class=\"fg-thumb\"><span class=\"fg-image-wrap\"><img decoding=\"async\" width=\"270\" height=\"230\" class=\"skip-lazy fg-image\" data-src-fg=\"https:\/\/estatal.gov.tl\/wp-content\/uploads\/cache\/2026\/03\/IMG-20260323-WA0342\/836906838.jpg\" src=\"data:image\/svg+xml,%3Csvg%20xmlns%3D%22http%3A%2F%2Fwww.w3.org%2F2000%2Fsvg%22%20width%3D%22270%22%20height%3D%22230%22%20viewBox%3D%220%200%20270%20230%22%3E%3C%2Fsvg%3E\" loading=\"eager\"><\/span><span class=\"fg-image-overlay\"><\/span><\/a><\/figure><div class=\"fg-loader\"><\/div><\/div><div class=\"fg-item fg-type-image fg-idle\"><figure class=\"fg-item-inner\"><a href=\"https:\/\/estatal.gov.tl\/wp-content\/uploads\/2026\/03\/IMG-20260323-WA0343.jpg\" data-attachment-id=\"20148\" data-type=\"image\" class=\"fg-thumb\"><span class=\"fg-image-wrap\"><img decoding=\"async\" width=\"270\" height=\"230\" class=\"skip-lazy fg-image\" data-src-fg=\"https:\/\/estatal.gov.tl\/wp-content\/uploads\/cache\/2026\/03\/IMG-20260323-WA0343\/818423586.jpg\" src=\"data:image\/svg+xml,%3Csvg%20xmlns%3D%22http%3A%2F%2Fwww.w3.org%2F2000%2Fsvg%22%20width%3D%22270%22%20height%3D%22230%22%20viewBox%3D%220%200%20270%20230%22%3E%3C%2Fsvg%3E\" loading=\"eager\"><\/span><span class=\"fg-image-overlay\"><\/span><\/a><\/figure><div class=\"fg-loader\"><\/div><\/div><div class=\"fg-item fg-type-image fg-idle\"><figure class=\"fg-item-inner\"><a href=\"https:\/\/estatal.gov.tl\/wp-content\/uploads\/2026\/03\/IMG-20260323-WA0344.jpg\" data-attachment-id=\"20149\" data-type=\"image\" class=\"fg-thumb\"><span class=\"fg-image-wrap\"><img decoding=\"async\" width=\"270\" height=\"230\" class=\"skip-lazy fg-image\" data-src-fg=\"https:\/\/estatal.gov.tl\/wp-content\/uploads\/cache\/2026\/03\/IMG-20260323-WA0344\/2566355162.jpg\" src=\"data:image\/svg+xml,%3Csvg%20xmlns%3D%22http%3A%2F%2Fwww.w3.org%2F2000%2Fsvg%22%20width%3D%22270%22%20height%3D%22230%22%20viewBox%3D%220%200%20270%20230%22%3E%3C%2Fsvg%3E\" loading=\"eager\"><\/span><span class=\"fg-image-overlay\"><\/span><\/a><\/figure><div class=\"fg-loader\"><\/div><\/div><div class=\"fg-item fg-type-image fg-idle\"><figure class=\"fg-item-inner\"><a href=\"https:\/\/estatal.gov.tl\/wp-content\/uploads\/2026\/03\/IMG-20260323-WA0345.jpg\" data-attachment-id=\"20150\" data-type=\"image\" class=\"fg-thumb\"><span class=\"fg-image-wrap\"><img decoding=\"async\" width=\"270\" height=\"230\" class=\"skip-lazy fg-image\" data-src-fg=\"https:\/\/estatal.gov.tl\/wp-content\/uploads\/cache\/2026\/03\/IMG-20260323-WA0345\/915251922.jpg\" src=\"data:image\/svg+xml,%3Csvg%20xmlns%3D%22http%3A%2F%2Fwww.w3.org%2F2000%2Fsvg%22%20width%3D%22270%22%20height%3D%22230%22%20viewBox%3D%220%200%20270%20230%22%3E%3C%2Fsvg%3E\" loading=\"eager\"><\/span><span class=\"fg-image-overlay\"><\/span><\/a><\/figure><div class=\"fg-loader\"><\/div><\/div><div class=\"fg-item fg-type-image fg-idle\"><figure class=\"fg-item-inner\"><a href=\"https:\/\/estatal.gov.tl\/wp-content\/uploads\/2026\/03\/IMG-20260323-WA0346.jpg\" data-attachment-id=\"20151\" data-type=\"image\" class=\"fg-thumb\"><span class=\"fg-image-wrap\"><img decoding=\"async\" width=\"270\" height=\"230\" class=\"skip-lazy fg-image\" data-src-fg=\"https:\/\/estatal.gov.tl\/wp-content\/uploads\/cache\/2026\/03\/IMG-20260323-WA0346\/452522960.jpg\" src=\"data:image\/svg+xml,%3Csvg%20xmlns%3D%22http%3A%2F%2Fwww.w3.org%2F2000%2Fsvg%22%20width%3D%22270%22%20height%3D%22230%22%20viewBox%3D%220%200%20270%20230%22%3E%3C%2Fsvg%3E\" loading=\"eager\"><\/span><span class=\"fg-image-overlay\"><\/span><\/a><\/figure><div class=\"fg-loader\"><\/div><\/div><div class=\"fg-item fg-type-image fg-idle\"><figure class=\"fg-item-inner\"><a href=\"https:\/\/estatal.gov.tl\/wp-content\/uploads\/2026\/03\/IMG-20260323-WA0347.jpg\" data-attachment-id=\"20152\" data-type=\"image\" class=\"fg-thumb\"><span class=\"fg-image-wrap\"><img decoding=\"async\" width=\"270\" height=\"230\" class=\"skip-lazy fg-image\" data-src-fg=\"https:\/\/estatal.gov.tl\/wp-content\/uploads\/cache\/2026\/03\/IMG-20260323-WA0347\/3928821292.jpg\" src=\"data:image\/svg+xml,%3Csvg%20xmlns%3D%22http%3A%2F%2Fwww.w3.org%2F2000%2Fsvg%22%20width%3D%22270%22%20height%3D%22230%22%20viewBox%3D%220%200%20270%20230%22%3E%3C%2Fsvg%3E\" loading=\"eager\"><\/span><span class=\"fg-image-overlay\"><\/span><\/a><\/figure><div class=\"fg-loader\"><\/div><\/div><div class=\"fg-item fg-type-image fg-idle\"><figure class=\"fg-item-inner\"><a href=\"https:\/\/estatal.gov.tl\/wp-content\/uploads\/2026\/03\/IMG-20260323-WA0348.jpg\" data-attachment-id=\"20153\" data-type=\"image\" class=\"fg-thumb\"><span class=\"fg-image-wrap\"><img decoding=\"async\" width=\"270\" height=\"230\" class=\"skip-lazy fg-image\" data-src-fg=\"https:\/\/estatal.gov.tl\/wp-content\/uploads\/cache\/2026\/03\/IMG-20260323-WA0348\/2448902753.jpg\" src=\"data:image\/svg+xml,%3Csvg%20xmlns%3D%22http%3A%2F%2Fwww.w3.org%2F2000%2Fsvg%22%20width%3D%22270%22%20height%3D%22230%22%20viewBox%3D%220%200%20270%20230%22%3E%3C%2Fsvg%3E\" loading=\"eager\"><\/span><span class=\"fg-image-overlay\"><\/span><\/a><\/figure><div class=\"fg-loader\"><\/div><\/div><\/div>\n\n","protected":false},"featured_media":20151,"template":"","class_list":["post-20154","image-gallery","type-image-gallery","status-publish","has-post-thumbnail","hentry"],"translation":{"provider":"WPGlobus","version":"3.0.0","language":"pt","enabled_languages":["tm","pt","en"],"languages":{"tm":{"title":true,"content":true,"excerpt":false},"pt":{"title":false,"content":false,"excerpt":false},"en":{"title":false,"content":false,"excerpt":false}}},"yoast_head":"<!-- This site is optimized with the Yoast SEO plugin v26.5 - https:\/\/yoast.com\/wordpress\/plugins\/seo\/ -->\n<title>S.E. Vise- Ministru Administrasaun Estat\u00e1l, Jacinto Rigoberto Gomes de Deus, hala&#039;o enkontru koordenasaun ba estrutura Prezidente Autoridade Munis\u00edpiu Lautem Sr. M\u00e9lio de Jesus SH hodi halo preparasaun ba vizita ofisi\u00e1l husi S.E. Primeiru-Ministru, Kay Rala Xanana Gusm\u00e3o. - Minist\u00e9rio da Administra\u00e7\u00e3o Estatal<\/title>\n<meta name=\"robots\" content=\"index, follow, max-snippet:-1, max-image-preview:large, max-video-preview:-1\" \/>\n<link rel=\"canonical\" href=\"https:\/\/estatal.gov.tl\/image-gallery\/lautem-quarta-feira-11-marsu-2026-s-e-vise-ministru-administrasaun-estatal-jacinto-rigoberto-gomes-de-deus-halao-enkontru-koordenasaun-ba-estrutura-prezidente-autoridade-munisipiu-lautem-sr\/\" \/>\n<meta property=\"og:locale\" content=\"pt_PT\" \/>\n<meta property=\"og:type\" content=\"article\" \/>\n<meta property=\"og:title\" content=\"S.E. Vise- Ministru Administrasaun Estat\u00e1l, Jacinto Rigoberto Gomes de Deus, hala&#039;o enkontru koordenasaun ba estrutura Prezidente Autoridade Munis\u00edpiu Lautem Sr. M\u00e9lio de Jesus SH hodi halo preparasaun ba vizita ofisi\u00e1l husi S.E. Primeiru-Ministru, Kay Rala Xanana Gusm\u00e3o. - Minist\u00e9rio da Administra\u00e7\u00e3o Estatal\" \/>\n<meta property=\"og:url\" content=\"https:\/\/estatal.gov.tl\/image-gallery\/lautem-quarta-feira-11-marsu-2026-s-e-vise-ministru-administrasaun-estatal-jacinto-rigoberto-gomes-de-deus-halao-enkontru-koordenasaun-ba-estrutura-prezidente-autoridade-munisipiu-lautem-sr\/\" \/>\n<meta property=\"og:site_name\" content=\"Minist\u00e9rio da Administra\u00e7\u00e3o Estatal\" \/>\n<meta property=\"article:modified_time\" content=\"2026-03-31T00:43:05+00:00\" \/>\n<meta property=\"og:image\" content=\"https:\/\/estatal.gov.tl\/wp-content\/uploads\/2026\/03\/IMG-20260323-WA0346.jpg\" \/>\n\t<meta property=\"og:image:width\" content=\"1080\" \/>\n\t<meta property=\"og:image:height\" content=\"720\" \/>\n\t<meta property=\"og:image:type\" content=\"image\/jpeg\" \/>\n<meta name=\"twitter:card\" content=\"summary_large_image\" \/>\n<meta name=\"twitter:label1\" content=\"Est. reading time\" \/>\n\t<meta name=\"twitter:data1\" content=\"1 minute\" \/>\n<script type=\"application\/ld+json\" class=\"yoast-schema-graph\">{\"@context\":\"https:\/\/schema.org\",\"@graph\":[{\"@type\":\"WebPage\",\"@id\":\"https:\/\/estatal.gov.tl\/image-gallery\/lautem-quarta-feira-11-marsu-2026-s-e-vise-ministru-administrasaun-estatal-jacinto-rigoberto-gomes-de-deus-halao-enkontru-koordenasaun-ba-estrutura-prezidente-autoridade-munisipiu-lautem-sr\/\",\"url\":\"https:\/\/estatal.gov.tl\/image-gallery\/lautem-quarta-feira-11-marsu-2026-s-e-vise-ministru-administrasaun-estatal-jacinto-rigoberto-gomes-de-deus-halao-enkontru-koordenasaun-ba-estrutura-prezidente-autoridade-munisipiu-lautem-sr\/\",\"name\":\"S.E. Vise- Ministru Administrasaun Estat\u00e1l, Jacinto Rigoberto Gomes de Deus, hala'o enkontru koordenasaun ba estrutura Prezidente Autoridade Munis\u00edpiu Lautem Sr. M\u00e9lio de Jesus SH hodi halo preparasaun ba vizita ofisi\u00e1l husi S.E. Primeiru-Ministru, Kay Rala Xanana Gusm\u00e3o. - Minist\u00e9rio da Administra\u00e7\u00e3o Estatal\",\"isPartOf\":{\"@id\":\"https:\/\/estatal.gov.tl\/pt\/#website\"},\"primaryImageOfPage\":{\"@id\":\"https:\/\/estatal.gov.tl\/image-gallery\/lautem-quarta-feira-11-marsu-2026-s-e-vise-ministru-administrasaun-estatal-jacinto-rigoberto-gomes-de-deus-halao-enkontru-koordenasaun-ba-estrutura-prezidente-autoridade-munisipiu-lautem-sr\/#primaryimage\"},\"image\":{\"@id\":\"https:\/\/estatal.gov.tl\/image-gallery\/lautem-quarta-feira-11-marsu-2026-s-e-vise-ministru-administrasaun-estatal-jacinto-rigoberto-gomes-de-deus-halao-enkontru-koordenasaun-ba-estrutura-prezidente-autoridade-munisipiu-lautem-sr\/#primaryimage\"},\"thumbnailUrl\":\"https:\/\/estatal.gov.tl\/wp-content\/uploads\/2026\/03\/IMG-20260323-WA0346.jpg\",\"datePublished\":\"2026-03-11T07:30:09+00:00\",\"dateModified\":\"2026-03-31T00:43:05+00:00\",\"breadcrumb\":{\"@id\":\"https:\/\/estatal.gov.tl\/image-gallery\/lautem-quarta-feira-11-marsu-2026-s-e-vise-ministru-administrasaun-estatal-jacinto-rigoberto-gomes-de-deus-halao-enkontru-koordenasaun-ba-estrutura-prezidente-autoridade-munisipiu-lautem-sr\/#breadcrumb\"},\"inLanguage\":\"pt-PT\",\"potentialAction\":[{\"@type\":\"ReadAction\",\"target\":[\"https:\/\/estatal.gov.tl\/image-gallery\/lautem-quarta-feira-11-marsu-2026-s-e-vise-ministru-administrasaun-estatal-jacinto-rigoberto-gomes-de-deus-halao-enkontru-koordenasaun-ba-estrutura-prezidente-autoridade-munisipiu-lautem-sr\/\"]}]},{\"@type\":\"ImageObject\",\"inLanguage\":\"pt-PT\",\"@id\":\"https:\/\/estatal.gov.tl\/image-gallery\/lautem-quarta-feira-11-marsu-2026-s-e-vise-ministru-administrasaun-estatal-jacinto-rigoberto-gomes-de-deus-halao-enkontru-koordenasaun-ba-estrutura-prezidente-autoridade-munisipiu-lautem-sr\/#primaryimage\",\"url\":\"https:\/\/estatal.gov.tl\/wp-content\/uploads\/2026\/03\/IMG-20260323-WA0346.jpg\",\"contentUrl\":\"https:\/\/estatal.gov.tl\/wp-content\/uploads\/2026\/03\/IMG-20260323-WA0346.jpg\",\"width\":1080,\"height\":720},{\"@type\":\"BreadcrumbList\",\"@id\":\"https:\/\/estatal.gov.tl\/image-gallery\/lautem-quarta-feira-11-marsu-2026-s-e-vise-ministru-administrasaun-estatal-jacinto-rigoberto-gomes-de-deus-halao-enkontru-koordenasaun-ba-estrutura-prezidente-autoridade-munisipiu-lautem-sr\/#breadcrumb\",\"itemListElement\":[{\"@type\":\"ListItem\",\"position\":1,\"name\":\"Home\",\"item\":\"https:\/\/estatal.gov.tl\/pt\/\"},{\"@type\":\"ListItem\",\"position\":2,\"name\":\"Galleries\",\"item\":\"https:\/\/estatal.gov.tl\/image-gallery\/\"},{\"@type\":\"ListItem\",\"position\":3,\"name\":\"S.E. Vise- Ministru Administrasaun Estat\u00e1l, Jacinto Rigoberto Gomes de Deus, hala&#8217;o enkontru koordenasaun ba estrutura Prezidente Autoridade Munis\u00edpiu Lautem Sr. M\u00e9lio de Jesus SH hodi halo preparasaun ba vizita ofisi\u00e1l husi S.E. Primeiru-Ministru, Kay Rala Xanana Gusm\u00e3o.\"}]},{\"@type\":\"WebSite\",\"@id\":\"https:\/\/estatal.gov.tl\/pt\/#website\",\"url\":\"https:\/\/estatal.gov.tl\/pt\/\",\"name\":\"{:tm}Minist\u00e9riu Administrasaun Estatal{:}{:pt}Minist\u00e9rio da Administra\u00e7\u00e3o Estatal{:}{:en}Ministry of State Administration{:}\",\"description\":\"Minist\u00e9rio da Administra\u00e7\u00e3o Estatal\",\"publisher\":{\"@id\":\"https:\/\/estatal.gov.tl\/pt\/#organization\"},\"potentialAction\":[{\"@type\":\"SearchAction\",\"target\":{\"@type\":\"EntryPoint\",\"urlTemplate\":\"https:\/\/estatal.gov.tl\/pt\/?s={search_term_string}\"},\"query-input\":{\"@type\":\"PropertyValueSpecification\",\"valueRequired\":true,\"valueName\":\"search_term_string\"}}],\"inLanguage\":\"pt-PT\"},{\"@type\":\"Organization\",\"@id\":\"https:\/\/estatal.gov.tl\/pt\/#organization\",\"name\":\"{:tm}Minist\u00e9riu Administrasaun Estatal{:}{:pt}Minist\u00e9rio da Administra\u00e7\u00e3o Estatal{:}{:en}Ministry of State Administration{:}\",\"url\":\"https:\/\/estatal.gov.tl\/pt\/\",\"logo\":{\"@type\":\"ImageObject\",\"inLanguage\":\"pt-PT\",\"@id\":\"https:\/\/estatal.gov.tl\/pt\/#\/schema\/logo\/image\/\",\"url\":\"https:\/\/estatal.gov.tl\/wp-content\/uploads\/2024\/09\/logo-municipality-1.png\",\"contentUrl\":\"https:\/\/estatal.gov.tl\/wp-content\/uploads\/2024\/09\/logo-municipality-1.png\",\"width\":250,\"height\":228,\"caption\":\"{:tm}Minist\u00e9riu Administrasaun Estatal{:}{:pt}Minist\u00e9rio da Administra\u00e7\u00e3o Estatal{:}{:en}Ministry of State Administration{:}\"},\"image\":{\"@id\":\"https:\/\/estatal.gov.tl\/pt\/#\/schema\/logo\/image\/\"}}]}<\/script>\n<!-- \/ Yoast SEO plugin. -->","yoast_head_json":{"title":"S.E. Vise- Ministru Administrasaun Estat\u00e1l, Jacinto Rigoberto Gomes de Deus, hala'o enkontru koordenasaun ba estrutura Prezidente Autoridade Munis\u00edpiu Lautem Sr. M\u00e9lio de Jesus SH hodi halo preparasaun ba vizita ofisi\u00e1l husi S.E. Primeiru-Ministru, Kay Rala Xanana Gusm\u00e3o. - Minist\u00e9rio da Administra\u00e7\u00e3o Estatal","robots":{"index":"index","follow":"follow","max-snippet":"max-snippet:-1","max-image-preview":"max-image-preview:large","max-video-preview":"max-video-preview:-1"},"canonical":"https:\/\/estatal.gov.tl\/image-gallery\/lautem-quarta-feira-11-marsu-2026-s-e-vise-ministru-administrasaun-estatal-jacinto-rigoberto-gomes-de-deus-halao-enkontru-koordenasaun-ba-estrutura-prezidente-autoridade-munisipiu-lautem-sr\/","og_locale":"pt_PT","og_type":"article","og_title":"S.E. Vise- Ministru Administrasaun Estat\u00e1l, Jacinto Rigoberto Gomes de Deus, hala'o enkontru koordenasaun ba estrutura Prezidente Autoridade Munis\u00edpiu Lautem Sr. M\u00e9lio de Jesus SH hodi halo preparasaun ba vizita ofisi\u00e1l husi S.E. Primeiru-Ministru, Kay Rala Xanana Gusm\u00e3o. - Minist\u00e9rio da Administra\u00e7\u00e3o Estatal","og_url":"https:\/\/estatal.gov.tl\/image-gallery\/lautem-quarta-feira-11-marsu-2026-s-e-vise-ministru-administrasaun-estatal-jacinto-rigoberto-gomes-de-deus-halao-enkontru-koordenasaun-ba-estrutura-prezidente-autoridade-munisipiu-lautem-sr\/","og_site_name":"Minist\u00e9rio da Administra\u00e7\u00e3o Estatal","article_modified_time":"2026-03-31T00:43:05+00:00","og_image":[{"width":1080,"height":720,"url":"https:\/\/estatal.gov.tl\/wp-content\/uploads\/2026\/03\/IMG-20260323-WA0346.jpg","type":"image\/jpeg"}],"twitter_card":"summary_large_image","twitter_misc":{"Est. reading time":"1 minute"},"schema":{"@context":"https:\/\/schema.org","@graph":[{"@type":"WebPage","@id":"https:\/\/estatal.gov.tl\/image-gallery\/lautem-quarta-feira-11-marsu-2026-s-e-vise-ministru-administrasaun-estatal-jacinto-rigoberto-gomes-de-deus-halao-enkontru-koordenasaun-ba-estrutura-prezidente-autoridade-munisipiu-lautem-sr\/","url":"https:\/\/estatal.gov.tl\/image-gallery\/lautem-quarta-feira-11-marsu-2026-s-e-vise-ministru-administrasaun-estatal-jacinto-rigoberto-gomes-de-deus-halao-enkontru-koordenasaun-ba-estrutura-prezidente-autoridade-munisipiu-lautem-sr\/","name":"S.E. Vise- Ministru Administrasaun Estat\u00e1l, Jacinto Rigoberto Gomes de Deus, hala'o enkontru koordenasaun ba estrutura Prezidente Autoridade Munis\u00edpiu Lautem Sr. M\u00e9lio de Jesus SH hodi halo preparasaun ba vizita ofisi\u00e1l husi S.E. Primeiru-Ministru, Kay Rala Xanana Gusm\u00e3o. - Minist\u00e9rio da Administra\u00e7\u00e3o Estatal","isPartOf":{"@id":"https:\/\/estatal.gov.tl\/pt\/#website"},"primaryImageOfPage":{"@id":"https:\/\/estatal.gov.tl\/image-gallery\/lautem-quarta-feira-11-marsu-2026-s-e-vise-ministru-administrasaun-estatal-jacinto-rigoberto-gomes-de-deus-halao-enkontru-koordenasaun-ba-estrutura-prezidente-autoridade-munisipiu-lautem-sr\/#primaryimage"},"image":{"@id":"https:\/\/estatal.gov.tl\/image-gallery\/lautem-quarta-feira-11-marsu-2026-s-e-vise-ministru-administrasaun-estatal-jacinto-rigoberto-gomes-de-deus-halao-enkontru-koordenasaun-ba-estrutura-prezidente-autoridade-munisipiu-lautem-sr\/#primaryimage"},"thumbnailUrl":"https:\/\/estatal.gov.tl\/wp-content\/uploads\/2026\/03\/IMG-20260323-WA0346.jpg","datePublished":"2026-03-11T07:30:09+00:00","dateModified":"2026-03-31T00:43:05+00:00","breadcrumb":{"@id":"https:\/\/estatal.gov.tl\/image-gallery\/lautem-quarta-feira-11-marsu-2026-s-e-vise-ministru-administrasaun-estatal-jacinto-rigoberto-gomes-de-deus-halao-enkontru-koordenasaun-ba-estrutura-prezidente-autoridade-munisipiu-lautem-sr\/#breadcrumb"},"inLanguage":"pt-PT","potentialAction":[{"@type":"ReadAction","target":["https:\/\/estatal.gov.tl\/image-gallery\/lautem-quarta-feira-11-marsu-2026-s-e-vise-ministru-administrasaun-estatal-jacinto-rigoberto-gomes-de-deus-halao-enkontru-koordenasaun-ba-estrutura-prezidente-autoridade-munisipiu-lautem-sr\/"]}]},{"@type":"ImageObject","inLanguage":"pt-PT","@id":"https:\/\/estatal.gov.tl\/image-gallery\/lautem-quarta-feira-11-marsu-2026-s-e-vise-ministru-administrasaun-estatal-jacinto-rigoberto-gomes-de-deus-halao-enkontru-koordenasaun-ba-estrutura-prezidente-autoridade-munisipiu-lautem-sr\/#primaryimage","url":"https:\/\/estatal.gov.tl\/wp-content\/uploads\/2026\/03\/IMG-20260323-WA0346.jpg","contentUrl":"https:\/\/estatal.gov.tl\/wp-content\/uploads\/2026\/03\/IMG-20260323-WA0346.jpg","width":1080,"height":720},{"@type":"BreadcrumbList","@id":"https:\/\/estatal.gov.tl\/image-gallery\/lautem-quarta-feira-11-marsu-2026-s-e-vise-ministru-administrasaun-estatal-jacinto-rigoberto-gomes-de-deus-halao-enkontru-koordenasaun-ba-estrutura-prezidente-autoridade-munisipiu-lautem-sr\/#breadcrumb","itemListElement":[{"@type":"ListItem","position":1,"name":"Home","item":"https:\/\/estatal.gov.tl\/pt\/"},{"@type":"ListItem","position":2,"name":"Galleries","item":"https:\/\/estatal.gov.tl\/image-gallery\/"},{"@type":"ListItem","position":3,"name":"S.E. Vise- Ministru Administrasaun Estat\u00e1l, Jacinto Rigoberto Gomes de Deus, hala&#8217;o enkontru koordenasaun ba estrutura Prezidente Autoridade Munis\u00edpiu Lautem Sr. M\u00e9lio de Jesus SH hodi halo preparasaun ba vizita ofisi\u00e1l husi S.E. Primeiru-Ministru, Kay Rala Xanana Gusm\u00e3o."}]},{"@type":"WebSite","@id":"https:\/\/estatal.gov.tl\/pt\/#website","url":"https:\/\/estatal.gov.tl\/pt\/","name":"{:tm}Minist\u00e9riu Administrasaun Estatal{:}{:pt}Minist\u00e9rio da Administra\u00e7\u00e3o Estatal{:}{:en}Ministry of State Administration{:}","description":"Minist\u00e9rio da Administra\u00e7\u00e3o Estatal","publisher":{"@id":"https:\/\/estatal.gov.tl\/pt\/#organization"},"potentialAction":[{"@type":"SearchAction","target":{"@type":"EntryPoint","urlTemplate":"https:\/\/estatal.gov.tl\/pt\/?s={search_term_string}"},"query-input":{"@type":"PropertyValueSpecification","valueRequired":true,"valueName":"search_term_string"}}],"inLanguage":"pt-PT"},{"@type":"Organization","@id":"https:\/\/estatal.gov.tl\/pt\/#organization","name":"{:tm}Minist\u00e9riu Administrasaun Estatal{:}{:pt}Minist\u00e9rio da Administra\u00e7\u00e3o Estatal{:}{:en}Ministry of State Administration{:}","url":"https:\/\/estatal.gov.tl\/pt\/","logo":{"@type":"ImageObject","inLanguage":"pt-PT","@id":"https:\/\/estatal.gov.tl\/pt\/#\/schema\/logo\/image\/","url":"https:\/\/estatal.gov.tl\/wp-content\/uploads\/2024\/09\/logo-municipality-1.png","contentUrl":"https:\/\/estatal.gov.tl\/wp-content\/uploads\/2024\/09\/logo-municipality-1.png","width":250,"height":228,"caption":"{:tm}Minist\u00e9riu Administrasaun Estatal{:}{:pt}Minist\u00e9rio da Administra\u00e7\u00e3o Estatal{:}{:en}Ministry of State Administration{:}"},"image":{"@id":"https:\/\/estatal.gov.tl\/pt\/#\/schema\/logo\/image\/"}}]}},"_links":{"self":[{"href":"https:\/\/estatal.gov.tl\/pt\/wp-json\/wp\/v2\/image-gallery\/20154","targetHints":{"allow":["GET"]}}],"collection":[{"href":"https:\/\/estatal.gov.tl\/pt\/wp-json\/wp\/v2\/image-gallery"}],"about":[{"href":"https:\/\/estatal.gov.tl\/pt\/wp-json\/wp\/v2\/types\/image-gallery"}],"wp:featuredmedia":[{"embeddable":true,"href":"https:\/\/estatal.gov.tl\/pt\/wp-json\/wp\/v2\/media\/20151"}],"wp:attachment":[{"href":"https:\/\/estatal.gov.tl\/pt\/wp-json\/wp\/v2\/media?parent=20154"}],"curies":[{"name":"wp","href":"https:\/\/api.w.org\/{rel}","templated":true}]}}