{"id":20342,"date":"2026-01-13T14:42:15","date_gmt":"2026-01-13T05:42:15","guid":{"rendered":"https:\/\/estatal.gov.tl\/?post_type=image-gallery&#038;p=20342"},"modified":"2026-03-31T09:42:28","modified_gmt":"2026-03-31T00:42:28","slug":"tersa-feira-13-de-janeiro-2026-s-e-ministru-mae-tomas-do-rosario-cabral-konvoka-reuniaun-ida-ho-presidente-autoridade-municipal-sira-inklui-presidente-autoridade-administrativa-atauro-iha-salaun-v","status":"publish","type":"image-gallery","link":"https:\/\/estatal.gov.tl\/pt\/image-gallery\/tersa-feira-13-de-janeiro-2026-s-e-ministru-mae-tomas-do-rosario-cabral-konvoka-reuniaun-ida-ho-presidente-autoridade-municipal-sira-inklui-presidente-autoridade-administrativa-atauro-iha-salaun-v\/","title":{"rendered":"S.E.Ministru MAE, konvoka reuniaun ida ho Presidente Autoridade Municipal sira inklui Presidente Autoridade Administrativa Atauro."},"content":{"rendered":"<style type=\"text\/css\">\n#foogallery-gallery-20328 .fg-image { width: 270px; }\n#foogallery-gallery-20328 { --fg-gutter: 10px; }<\/style>\n\t\t\t<div class=\"foogallery foogallery-container foogallery-default foogallery-lightbox-foogallery fg-center fg-m-col1 fg-default fg-ready fg-light fg-shadow-medium fg-loading-default fg-loaded-fade-in fg-preset fg-brad fg-preset-small fg-preset fg-brad fg-preset-small\" id=\"foogallery-gallery-20328\" data-foogallery=\"{&quot;item&quot;:{&quot;showCaptionTitle&quot;:true,&quot;showCaptionDescription&quot;:true},&quot;lazy&quot;:true}\" data-foogallery-lightbox=\"{&quot;thumbs&quot;:&quot;bottom&quot;,&quot;thumbsCaptions&quot;:false,&quot;thumbsBestFit&quot;:false,&quot;thumbsSmall&quot;:false,&quot;thumbsCaptionsAlign&quot;:&quot;default&quot;,&quot;info&quot;:&quot;bottom&quot;,&quot;infoVisible&quot;:true,&quot;infoOverlay&quot;:true,&quot;infoAlign&quot;:&quot;default&quot;,&quot;transition&quot;:&quot;fade&quot;,&quot;hoverButtons&quot;:false,&quot;fitMedia&quot;:false,&quot;noScrollbars&quot;:true,&quot;preserveButtonSpace&quot;:true,&quot;buttons&quot;:{&quot;fullscreen&quot;:true,&quot;info&quot;:true,&quot;thumbs&quot;:false},&quot;video&quot;:{&quot;autoPlay&quot;:true}}\" style=\"--fg-title-line-clamp: 1; --fg-description-line-clamp: 2;\" >\n\t<div class=\"fg-item fg-type-image fg-idle\"><figure class=\"fg-item-inner\"><a href=\"https:\/\/estatal.gov.tl\/wp-content\/uploads\/2026\/03\/7a529956-9c26-47b6-b787-648f0c7719a5.jpg\" data-attachment-id=\"20329\" data-type=\"image\" class=\"fg-thumb\"><span class=\"fg-image-wrap\"><img fetchpriority=\"high\" decoding=\"async\" width=\"270\" height=\"230\" class=\"skip-lazy fg-image\" data-src-fg=\"https:\/\/estatal.gov.tl\/wp-content\/uploads\/cache\/2026\/03\/7a529956-9c26-47b6-b787-648f0c7719a5\/2836338577.jpg\" src=\"data:image\/svg+xml,%3Csvg%20xmlns%3D%22http%3A%2F%2Fwww.w3.org%2F2000%2Fsvg%22%20width%3D%22270%22%20height%3D%22230%22%20viewBox%3D%220%200%20270%20230%22%3E%3C%2Fsvg%3E\" loading=\"eager\"><\/span><span class=\"fg-image-overlay\"><\/span><\/a><\/figure><div class=\"fg-loader\"><\/div><\/div><div class=\"fg-item fg-type-image fg-idle\"><figure class=\"fg-item-inner\"><a href=\"https:\/\/estatal.gov.tl\/wp-content\/uploads\/2026\/03\/8cb649f4-fcba-444e-bdb2-ad687846b1a2.jpg\" data-attachment-id=\"20330\" data-type=\"image\" class=\"fg-thumb\"><span class=\"fg-image-wrap\"><img decoding=\"async\" width=\"270\" height=\"230\" class=\"skip-lazy fg-image\" data-src-fg=\"https:\/\/estatal.gov.tl\/wp-content\/uploads\/cache\/2026\/03\/8cb649f4-fcba-444e-bdb2-ad687846b1a2\/2045574697.jpg\" src=\"data:image\/svg+xml,%3Csvg%20xmlns%3D%22http%3A%2F%2Fwww.w3.org%2F2000%2Fsvg%22%20width%3D%22270%22%20height%3D%22230%22%20viewBox%3D%220%200%20270%20230%22%3E%3C%2Fsvg%3E\" loading=\"eager\"><\/span><span class=\"fg-image-overlay\"><\/span><\/a><\/figure><div class=\"fg-loader\"><\/div><\/div><div class=\"fg-item fg-type-image fg-idle\"><figure class=\"fg-item-inner\"><a href=\"https:\/\/estatal.gov.tl\/wp-content\/uploads\/2026\/03\/8ce66f83-10ba-436b-a48c-8eaa8190cf4c.jpg\" data-attachment-id=\"20331\" data-type=\"image\" class=\"fg-thumb\"><span class=\"fg-image-wrap\"><img decoding=\"async\" width=\"270\" height=\"230\" class=\"skip-lazy fg-image\" data-src-fg=\"https:\/\/estatal.gov.tl\/wp-content\/uploads\/cache\/2026\/03\/8ce66f83-10ba-436b-a48c-8eaa8190cf4c\/105115575.jpg\" src=\"data:image\/svg+xml,%3Csvg%20xmlns%3D%22http%3A%2F%2Fwww.w3.org%2F2000%2Fsvg%22%20width%3D%22270%22%20height%3D%22230%22%20viewBox%3D%220%200%20270%20230%22%3E%3C%2Fsvg%3E\" loading=\"eager\"><\/span><span class=\"fg-image-overlay\"><\/span><\/a><\/figure><div class=\"fg-loader\"><\/div><\/div><div class=\"fg-item fg-type-image fg-idle\"><figure class=\"fg-item-inner\"><a href=\"https:\/\/estatal.gov.tl\/wp-content\/uploads\/2026\/03\/12a24602-e94b-437b-9fca-49e6a2e1b7d8.jpg\" data-attachment-id=\"20332\" data-type=\"image\" class=\"fg-thumb\"><span class=\"fg-image-wrap\"><img decoding=\"async\" width=\"270\" height=\"230\" class=\"skip-lazy fg-image\" data-src-fg=\"https:\/\/estatal.gov.tl\/wp-content\/uploads\/cache\/2026\/03\/12a24602-e94b-437b-9fca-49e6a2e1b7d8\/222585892.jpg\" src=\"data:image\/svg+xml,%3Csvg%20xmlns%3D%22http%3A%2F%2Fwww.w3.org%2F2000%2Fsvg%22%20width%3D%22270%22%20height%3D%22230%22%20viewBox%3D%220%200%20270%20230%22%3E%3C%2Fsvg%3E\" loading=\"eager\"><\/span><span class=\"fg-image-overlay\"><\/span><\/a><\/figure><div class=\"fg-loader\"><\/div><\/div><div class=\"fg-item fg-type-image fg-idle\"><figure class=\"fg-item-inner\"><a href=\"https:\/\/estatal.gov.tl\/wp-content\/uploads\/2026\/03\/23a758e8-8f6d-4a44-8b79-e17ba5b1f8a6.jpg\" data-attachment-id=\"20333\" data-type=\"image\" class=\"fg-thumb\"><span class=\"fg-image-wrap\"><img decoding=\"async\" width=\"270\" height=\"230\" class=\"skip-lazy fg-image\" data-src-fg=\"https:\/\/estatal.gov.tl\/wp-content\/uploads\/cache\/2026\/03\/23a758e8-8f6d-4a44-8b79-e17ba5b1f8a6\/3713795671.jpg\" src=\"data:image\/svg+xml,%3Csvg%20xmlns%3D%22http%3A%2F%2Fwww.w3.org%2F2000%2Fsvg%22%20width%3D%22270%22%20height%3D%22230%22%20viewBox%3D%220%200%20270%20230%22%3E%3C%2Fsvg%3E\" loading=\"eager\"><\/span><span class=\"fg-image-overlay\"><\/span><\/a><\/figure><div class=\"fg-loader\"><\/div><\/div><div class=\"fg-item fg-type-image fg-idle\"><figure class=\"fg-item-inner\"><a href=\"https:\/\/estatal.gov.tl\/wp-content\/uploads\/2026\/03\/884a7c74-76ba-45a0-b306-0bd7de5cf2f8.jpg\" data-attachment-id=\"20334\" data-type=\"image\" class=\"fg-thumb\"><span class=\"fg-image-wrap\"><img decoding=\"async\" width=\"270\" height=\"230\" class=\"skip-lazy fg-image\" data-src-fg=\"https:\/\/estatal.gov.tl\/wp-content\/uploads\/cache\/2026\/03\/884a7c74-76ba-45a0-b306-0bd7de5cf2f8\/1115077253.jpg\" src=\"data:image\/svg+xml,%3Csvg%20xmlns%3D%22http%3A%2F%2Fwww.w3.org%2F2000%2Fsvg%22%20width%3D%22270%22%20height%3D%22230%22%20viewBox%3D%220%200%20270%20230%22%3E%3C%2Fsvg%3E\" loading=\"eager\"><\/span><span class=\"fg-image-overlay\"><\/span><\/a><\/figure><div class=\"fg-loader\"><\/div><\/div><div class=\"fg-item fg-type-image fg-idle\"><figure class=\"fg-item-inner\"><a href=\"https:\/\/estatal.gov.tl\/wp-content\/uploads\/2026\/03\/05134b89-02dc-435d-af24-5b993fbbc41f.jpg\" data-attachment-id=\"20335\" data-type=\"image\" class=\"fg-thumb\"><span class=\"fg-image-wrap\"><img decoding=\"async\" width=\"270\" height=\"230\" class=\"skip-lazy fg-image\" data-src-fg=\"https:\/\/estatal.gov.tl\/wp-content\/uploads\/cache\/2026\/03\/05134b89-02dc-435d-af24-5b993fbbc41f\/3462515842.jpg\" src=\"data:image\/svg+xml,%3Csvg%20xmlns%3D%22http%3A%2F%2Fwww.w3.org%2F2000%2Fsvg%22%20width%3D%22270%22%20height%3D%22230%22%20viewBox%3D%220%200%20270%20230%22%3E%3C%2Fsvg%3E\" loading=\"eager\"><\/span><span class=\"fg-image-overlay\"><\/span><\/a><\/figure><div class=\"fg-loader\"><\/div><\/div><div class=\"fg-item fg-type-image fg-idle\"><figure class=\"fg-item-inner\"><a href=\"https:\/\/estatal.gov.tl\/wp-content\/uploads\/2026\/03\/9184a9ab-8079-4544-8a00-0f759425b814.jpg\" data-attachment-id=\"20336\" data-type=\"image\" class=\"fg-thumb\"><span class=\"fg-image-wrap\"><img decoding=\"async\" width=\"270\" height=\"230\" class=\"skip-lazy fg-image\" data-src-fg=\"https:\/\/estatal.gov.tl\/wp-content\/uploads\/cache\/2026\/03\/9184a9ab-8079-4544-8a00-0f759425b814\/4082320479.jpg\" src=\"data:image\/svg+xml,%3Csvg%20xmlns%3D%22http%3A%2F%2Fwww.w3.org%2F2000%2Fsvg%22%20width%3D%22270%22%20height%3D%22230%22%20viewBox%3D%220%200%20270%20230%22%3E%3C%2Fsvg%3E\" loading=\"eager\"><\/span><span class=\"fg-image-overlay\"><\/span><\/a><\/figure><div class=\"fg-loader\"><\/div><\/div><div class=\"fg-item fg-type-image fg-idle\"><figure class=\"fg-item-inner\"><a href=\"https:\/\/estatal.gov.tl\/wp-content\/uploads\/2026\/03\/8157126d-8cd0-4081-aa98-35fa27f45bc3.jpg\" data-attachment-id=\"20337\" data-type=\"image\" class=\"fg-thumb\"><span class=\"fg-image-wrap\"><img decoding=\"async\" width=\"270\" height=\"230\" class=\"skip-lazy fg-image\" data-src-fg=\"https:\/\/estatal.gov.tl\/wp-content\/uploads\/cache\/2026\/03\/8157126d-8cd0-4081-aa98-35fa27f45bc3\/3800592161.jpg\" src=\"data:image\/svg+xml,%3Csvg%20xmlns%3D%22http%3A%2F%2Fwww.w3.org%2F2000%2Fsvg%22%20width%3D%22270%22%20height%3D%22230%22%20viewBox%3D%220%200%20270%20230%22%3E%3C%2Fsvg%3E\" loading=\"eager\"><\/span><span class=\"fg-image-overlay\"><\/span><\/a><\/figure><div class=\"fg-loader\"><\/div><\/div><div class=\"fg-item fg-type-image fg-idle\"><figure class=\"fg-item-inner\"><a href=\"https:\/\/estatal.gov.tl\/wp-content\/uploads\/2026\/03\/a420ad5e-75df-4123-bf7c-3815672e6592.jpg\" data-attachment-id=\"20338\" data-type=\"image\" class=\"fg-thumb\"><span class=\"fg-image-wrap\"><img decoding=\"async\" width=\"270\" height=\"230\" class=\"skip-lazy fg-image\" data-src-fg=\"https:\/\/estatal.gov.tl\/wp-content\/uploads\/cache\/2026\/03\/a420ad5e-75df-4123-bf7c-3815672e6592\/407097617.jpg\" src=\"data:image\/svg+xml,%3Csvg%20xmlns%3D%22http%3A%2F%2Fwww.w3.org%2F2000%2Fsvg%22%20width%3D%22270%22%20height%3D%22230%22%20viewBox%3D%220%200%20270%20230%22%3E%3C%2Fsvg%3E\" loading=\"eager\"><\/span><span class=\"fg-image-overlay\"><\/span><\/a><\/figure><div class=\"fg-loader\"><\/div><\/div><div class=\"fg-item fg-type-image fg-idle\"><figure class=\"fg-item-inner\"><a href=\"https:\/\/estatal.gov.tl\/wp-content\/uploads\/2026\/03\/c1b55425-e96e-4722-bfa9-b44cc4f0039e.jpg\" data-attachment-id=\"20339\" data-type=\"image\" class=\"fg-thumb\"><span class=\"fg-image-wrap\"><img decoding=\"async\" width=\"270\" height=\"230\" class=\"skip-lazy fg-image\" data-src-fg=\"https:\/\/estatal.gov.tl\/wp-content\/uploads\/cache\/2026\/03\/c1b55425-e96e-4722-bfa9-b44cc4f0039e\/2188802397.jpg\" src=\"data:image\/svg+xml,%3Csvg%20xmlns%3D%22http%3A%2F%2Fwww.w3.org%2F2000%2Fsvg%22%20width%3D%22270%22%20height%3D%22230%22%20viewBox%3D%220%200%20270%20230%22%3E%3C%2Fsvg%3E\" loading=\"eager\"><\/span><span class=\"fg-image-overlay\"><\/span><\/a><\/figure><div class=\"fg-loader\"><\/div><\/div><div class=\"fg-item fg-type-image fg-idle\"><figure class=\"fg-item-inner\"><a href=\"https:\/\/estatal.gov.tl\/wp-content\/uploads\/2026\/03\/e6c29227-4ab8-4678-ba37-8732accaae65.jpg\" data-attachment-id=\"20340\" data-type=\"image\" class=\"fg-thumb\"><span class=\"fg-image-wrap\"><img decoding=\"async\" width=\"270\" height=\"230\" class=\"skip-lazy fg-image\" data-src-fg=\"https:\/\/estatal.gov.tl\/wp-content\/uploads\/cache\/2026\/03\/e6c29227-4ab8-4678-ba37-8732accaae65\/3767749817.jpg\" src=\"data:image\/svg+xml,%3Csvg%20xmlns%3D%22http%3A%2F%2Fwww.w3.org%2F2000%2Fsvg%22%20width%3D%22270%22%20height%3D%22230%22%20viewBox%3D%220%200%20270%20230%22%3E%3C%2Fsvg%3E\" loading=\"eager\"><\/span><span class=\"fg-image-overlay\"><\/span><\/a><\/figure><div class=\"fg-loader\"><\/div><\/div><div class=\"fg-item fg-type-image fg-idle\"><figure class=\"fg-item-inner\"><a href=\"https:\/\/estatal.gov.tl\/wp-content\/uploads\/2026\/03\/f7d8dd54-0adb-4316-9166-63895a522a04.jpg\" data-attachment-id=\"20341\" data-type=\"image\" class=\"fg-thumb\"><span class=\"fg-image-wrap\"><img decoding=\"async\" width=\"270\" height=\"230\" class=\"skip-lazy fg-image\" data-src-fg=\"https:\/\/estatal.gov.tl\/wp-content\/uploads\/cache\/2026\/03\/f7d8dd54-0adb-4316-9166-63895a522a04\/4237236006.jpg\" src=\"data:image\/svg+xml,%3Csvg%20xmlns%3D%22http%3A%2F%2Fwww.w3.org%2F2000%2Fsvg%22%20width%3D%22270%22%20height%3D%22230%22%20viewBox%3D%220%200%20270%20230%22%3E%3C%2Fsvg%3E\" loading=\"eager\"><\/span><span class=\"fg-image-overlay\"><\/span><\/a><\/figure><div class=\"fg-loader\"><\/div><\/div><\/div>\n\n","protected":false},"featured_media":20329,"template":"","class_list":["post-20342","image-gallery","type-image-gallery","status-publish","has-post-thumbnail","hentry"],"translation":{"provider":"WPGlobus","version":"3.0.0","language":"pt","enabled_languages":["tm","pt","en"],"languages":{"tm":{"title":true,"content":true,"excerpt":false},"pt":{"title":false,"content":false,"excerpt":false},"en":{"title":false,"content":false,"excerpt":false}}},"yoast_head":"<!-- This site is optimized with the Yoast SEO plugin v26.5 - https:\/\/yoast.com\/wordpress\/plugins\/seo\/ -->\n<title>S.E.Ministru MAE, konvoka reuniaun ida ho Presidente Autoridade Municipal sira inklui Presidente Autoridade Administrativa Atauro. - Minist\u00e9rio da Administra\u00e7\u00e3o Estatal<\/title>\n<meta name=\"robots\" content=\"index, follow, max-snippet:-1, max-image-preview:large, max-video-preview:-1\" \/>\n<link rel=\"canonical\" href=\"https:\/\/estatal.gov.tl\/image-gallery\/tersa-feira-13-de-janeiro-2026-s-e-ministru-mae-tomas-do-rosario-cabral-konvoka-reuniaun-ida-ho-presidente-autoridade-municipal-sira-inklui-presidente-autoridade-administrativa-atauro-iha-salaun-v\/\" \/>\n<meta property=\"og:locale\" content=\"pt_PT\" \/>\n<meta property=\"og:type\" content=\"article\" \/>\n<meta property=\"og:title\" content=\"S.E.Ministru MAE, konvoka reuniaun ida ho Presidente Autoridade Municipal sira inklui Presidente Autoridade Administrativa Atauro. - Minist\u00e9rio da Administra\u00e7\u00e3o Estatal\" \/>\n<meta property=\"og:url\" content=\"https:\/\/estatal.gov.tl\/image-gallery\/tersa-feira-13-de-janeiro-2026-s-e-ministru-mae-tomas-do-rosario-cabral-konvoka-reuniaun-ida-ho-presidente-autoridade-municipal-sira-inklui-presidente-autoridade-administrativa-atauro-iha-salaun-v\/\" \/>\n<meta property=\"og:site_name\" content=\"Minist\u00e9rio da Administra\u00e7\u00e3o Estatal\" \/>\n<meta property=\"article:modified_time\" content=\"2026-03-31T00:42:28+00:00\" \/>\n<meta property=\"og:image\" content=\"https:\/\/estatal.gov.tl\/wp-content\/uploads\/2026\/03\/7a529956-9c26-47b6-b787-648f0c7719a5.jpg\" \/>\n\t<meta property=\"og:image:width\" content=\"720\" \/>\n\t<meta property=\"og:image:height\" content=\"480\" \/>\n\t<meta property=\"og:image:type\" content=\"image\/jpeg\" \/>\n<meta name=\"twitter:card\" content=\"summary_large_image\" \/>\n<meta name=\"twitter:label1\" content=\"Est. reading time\" \/>\n\t<meta name=\"twitter:data1\" content=\"1 minute\" \/>\n<script type=\"application\/ld+json\" class=\"yoast-schema-graph\">{\"@context\":\"https:\/\/schema.org\",\"@graph\":[{\"@type\":\"WebPage\",\"@id\":\"https:\/\/estatal.gov.tl\/image-gallery\/tersa-feira-13-de-janeiro-2026-s-e-ministru-mae-tomas-do-rosario-cabral-konvoka-reuniaun-ida-ho-presidente-autoridade-municipal-sira-inklui-presidente-autoridade-administrativa-atauro-iha-salaun-v\/\",\"url\":\"https:\/\/estatal.gov.tl\/image-gallery\/tersa-feira-13-de-janeiro-2026-s-e-ministru-mae-tomas-do-rosario-cabral-konvoka-reuniaun-ida-ho-presidente-autoridade-municipal-sira-inklui-presidente-autoridade-administrativa-atauro-iha-salaun-v\/\",\"name\":\"S.E.Ministru MAE, konvoka reuniaun ida ho Presidente Autoridade Municipal sira inklui Presidente Autoridade Administrativa Atauro. - Minist\u00e9rio da Administra\u00e7\u00e3o Estatal\",\"isPartOf\":{\"@id\":\"https:\/\/estatal.gov.tl\/pt\/#website\"},\"primaryImageOfPage\":{\"@id\":\"https:\/\/estatal.gov.tl\/image-gallery\/tersa-feira-13-de-janeiro-2026-s-e-ministru-mae-tomas-do-rosario-cabral-konvoka-reuniaun-ida-ho-presidente-autoridade-municipal-sira-inklui-presidente-autoridade-administrativa-atauro-iha-salaun-v\/#primaryimage\"},\"image\":{\"@id\":\"https:\/\/estatal.gov.tl\/image-gallery\/tersa-feira-13-de-janeiro-2026-s-e-ministru-mae-tomas-do-rosario-cabral-konvoka-reuniaun-ida-ho-presidente-autoridade-municipal-sira-inklui-presidente-autoridade-administrativa-atauro-iha-salaun-v\/#primaryimage\"},\"thumbnailUrl\":\"https:\/\/estatal.gov.tl\/wp-content\/uploads\/2026\/03\/7a529956-9c26-47b6-b787-648f0c7719a5.jpg\",\"datePublished\":\"2026-01-13T05:42:15+00:00\",\"dateModified\":\"2026-03-31T00:42:28+00:00\",\"breadcrumb\":{\"@id\":\"https:\/\/estatal.gov.tl\/image-gallery\/tersa-feira-13-de-janeiro-2026-s-e-ministru-mae-tomas-do-rosario-cabral-konvoka-reuniaun-ida-ho-presidente-autoridade-municipal-sira-inklui-presidente-autoridade-administrativa-atauro-iha-salaun-v\/#breadcrumb\"},\"inLanguage\":\"pt-PT\",\"potentialAction\":[{\"@type\":\"ReadAction\",\"target\":[\"https:\/\/estatal.gov.tl\/image-gallery\/tersa-feira-13-de-janeiro-2026-s-e-ministru-mae-tomas-do-rosario-cabral-konvoka-reuniaun-ida-ho-presidente-autoridade-municipal-sira-inklui-presidente-autoridade-administrativa-atauro-iha-salaun-v\/\"]}]},{\"@type\":\"ImageObject\",\"inLanguage\":\"pt-PT\",\"@id\":\"https:\/\/estatal.gov.tl\/image-gallery\/tersa-feira-13-de-janeiro-2026-s-e-ministru-mae-tomas-do-rosario-cabral-konvoka-reuniaun-ida-ho-presidente-autoridade-municipal-sira-inklui-presidente-autoridade-administrativa-atauro-iha-salaun-v\/#primaryimage\",\"url\":\"https:\/\/estatal.gov.tl\/wp-content\/uploads\/2026\/03\/7a529956-9c26-47b6-b787-648f0c7719a5.jpg\",\"contentUrl\":\"https:\/\/estatal.gov.tl\/wp-content\/uploads\/2026\/03\/7a529956-9c26-47b6-b787-648f0c7719a5.jpg\",\"width\":720,\"height\":480},{\"@type\":\"BreadcrumbList\",\"@id\":\"https:\/\/estatal.gov.tl\/image-gallery\/tersa-feira-13-de-janeiro-2026-s-e-ministru-mae-tomas-do-rosario-cabral-konvoka-reuniaun-ida-ho-presidente-autoridade-municipal-sira-inklui-presidente-autoridade-administrativa-atauro-iha-salaun-v\/#breadcrumb\",\"itemListElement\":[{\"@type\":\"ListItem\",\"position\":1,\"name\":\"Home\",\"item\":\"https:\/\/estatal.gov.tl\/pt\/\"},{\"@type\":\"ListItem\",\"position\":2,\"name\":\"Galleries\",\"item\":\"https:\/\/estatal.gov.tl\/image-gallery\/\"},{\"@type\":\"ListItem\",\"position\":3,\"name\":\"S.E.Ministru MAE, konvoka reuniaun ida ho Presidente Autoridade Municipal sira inklui Presidente Autoridade Administrativa Atauro.\"}]},{\"@type\":\"WebSite\",\"@id\":\"https:\/\/estatal.gov.tl\/pt\/#website\",\"url\":\"https:\/\/estatal.gov.tl\/pt\/\",\"name\":\"{:tm}Minist\u00e9riu Administrasaun Estatal{:}{:pt}Minist\u00e9rio da Administra\u00e7\u00e3o Estatal{:}{:en}Ministry of State Administration{:}\",\"description\":\"Minist\u00e9rio da Administra\u00e7\u00e3o Estatal\",\"publisher\":{\"@id\":\"https:\/\/estatal.gov.tl\/pt\/#organization\"},\"potentialAction\":[{\"@type\":\"SearchAction\",\"target\":{\"@type\":\"EntryPoint\",\"urlTemplate\":\"https:\/\/estatal.gov.tl\/pt\/?s={search_term_string}\"},\"query-input\":{\"@type\":\"PropertyValueSpecification\",\"valueRequired\":true,\"valueName\":\"search_term_string\"}}],\"inLanguage\":\"pt-PT\"},{\"@type\":\"Organization\",\"@id\":\"https:\/\/estatal.gov.tl\/pt\/#organization\",\"name\":\"{:tm}Minist\u00e9riu Administrasaun Estatal{:}{:pt}Minist\u00e9rio da Administra\u00e7\u00e3o Estatal{:}{:en}Ministry of State Administration{:}\",\"url\":\"https:\/\/estatal.gov.tl\/pt\/\",\"logo\":{\"@type\":\"ImageObject\",\"inLanguage\":\"pt-PT\",\"@id\":\"https:\/\/estatal.gov.tl\/pt\/#\/schema\/logo\/image\/\",\"url\":\"https:\/\/estatal.gov.tl\/wp-content\/uploads\/2024\/09\/logo-municipality-1.png\",\"contentUrl\":\"https:\/\/estatal.gov.tl\/wp-content\/uploads\/2024\/09\/logo-municipality-1.png\",\"width\":250,\"height\":228,\"caption\":\"{:tm}Minist\u00e9riu Administrasaun Estatal{:}{:pt}Minist\u00e9rio da Administra\u00e7\u00e3o Estatal{:}{:en}Ministry of State Administration{:}\"},\"image\":{\"@id\":\"https:\/\/estatal.gov.tl\/pt\/#\/schema\/logo\/image\/\"}}]}<\/script>\n<!-- \/ Yoast SEO plugin. -->","yoast_head_json":{"title":"S.E.Ministru MAE, konvoka reuniaun ida ho Presidente Autoridade Municipal sira inklui Presidente Autoridade Administrativa Atauro. - Minist\u00e9rio da Administra\u00e7\u00e3o Estatal","robots":{"index":"index","follow":"follow","max-snippet":"max-snippet:-1","max-image-preview":"max-image-preview:large","max-video-preview":"max-video-preview:-1"},"canonical":"https:\/\/estatal.gov.tl\/image-gallery\/tersa-feira-13-de-janeiro-2026-s-e-ministru-mae-tomas-do-rosario-cabral-konvoka-reuniaun-ida-ho-presidente-autoridade-municipal-sira-inklui-presidente-autoridade-administrativa-atauro-iha-salaun-v\/","og_locale":"pt_PT","og_type":"article","og_title":"S.E.Ministru MAE, konvoka reuniaun ida ho Presidente Autoridade Municipal sira inklui Presidente Autoridade Administrativa Atauro. - Minist\u00e9rio da Administra\u00e7\u00e3o Estatal","og_url":"https:\/\/estatal.gov.tl\/image-gallery\/tersa-feira-13-de-janeiro-2026-s-e-ministru-mae-tomas-do-rosario-cabral-konvoka-reuniaun-ida-ho-presidente-autoridade-municipal-sira-inklui-presidente-autoridade-administrativa-atauro-iha-salaun-v\/","og_site_name":"Minist\u00e9rio da Administra\u00e7\u00e3o Estatal","article_modified_time":"2026-03-31T00:42:28+00:00","og_image":[{"width":720,"height":480,"url":"https:\/\/estatal.gov.tl\/wp-content\/uploads\/2026\/03\/7a529956-9c26-47b6-b787-648f0c7719a5.jpg","type":"image\/jpeg"}],"twitter_card":"summary_large_image","twitter_misc":{"Est. reading time":"1 minute"},"schema":{"@context":"https:\/\/schema.org","@graph":[{"@type":"WebPage","@id":"https:\/\/estatal.gov.tl\/image-gallery\/tersa-feira-13-de-janeiro-2026-s-e-ministru-mae-tomas-do-rosario-cabral-konvoka-reuniaun-ida-ho-presidente-autoridade-municipal-sira-inklui-presidente-autoridade-administrativa-atauro-iha-salaun-v\/","url":"https:\/\/estatal.gov.tl\/image-gallery\/tersa-feira-13-de-janeiro-2026-s-e-ministru-mae-tomas-do-rosario-cabral-konvoka-reuniaun-ida-ho-presidente-autoridade-municipal-sira-inklui-presidente-autoridade-administrativa-atauro-iha-salaun-v\/","name":"S.E.Ministru MAE, konvoka reuniaun ida ho Presidente Autoridade Municipal sira inklui Presidente Autoridade Administrativa Atauro. - Minist\u00e9rio da Administra\u00e7\u00e3o Estatal","isPartOf":{"@id":"https:\/\/estatal.gov.tl\/pt\/#website"},"primaryImageOfPage":{"@id":"https:\/\/estatal.gov.tl\/image-gallery\/tersa-feira-13-de-janeiro-2026-s-e-ministru-mae-tomas-do-rosario-cabral-konvoka-reuniaun-ida-ho-presidente-autoridade-municipal-sira-inklui-presidente-autoridade-administrativa-atauro-iha-salaun-v\/#primaryimage"},"image":{"@id":"https:\/\/estatal.gov.tl\/image-gallery\/tersa-feira-13-de-janeiro-2026-s-e-ministru-mae-tomas-do-rosario-cabral-konvoka-reuniaun-ida-ho-presidente-autoridade-municipal-sira-inklui-presidente-autoridade-administrativa-atauro-iha-salaun-v\/#primaryimage"},"thumbnailUrl":"https:\/\/estatal.gov.tl\/wp-content\/uploads\/2026\/03\/7a529956-9c26-47b6-b787-648f0c7719a5.jpg","datePublished":"2026-01-13T05:42:15+00:00","dateModified":"2026-03-31T00:42:28+00:00","breadcrumb":{"@id":"https:\/\/estatal.gov.tl\/image-gallery\/tersa-feira-13-de-janeiro-2026-s-e-ministru-mae-tomas-do-rosario-cabral-konvoka-reuniaun-ida-ho-presidente-autoridade-municipal-sira-inklui-presidente-autoridade-administrativa-atauro-iha-salaun-v\/#breadcrumb"},"inLanguage":"pt-PT","potentialAction":[{"@type":"ReadAction","target":["https:\/\/estatal.gov.tl\/image-gallery\/tersa-feira-13-de-janeiro-2026-s-e-ministru-mae-tomas-do-rosario-cabral-konvoka-reuniaun-ida-ho-presidente-autoridade-municipal-sira-inklui-presidente-autoridade-administrativa-atauro-iha-salaun-v\/"]}]},{"@type":"ImageObject","inLanguage":"pt-PT","@id":"https:\/\/estatal.gov.tl\/image-gallery\/tersa-feira-13-de-janeiro-2026-s-e-ministru-mae-tomas-do-rosario-cabral-konvoka-reuniaun-ida-ho-presidente-autoridade-municipal-sira-inklui-presidente-autoridade-administrativa-atauro-iha-salaun-v\/#primaryimage","url":"https:\/\/estatal.gov.tl\/wp-content\/uploads\/2026\/03\/7a529956-9c26-47b6-b787-648f0c7719a5.jpg","contentUrl":"https:\/\/estatal.gov.tl\/wp-content\/uploads\/2026\/03\/7a529956-9c26-47b6-b787-648f0c7719a5.jpg","width":720,"height":480},{"@type":"BreadcrumbList","@id":"https:\/\/estatal.gov.tl\/image-gallery\/tersa-feira-13-de-janeiro-2026-s-e-ministru-mae-tomas-do-rosario-cabral-konvoka-reuniaun-ida-ho-presidente-autoridade-municipal-sira-inklui-presidente-autoridade-administrativa-atauro-iha-salaun-v\/#breadcrumb","itemListElement":[{"@type":"ListItem","position":1,"name":"Home","item":"https:\/\/estatal.gov.tl\/pt\/"},{"@type":"ListItem","position":2,"name":"Galleries","item":"https:\/\/estatal.gov.tl\/image-gallery\/"},{"@type":"ListItem","position":3,"name":"S.E.Ministru MAE, konvoka reuniaun ida ho Presidente Autoridade Municipal sira inklui Presidente Autoridade Administrativa Atauro."}]},{"@type":"WebSite","@id":"https:\/\/estatal.gov.tl\/pt\/#website","url":"https:\/\/estatal.gov.tl\/pt\/","name":"{:tm}Minist\u00e9riu Administrasaun Estatal{:}{:pt}Minist\u00e9rio da Administra\u00e7\u00e3o Estatal{:}{:en}Ministry of State Administration{:}","description":"Minist\u00e9rio da Administra\u00e7\u00e3o Estatal","publisher":{"@id":"https:\/\/estatal.gov.tl\/pt\/#organization"},"potentialAction":[{"@type":"SearchAction","target":{"@type":"EntryPoint","urlTemplate":"https:\/\/estatal.gov.tl\/pt\/?s={search_term_string}"},"query-input":{"@type":"PropertyValueSpecification","valueRequired":true,"valueName":"search_term_string"}}],"inLanguage":"pt-PT"},{"@type":"Organization","@id":"https:\/\/estatal.gov.tl\/pt\/#organization","name":"{:tm}Minist\u00e9riu Administrasaun Estatal{:}{:pt}Minist\u00e9rio da Administra\u00e7\u00e3o Estatal{:}{:en}Ministry of State Administration{:}","url":"https:\/\/estatal.gov.tl\/pt\/","logo":{"@type":"ImageObject","inLanguage":"pt-PT","@id":"https:\/\/estatal.gov.tl\/pt\/#\/schema\/logo\/image\/","url":"https:\/\/estatal.gov.tl\/wp-content\/uploads\/2024\/09\/logo-municipality-1.png","contentUrl":"https:\/\/estatal.gov.tl\/wp-content\/uploads\/2024\/09\/logo-municipality-1.png","width":250,"height":228,"caption":"{:tm}Minist\u00e9riu Administrasaun Estatal{:}{:pt}Minist\u00e9rio da Administra\u00e7\u00e3o Estatal{:}{:en}Ministry of State Administration{:}"},"image":{"@id":"https:\/\/estatal.gov.tl\/pt\/#\/schema\/logo\/image\/"}}]}},"_links":{"self":[{"href":"https:\/\/estatal.gov.tl\/pt\/wp-json\/wp\/v2\/image-gallery\/20342","targetHints":{"allow":["GET"]}}],"collection":[{"href":"https:\/\/estatal.gov.tl\/pt\/wp-json\/wp\/v2\/image-gallery"}],"about":[{"href":"https:\/\/estatal.gov.tl\/pt\/wp-json\/wp\/v2\/types\/image-gallery"}],"wp:featuredmedia":[{"embeddable":true,"href":"https:\/\/estatal.gov.tl\/pt\/wp-json\/wp\/v2\/media\/20329"}],"wp:attachment":[{"href":"https:\/\/estatal.gov.tl\/pt\/wp-json\/wp\/v2\/media?parent=20342"}],"curies":[{"name":"wp","href":"https:\/\/api.w.org\/{rel}","templated":true}]}}