{"id":20888,"date":"2026-03-27T13:51:45","date_gmt":"2026-03-27T04:51:45","guid":{"rendered":"https:\/\/estatal.gov.tl\/?post_type=image-gallery&#038;p=20888"},"modified":"2026-04-01T13:53:37","modified_gmt":"2026-04-01T04:53:37","slug":"embaixador-indenesia-iha-timor-leste-okto-dorinus-manik-halao-visita-kortezia-ida-iha-ministeriu-adminisrasaun-estatal","status":"publish","type":"image-gallery","link":"https:\/\/estatal.gov.tl\/pt\/image-gallery\/embaixador-indenesia-iha-timor-leste-okto-dorinus-manik-halao-visita-kortezia-ida-iha-ministeriu-adminisrasaun-estatal\/","title":{"rendered":"Embaixador Inden\u00e9sia iha Timor-Leste, Okto Dorinus Manik, halao visita kortezia ida iha Ministeriu Adminisrasaun Estatal"},"content":{"rendered":"<style type=\"text\/css\">\n#foogallery-gallery-20855 .fg-image { width: 270px; }\n#foogallery-gallery-20855 { --fg-gutter: 10px; }<\/style>\n\t\t\t<div class=\"foogallery foogallery-container foogallery-default foogallery-lightbox-foogallery fg-center fg-default fg-ready fg-light fg-shadow-medium fg-loading-default fg-loaded-fade-in fg-preset fg-brad fg-preset-small fg-preset fg-brad fg-preset-small\" id=\"foogallery-gallery-20855\" data-foogallery=\"{&quot;item&quot;:{&quot;showCaptionTitle&quot;:true,&quot;showCaptionDescription&quot;:true},&quot;lazy&quot;:true}\" data-foogallery-lightbox=\"{&quot;thumbs&quot;:&quot;bottom&quot;,&quot;thumbsCaptions&quot;:false,&quot;thumbsBestFit&quot;:false,&quot;thumbsSmall&quot;:false,&quot;thumbsCaptionsAlign&quot;:&quot;default&quot;,&quot;info&quot;:&quot;bottom&quot;,&quot;infoVisible&quot;:true,&quot;infoOverlay&quot;:true,&quot;infoAlign&quot;:&quot;default&quot;,&quot;transition&quot;:&quot;fade&quot;,&quot;hoverButtons&quot;:false,&quot;fitMedia&quot;:false,&quot;noScrollbars&quot;:true,&quot;preserveButtonSpace&quot;:true,&quot;buttons&quot;:{&quot;fullscreen&quot;:true,&quot;info&quot;:true,&quot;thumbs&quot;:false},&quot;video&quot;:{&quot;autoPlay&quot;:true}}\" style=\"--fg-title-line-clamp: 1; --fg-description-line-clamp: 2;\" >\n\t<div class=\"fg-item fg-type-image fg-idle\"><figure class=\"fg-item-inner\"><a href=\"https:\/\/estatal.gov.tl\/wp-content\/uploads\/2026\/03\/IMG-20260327-WA0014.jpg\" data-attachment-id=\"20856\" data-type=\"image\" class=\"fg-thumb\"><span class=\"fg-image-wrap\"><img fetchpriority=\"high\" decoding=\"async\" width=\"270\" height=\"230\" class=\"skip-lazy fg-image\" data-src-fg=\"https:\/\/estatal.gov.tl\/wp-content\/uploads\/cache\/2026\/03\/IMG-20260327-WA0014\/3611044846.jpg\" src=\"data:image\/svg+xml,%3Csvg%20xmlns%3D%22http%3A%2F%2Fwww.w3.org%2F2000%2Fsvg%22%20width%3D%22270%22%20height%3D%22230%22%20viewBox%3D%220%200%20270%20230%22%3E%3C%2Fsvg%3E\" loading=\"eager\"><\/span><span class=\"fg-image-overlay\"><\/span><\/a><\/figure><div class=\"fg-loader\"><\/div><\/div><div class=\"fg-item fg-type-image fg-idle\"><figure class=\"fg-item-inner\"><a href=\"https:\/\/estatal.gov.tl\/wp-content\/uploads\/2026\/03\/IMG-20260327-WA0015.jpg\" data-attachment-id=\"20857\" data-type=\"image\" class=\"fg-thumb\"><span class=\"fg-image-wrap\"><img decoding=\"async\" width=\"270\" height=\"230\" class=\"skip-lazy fg-image\" data-src-fg=\"https:\/\/estatal.gov.tl\/wp-content\/uploads\/cache\/2026\/03\/IMG-20260327-WA0015\/3110894993.jpg\" src=\"data:image\/svg+xml,%3Csvg%20xmlns%3D%22http%3A%2F%2Fwww.w3.org%2F2000%2Fsvg%22%20width%3D%22270%22%20height%3D%22230%22%20viewBox%3D%220%200%20270%20230%22%3E%3C%2Fsvg%3E\" loading=\"eager\"><\/span><span class=\"fg-image-overlay\"><\/span><\/a><\/figure><div class=\"fg-loader\"><\/div><\/div><div class=\"fg-item fg-type-image fg-idle\"><figure class=\"fg-item-inner\"><a href=\"https:\/\/estatal.gov.tl\/wp-content\/uploads\/2026\/03\/IMG-20260327-WA0016.jpg\" data-attachment-id=\"20858\" data-type=\"image\" class=\"fg-thumb\"><span class=\"fg-image-wrap\"><img decoding=\"async\" width=\"270\" height=\"230\" class=\"skip-lazy fg-image\" data-src-fg=\"https:\/\/estatal.gov.tl\/wp-content\/uploads\/cache\/2026\/03\/IMG-20260327-WA0016\/4200821400.jpg\" src=\"data:image\/svg+xml,%3Csvg%20xmlns%3D%22http%3A%2F%2Fwww.w3.org%2F2000%2Fsvg%22%20width%3D%22270%22%20height%3D%22230%22%20viewBox%3D%220%200%20270%20230%22%3E%3C%2Fsvg%3E\" loading=\"eager\"><\/span><span class=\"fg-image-overlay\"><\/span><\/a><\/figure><div class=\"fg-loader\"><\/div><\/div><div class=\"fg-item fg-type-image fg-idle\"><figure class=\"fg-item-inner\"><a href=\"https:\/\/estatal.gov.tl\/wp-content\/uploads\/2026\/03\/IMG-20260327-WA0017.jpg\" data-attachment-id=\"20859\" data-type=\"image\" class=\"fg-thumb\"><span class=\"fg-image-wrap\"><img decoding=\"async\" width=\"270\" height=\"230\" class=\"skip-lazy fg-image\" data-src-fg=\"https:\/\/estatal.gov.tl\/wp-content\/uploads\/cache\/2026\/03\/IMG-20260327-WA0017\/2486379751.jpg\" src=\"data:image\/svg+xml,%3Csvg%20xmlns%3D%22http%3A%2F%2Fwww.w3.org%2F2000%2Fsvg%22%20width%3D%22270%22%20height%3D%22230%22%20viewBox%3D%220%200%20270%20230%22%3E%3C%2Fsvg%3E\" loading=\"eager\"><\/span><span class=\"fg-image-overlay\"><\/span><\/a><\/figure><div class=\"fg-loader\"><\/div><\/div><div class=\"fg-item fg-type-image fg-idle\"><figure class=\"fg-item-inner\"><a href=\"https:\/\/estatal.gov.tl\/wp-content\/uploads\/2026\/03\/IMG-20260327-WA0018.jpg\" data-attachment-id=\"20860\" data-type=\"image\" class=\"fg-thumb\"><span class=\"fg-image-wrap\"><img decoding=\"async\" width=\"270\" height=\"230\" class=\"skip-lazy fg-image\" data-src-fg=\"https:\/\/estatal.gov.tl\/wp-content\/uploads\/cache\/2026\/03\/IMG-20260327-WA0018\/1542241260.jpg\" src=\"data:image\/svg+xml,%3Csvg%20xmlns%3D%22http%3A%2F%2Fwww.w3.org%2F2000%2Fsvg%22%20width%3D%22270%22%20height%3D%22230%22%20viewBox%3D%220%200%20270%20230%22%3E%3C%2Fsvg%3E\" loading=\"eager\"><\/span><span class=\"fg-image-overlay\"><\/span><\/a><\/figure><div class=\"fg-loader\"><\/div><\/div><div class=\"fg-item fg-type-image fg-idle\"><figure class=\"fg-item-inner\"><a href=\"https:\/\/estatal.gov.tl\/wp-content\/uploads\/2026\/03\/IMG-20260327-WA0019.jpg\" data-attachment-id=\"20861\" data-type=\"image\" class=\"fg-thumb\"><span class=\"fg-image-wrap\"><img decoding=\"async\" width=\"270\" height=\"230\" class=\"skip-lazy fg-image\" data-src-fg=\"https:\/\/estatal.gov.tl\/wp-content\/uploads\/cache\/2026\/03\/IMG-20260327-WA0019\/901574035.jpg\" src=\"data:image\/svg+xml,%3Csvg%20xmlns%3D%22http%3A%2F%2Fwww.w3.org%2F2000%2Fsvg%22%20width%3D%22270%22%20height%3D%22230%22%20viewBox%3D%220%200%20270%20230%22%3E%3C%2Fsvg%3E\" loading=\"eager\"><\/span><span class=\"fg-image-overlay\"><\/span><\/a><\/figure><div class=\"fg-loader\"><\/div><\/div><div class=\"fg-item fg-type-image fg-idle\"><figure class=\"fg-item-inner\"><a href=\"https:\/\/estatal.gov.tl\/wp-content\/uploads\/2026\/03\/IMG-20260327-WA0020.jpg\" data-attachment-id=\"20862\" data-type=\"image\" class=\"fg-thumb\"><span class=\"fg-image-wrap\"><img decoding=\"async\" width=\"270\" height=\"230\" class=\"skip-lazy fg-image\" data-src-fg=\"https:\/\/estatal.gov.tl\/wp-content\/uploads\/cache\/2026\/03\/IMG-20260327-WA0020\/788608799.jpg\" src=\"data:image\/svg+xml,%3Csvg%20xmlns%3D%22http%3A%2F%2Fwww.w3.org%2F2000%2Fsvg%22%20width%3D%22270%22%20height%3D%22230%22%20viewBox%3D%220%200%20270%20230%22%3E%3C%2Fsvg%3E\" loading=\"eager\"><\/span><span class=\"fg-image-overlay\"><\/span><\/a><\/figure><div class=\"fg-loader\"><\/div><\/div><div class=\"fg-item fg-type-image fg-idle\"><figure class=\"fg-item-inner\"><a href=\"https:\/\/estatal.gov.tl\/wp-content\/uploads\/2026\/03\/IMG-20260327-WA0021.jpg\" data-attachment-id=\"20863\" data-type=\"image\" class=\"fg-thumb\"><span class=\"fg-image-wrap\"><img decoding=\"async\" width=\"270\" height=\"230\" class=\"skip-lazy fg-image\" data-src-fg=\"https:\/\/estatal.gov.tl\/wp-content\/uploads\/cache\/2026\/03\/IMG-20260327-WA0021\/1095852384.jpg\" src=\"data:image\/svg+xml,%3Csvg%20xmlns%3D%22http%3A%2F%2Fwww.w3.org%2F2000%2Fsvg%22%20width%3D%22270%22%20height%3D%22230%22%20viewBox%3D%220%200%20270%20230%22%3E%3C%2Fsvg%3E\" loading=\"eager\"><\/span><span class=\"fg-image-overlay\"><\/span><\/a><\/figure><div class=\"fg-loader\"><\/div><\/div><div class=\"fg-item fg-type-image fg-idle\"><figure class=\"fg-item-inner\"><a href=\"https:\/\/estatal.gov.tl\/wp-content\/uploads\/2026\/03\/IMG-20260327-WA0022.jpg\" data-attachment-id=\"20864\" data-type=\"image\" class=\"fg-thumb\"><span class=\"fg-image-wrap\"><img decoding=\"async\" width=\"270\" height=\"230\" class=\"skip-lazy fg-image\" data-src-fg=\"https:\/\/estatal.gov.tl\/wp-content\/uploads\/cache\/2026\/03\/IMG-20260327-WA0022\/366725798.jpg\" src=\"data:image\/svg+xml,%3Csvg%20xmlns%3D%22http%3A%2F%2Fwww.w3.org%2F2000%2Fsvg%22%20width%3D%22270%22%20height%3D%22230%22%20viewBox%3D%220%200%20270%20230%22%3E%3C%2Fsvg%3E\" loading=\"eager\"><\/span><span class=\"fg-image-overlay\"><\/span><\/a><\/figure><div class=\"fg-loader\"><\/div><\/div><div class=\"fg-item fg-type-image fg-idle\"><figure class=\"fg-item-inner\"><a href=\"https:\/\/estatal.gov.tl\/wp-content\/uploads\/2026\/03\/IMG-20260327-WA0023.jpg\" data-attachment-id=\"20865\" data-type=\"image\" class=\"fg-thumb\"><span class=\"fg-image-wrap\"><img decoding=\"async\" width=\"270\" height=\"230\" class=\"skip-lazy fg-image\" data-src-fg=\"https:\/\/estatal.gov.tl\/wp-content\/uploads\/cache\/2026\/03\/IMG-20260327-WA0023\/2072747225.jpg\" src=\"data:image\/svg+xml,%3Csvg%20xmlns%3D%22http%3A%2F%2Fwww.w3.org%2F2000%2Fsvg%22%20width%3D%22270%22%20height%3D%22230%22%20viewBox%3D%220%200%20270%20230%22%3E%3C%2Fsvg%3E\" loading=\"eager\"><\/span><span class=\"fg-image-overlay\"><\/span><\/a><\/figure><div class=\"fg-loader\"><\/div><\/div><div class=\"fg-item fg-type-image fg-idle\"><figure class=\"fg-item-inner\"><a href=\"https:\/\/estatal.gov.tl\/wp-content\/uploads\/2026\/03\/IMG-20260327-WA0024.jpg\" data-attachment-id=\"20866\" data-type=\"image\" class=\"fg-thumb\"><span class=\"fg-image-wrap\"><img decoding=\"async\" width=\"270\" height=\"230\" class=\"skip-lazy fg-image\" data-src-fg=\"https:\/\/estatal.gov.tl\/wp-content\/uploads\/cache\/2026\/03\/IMG-20260327-WA0024\/1295083682.jpg\" src=\"data:image\/svg+xml,%3Csvg%20xmlns%3D%22http%3A%2F%2Fwww.w3.org%2F2000%2Fsvg%22%20width%3D%22270%22%20height%3D%22230%22%20viewBox%3D%220%200%20270%20230%22%3E%3C%2Fsvg%3E\" loading=\"eager\"><\/span><span class=\"fg-image-overlay\"><\/span><\/a><\/figure><div class=\"fg-loader\"><\/div><\/div><div class=\"fg-item fg-type-image fg-idle\"><figure class=\"fg-item-inner\"><a href=\"https:\/\/estatal.gov.tl\/wp-content\/uploads\/2026\/03\/IMG-20260327-WA0025.jpg\" data-attachment-id=\"20867\" data-type=\"image\" class=\"fg-thumb\"><span class=\"fg-image-wrap\"><img decoding=\"async\" width=\"270\" height=\"230\" class=\"skip-lazy fg-image\" data-src-fg=\"https:\/\/estatal.gov.tl\/wp-content\/uploads\/cache\/2026\/03\/IMG-20260327-WA0025\/593575645.jpg\" src=\"data:image\/svg+xml,%3Csvg%20xmlns%3D%22http%3A%2F%2Fwww.w3.org%2F2000%2Fsvg%22%20width%3D%22270%22%20height%3D%22230%22%20viewBox%3D%220%200%20270%20230%22%3E%3C%2Fsvg%3E\" loading=\"eager\"><\/span><span class=\"fg-image-overlay\"><\/span><\/a><\/figure><div class=\"fg-loader\"><\/div><\/div><\/div>\n\n\n\n\n<p class=\"has-cyan-bluish-gray-color has-text-color has-link-color wp-elements-6c5da5ad5c0c7d23114e2fd94063cc6c\"><\/p>\n","protected":false},"featured_media":20856,"template":"","class_list":["post-20888","image-gallery","type-image-gallery","status-publish","has-post-thumbnail","hentry"],"translation":{"provider":"WPGlobus","version":"3.0.0","language":"pt","enabled_languages":["tm","pt","en"],"languages":{"tm":{"title":true,"content":true,"excerpt":false},"pt":{"title":false,"content":false,"excerpt":false},"en":{"title":false,"content":false,"excerpt":false}}},"yoast_head":"<!-- This site is optimized with the Yoast SEO plugin v26.5 - https:\/\/yoast.com\/wordpress\/plugins\/seo\/ -->\n<title>Embaixador Inden\u00e9sia iha Timor-Leste, Okto Dorinus Manik, halao visita kortezia ida iha Ministeriu Adminisrasaun Estatal - Minist\u00e9rio da Administra\u00e7\u00e3o Estatal<\/title>\n<meta name=\"robots\" content=\"index, follow, max-snippet:-1, max-image-preview:large, max-video-preview:-1\" \/>\n<link rel=\"canonical\" href=\"https:\/\/estatal.gov.tl\/image-gallery\/embaixador-indenesia-iha-timor-leste-okto-dorinus-manik-halao-visita-kortezia-ida-iha-ministeriu-adminisrasaun-estatal\/\" \/>\n<meta property=\"og:locale\" content=\"pt_PT\" \/>\n<meta property=\"og:type\" content=\"article\" \/>\n<meta property=\"og:title\" content=\"Embaixador Inden\u00e9sia iha Timor-Leste, Okto Dorinus Manik, halao visita kortezia ida iha Ministeriu Adminisrasaun Estatal - Minist\u00e9rio da Administra\u00e7\u00e3o Estatal\" \/>\n<meta property=\"og:url\" content=\"https:\/\/estatal.gov.tl\/image-gallery\/embaixador-indenesia-iha-timor-leste-okto-dorinus-manik-halao-visita-kortezia-ida-iha-ministeriu-adminisrasaun-estatal\/\" \/>\n<meta property=\"og:site_name\" content=\"Minist\u00e9rio da Administra\u00e7\u00e3o Estatal\" \/>\n<meta property=\"article:modified_time\" content=\"2026-04-01T04:53:37+00:00\" \/>\n<meta property=\"og:image\" content=\"https:\/\/estatal.gov.tl\/wp-content\/uploads\/2026\/03\/IMG-20260327-WA0014.jpg\" \/>\n\t<meta property=\"og:image:width\" content=\"1080\" \/>\n\t<meta property=\"og:image:height\" content=\"720\" \/>\n\t<meta property=\"og:image:type\" content=\"image\/jpeg\" \/>\n<meta name=\"twitter:card\" content=\"summary_large_image\" \/>\n<meta name=\"twitter:label1\" content=\"Est. reading time\" \/>\n\t<meta name=\"twitter:data1\" content=\"1 minute\" \/>\n<script type=\"application\/ld+json\" class=\"yoast-schema-graph\">{\"@context\":\"https:\/\/schema.org\",\"@graph\":[{\"@type\":\"WebPage\",\"@id\":\"https:\/\/estatal.gov.tl\/image-gallery\/embaixador-indenesia-iha-timor-leste-okto-dorinus-manik-halao-visita-kortezia-ida-iha-ministeriu-adminisrasaun-estatal\/\",\"url\":\"https:\/\/estatal.gov.tl\/image-gallery\/embaixador-indenesia-iha-timor-leste-okto-dorinus-manik-halao-visita-kortezia-ida-iha-ministeriu-adminisrasaun-estatal\/\",\"name\":\"Embaixador Inden\u00e9sia iha Timor-Leste, Okto Dorinus Manik, halao visita kortezia ida iha Ministeriu Adminisrasaun Estatal - Minist\u00e9rio da Administra\u00e7\u00e3o Estatal\",\"isPartOf\":{\"@id\":\"https:\/\/estatal.gov.tl\/pt\/#website\"},\"primaryImageOfPage\":{\"@id\":\"https:\/\/estatal.gov.tl\/image-gallery\/embaixador-indenesia-iha-timor-leste-okto-dorinus-manik-halao-visita-kortezia-ida-iha-ministeriu-adminisrasaun-estatal\/#primaryimage\"},\"image\":{\"@id\":\"https:\/\/estatal.gov.tl\/image-gallery\/embaixador-indenesia-iha-timor-leste-okto-dorinus-manik-halao-visita-kortezia-ida-iha-ministeriu-adminisrasaun-estatal\/#primaryimage\"},\"thumbnailUrl\":\"https:\/\/estatal.gov.tl\/wp-content\/uploads\/2026\/03\/IMG-20260327-WA0014.jpg\",\"datePublished\":\"2026-03-27T04:51:45+00:00\",\"dateModified\":\"2026-04-01T04:53:37+00:00\",\"breadcrumb\":{\"@id\":\"https:\/\/estatal.gov.tl\/image-gallery\/embaixador-indenesia-iha-timor-leste-okto-dorinus-manik-halao-visita-kortezia-ida-iha-ministeriu-adminisrasaun-estatal\/#breadcrumb\"},\"inLanguage\":\"pt-PT\",\"potentialAction\":[{\"@type\":\"ReadAction\",\"target\":[\"https:\/\/estatal.gov.tl\/image-gallery\/embaixador-indenesia-iha-timor-leste-okto-dorinus-manik-halao-visita-kortezia-ida-iha-ministeriu-adminisrasaun-estatal\/\"]}]},{\"@type\":\"ImageObject\",\"inLanguage\":\"pt-PT\",\"@id\":\"https:\/\/estatal.gov.tl\/image-gallery\/embaixador-indenesia-iha-timor-leste-okto-dorinus-manik-halao-visita-kortezia-ida-iha-ministeriu-adminisrasaun-estatal\/#primaryimage\",\"url\":\"https:\/\/estatal.gov.tl\/wp-content\/uploads\/2026\/03\/IMG-20260327-WA0014.jpg\",\"contentUrl\":\"https:\/\/estatal.gov.tl\/wp-content\/uploads\/2026\/03\/IMG-20260327-WA0014.jpg\",\"width\":1080,\"height\":720},{\"@type\":\"BreadcrumbList\",\"@id\":\"https:\/\/estatal.gov.tl\/image-gallery\/embaixador-indenesia-iha-timor-leste-okto-dorinus-manik-halao-visita-kortezia-ida-iha-ministeriu-adminisrasaun-estatal\/#breadcrumb\",\"itemListElement\":[{\"@type\":\"ListItem\",\"position\":1,\"name\":\"Home\",\"item\":\"https:\/\/estatal.gov.tl\/pt\/\"},{\"@type\":\"ListItem\",\"position\":2,\"name\":\"Galleries\",\"item\":\"https:\/\/estatal.gov.tl\/image-gallery\/\"},{\"@type\":\"ListItem\",\"position\":3,\"name\":\"Embaixador Inden\u00e9sia iha Timor-Leste, Okto Dorinus Manik, halao visita kortezia ida iha Ministeriu Adminisrasaun Estatal\"}]},{\"@type\":\"WebSite\",\"@id\":\"https:\/\/estatal.gov.tl\/pt\/#website\",\"url\":\"https:\/\/estatal.gov.tl\/pt\/\",\"name\":\"{:tm}Minist\u00e9riu Administrasaun Estatal{:}{:pt}Minist\u00e9rio da Administra\u00e7\u00e3o Estatal{:}{:en}Ministry of State Administration{:}\",\"description\":\"Minist\u00e9rio da Administra\u00e7\u00e3o Estatal\",\"publisher\":{\"@id\":\"https:\/\/estatal.gov.tl\/pt\/#organization\"},\"potentialAction\":[{\"@type\":\"SearchAction\",\"target\":{\"@type\":\"EntryPoint\",\"urlTemplate\":\"https:\/\/estatal.gov.tl\/pt\/?s={search_term_string}\"},\"query-input\":{\"@type\":\"PropertyValueSpecification\",\"valueRequired\":true,\"valueName\":\"search_term_string\"}}],\"inLanguage\":\"pt-PT\"},{\"@type\":\"Organization\",\"@id\":\"https:\/\/estatal.gov.tl\/pt\/#organization\",\"name\":\"{:tm}Minist\u00e9riu Administrasaun Estatal{:}{:pt}Minist\u00e9rio da Administra\u00e7\u00e3o Estatal{:}{:en}Ministry of State Administration{:}\",\"url\":\"https:\/\/estatal.gov.tl\/pt\/\",\"logo\":{\"@type\":\"ImageObject\",\"inLanguage\":\"pt-PT\",\"@id\":\"https:\/\/estatal.gov.tl\/pt\/#\/schema\/logo\/image\/\",\"url\":\"https:\/\/estatal.gov.tl\/wp-content\/uploads\/2024\/09\/logo-municipality-1.png\",\"contentUrl\":\"https:\/\/estatal.gov.tl\/wp-content\/uploads\/2024\/09\/logo-municipality-1.png\",\"width\":250,\"height\":228,\"caption\":\"{:tm}Minist\u00e9riu Administrasaun Estatal{:}{:pt}Minist\u00e9rio da Administra\u00e7\u00e3o Estatal{:}{:en}Ministry of State Administration{:}\"},\"image\":{\"@id\":\"https:\/\/estatal.gov.tl\/pt\/#\/schema\/logo\/image\/\"}}]}<\/script>\n<!-- \/ Yoast SEO plugin. -->","yoast_head_json":{"title":"Embaixador Inden\u00e9sia iha Timor-Leste, Okto Dorinus Manik, halao visita kortezia ida iha Ministeriu Adminisrasaun Estatal - Minist\u00e9rio da Administra\u00e7\u00e3o Estatal","robots":{"index":"index","follow":"follow","max-snippet":"max-snippet:-1","max-image-preview":"max-image-preview:large","max-video-preview":"max-video-preview:-1"},"canonical":"https:\/\/estatal.gov.tl\/image-gallery\/embaixador-indenesia-iha-timor-leste-okto-dorinus-manik-halao-visita-kortezia-ida-iha-ministeriu-adminisrasaun-estatal\/","og_locale":"pt_PT","og_type":"article","og_title":"Embaixador Inden\u00e9sia iha Timor-Leste, Okto Dorinus Manik, halao visita kortezia ida iha Ministeriu Adminisrasaun Estatal - Minist\u00e9rio da Administra\u00e7\u00e3o Estatal","og_url":"https:\/\/estatal.gov.tl\/image-gallery\/embaixador-indenesia-iha-timor-leste-okto-dorinus-manik-halao-visita-kortezia-ida-iha-ministeriu-adminisrasaun-estatal\/","og_site_name":"Minist\u00e9rio da Administra\u00e7\u00e3o Estatal","article_modified_time":"2026-04-01T04:53:37+00:00","og_image":[{"width":1080,"height":720,"url":"https:\/\/estatal.gov.tl\/wp-content\/uploads\/2026\/03\/IMG-20260327-WA0014.jpg","type":"image\/jpeg"}],"twitter_card":"summary_large_image","twitter_misc":{"Est. reading time":"1 minute"},"schema":{"@context":"https:\/\/schema.org","@graph":[{"@type":"WebPage","@id":"https:\/\/estatal.gov.tl\/image-gallery\/embaixador-indenesia-iha-timor-leste-okto-dorinus-manik-halao-visita-kortezia-ida-iha-ministeriu-adminisrasaun-estatal\/","url":"https:\/\/estatal.gov.tl\/image-gallery\/embaixador-indenesia-iha-timor-leste-okto-dorinus-manik-halao-visita-kortezia-ida-iha-ministeriu-adminisrasaun-estatal\/","name":"Embaixador Inden\u00e9sia iha Timor-Leste, Okto Dorinus Manik, halao visita kortezia ida iha Ministeriu Adminisrasaun Estatal - Minist\u00e9rio da Administra\u00e7\u00e3o Estatal","isPartOf":{"@id":"https:\/\/estatal.gov.tl\/pt\/#website"},"primaryImageOfPage":{"@id":"https:\/\/estatal.gov.tl\/image-gallery\/embaixador-indenesia-iha-timor-leste-okto-dorinus-manik-halao-visita-kortezia-ida-iha-ministeriu-adminisrasaun-estatal\/#primaryimage"},"image":{"@id":"https:\/\/estatal.gov.tl\/image-gallery\/embaixador-indenesia-iha-timor-leste-okto-dorinus-manik-halao-visita-kortezia-ida-iha-ministeriu-adminisrasaun-estatal\/#primaryimage"},"thumbnailUrl":"https:\/\/estatal.gov.tl\/wp-content\/uploads\/2026\/03\/IMG-20260327-WA0014.jpg","datePublished":"2026-03-27T04:51:45+00:00","dateModified":"2026-04-01T04:53:37+00:00","breadcrumb":{"@id":"https:\/\/estatal.gov.tl\/image-gallery\/embaixador-indenesia-iha-timor-leste-okto-dorinus-manik-halao-visita-kortezia-ida-iha-ministeriu-adminisrasaun-estatal\/#breadcrumb"},"inLanguage":"pt-PT","potentialAction":[{"@type":"ReadAction","target":["https:\/\/estatal.gov.tl\/image-gallery\/embaixador-indenesia-iha-timor-leste-okto-dorinus-manik-halao-visita-kortezia-ida-iha-ministeriu-adminisrasaun-estatal\/"]}]},{"@type":"ImageObject","inLanguage":"pt-PT","@id":"https:\/\/estatal.gov.tl\/image-gallery\/embaixador-indenesia-iha-timor-leste-okto-dorinus-manik-halao-visita-kortezia-ida-iha-ministeriu-adminisrasaun-estatal\/#primaryimage","url":"https:\/\/estatal.gov.tl\/wp-content\/uploads\/2026\/03\/IMG-20260327-WA0014.jpg","contentUrl":"https:\/\/estatal.gov.tl\/wp-content\/uploads\/2026\/03\/IMG-20260327-WA0014.jpg","width":1080,"height":720},{"@type":"BreadcrumbList","@id":"https:\/\/estatal.gov.tl\/image-gallery\/embaixador-indenesia-iha-timor-leste-okto-dorinus-manik-halao-visita-kortezia-ida-iha-ministeriu-adminisrasaun-estatal\/#breadcrumb","itemListElement":[{"@type":"ListItem","position":1,"name":"Home","item":"https:\/\/estatal.gov.tl\/pt\/"},{"@type":"ListItem","position":2,"name":"Galleries","item":"https:\/\/estatal.gov.tl\/image-gallery\/"},{"@type":"ListItem","position":3,"name":"Embaixador Inden\u00e9sia iha Timor-Leste, Okto Dorinus Manik, halao visita kortezia ida iha Ministeriu Adminisrasaun Estatal"}]},{"@type":"WebSite","@id":"https:\/\/estatal.gov.tl\/pt\/#website","url":"https:\/\/estatal.gov.tl\/pt\/","name":"{:tm}Minist\u00e9riu Administrasaun Estatal{:}{:pt}Minist\u00e9rio da Administra\u00e7\u00e3o Estatal{:}{:en}Ministry of State Administration{:}","description":"Minist\u00e9rio da Administra\u00e7\u00e3o Estatal","publisher":{"@id":"https:\/\/estatal.gov.tl\/pt\/#organization"},"potentialAction":[{"@type":"SearchAction","target":{"@type":"EntryPoint","urlTemplate":"https:\/\/estatal.gov.tl\/pt\/?s={search_term_string}"},"query-input":{"@type":"PropertyValueSpecification","valueRequired":true,"valueName":"search_term_string"}}],"inLanguage":"pt-PT"},{"@type":"Organization","@id":"https:\/\/estatal.gov.tl\/pt\/#organization","name":"{:tm}Minist\u00e9riu Administrasaun Estatal{:}{:pt}Minist\u00e9rio da Administra\u00e7\u00e3o Estatal{:}{:en}Ministry of State Administration{:}","url":"https:\/\/estatal.gov.tl\/pt\/","logo":{"@type":"ImageObject","inLanguage":"pt-PT","@id":"https:\/\/estatal.gov.tl\/pt\/#\/schema\/logo\/image\/","url":"https:\/\/estatal.gov.tl\/wp-content\/uploads\/2024\/09\/logo-municipality-1.png","contentUrl":"https:\/\/estatal.gov.tl\/wp-content\/uploads\/2024\/09\/logo-municipality-1.png","width":250,"height":228,"caption":"{:tm}Minist\u00e9riu Administrasaun Estatal{:}{:pt}Minist\u00e9rio da Administra\u00e7\u00e3o Estatal{:}{:en}Ministry of State Administration{:}"},"image":{"@id":"https:\/\/estatal.gov.tl\/pt\/#\/schema\/logo\/image\/"}}]}},"_links":{"self":[{"href":"https:\/\/estatal.gov.tl\/pt\/wp-json\/wp\/v2\/image-gallery\/20888","targetHints":{"allow":["GET"]}}],"collection":[{"href":"https:\/\/estatal.gov.tl\/pt\/wp-json\/wp\/v2\/image-gallery"}],"about":[{"href":"https:\/\/estatal.gov.tl\/pt\/wp-json\/wp\/v2\/types\/image-gallery"}],"wp:featuredmedia":[{"embeddable":true,"href":"https:\/\/estatal.gov.tl\/pt\/wp-json\/wp\/v2\/media\/20856"}],"wp:attachment":[{"href":"https:\/\/estatal.gov.tl\/pt\/wp-json\/wp\/v2\/media?parent=20888"}],"curies":[{"name":"wp","href":"https:\/\/api.w.org\/{rel}","templated":true}]}}