{"id":21100,"date":"2026-04-08T14:29:01","date_gmt":"2026-04-08T05:29:01","guid":{"rendered":"https:\/\/estatal.gov.tl\/?post_type=image-gallery&#038;p=21100"},"modified":"2026-04-08T15:36:23","modified_gmt":"2026-04-08T06:36:23","slug":"sua-exelensia-ministru-administrasaun-estatal-tomas-do-rosario-cabral-partisipa-sorumutu-konsellu-ministrus-neebe-lideradu-husi-sua-exelensia-primeiru-ministru-kay","status":"publish","type":"image-gallery","link":"https:\/\/estatal.gov.tl\/pt\/image-gallery\/sua-exelensia-ministru-administrasaun-estatal-tomas-do-rosario-cabral-partisipa-sorumutu-konsellu-ministrus-neebe-lideradu-husi-sua-exelensia-primeiru-ministru-kay\/","title":{"rendered":"Sua Exel\u00e9nsia Ministru Administrasaun Estatal \u201cTom\u00e1s do Ros\u00e1rio Cabral\u201d Partisipa Sorumutu Konsellu Ministrus ne\u2019eb\u00e9 lideradu husi Sua Exel\u00e9nsia Primeiru Ministru \u201cKay Rala Xanana Gusm\u00e3o\u201d, iha Pal\u00e1siu Governu, Dili"},"content":{"rendered":"<style type=\"text\/css\">\n#foogallery-gallery-21088 .fg-image { width: 270px; }\n#foogallery-gallery-21088 { --fg-gutter: 10px; }<\/style>\n\t\t\t<div class=\"foogallery foogallery-container foogallery-default foogallery-lightbox-foogallery fg-center fg-default fg-ready fg-light fg-shadow-medium fg-loading-default fg-loaded-fade-in fg-preset fg-brad fg-preset-small fg-preset fg-brad fg-preset-small\" id=\"foogallery-gallery-21088\" data-foogallery=\"{&quot;item&quot;:{&quot;showCaptionTitle&quot;:true,&quot;showCaptionDescription&quot;:true},&quot;lazy&quot;:true}\" data-foogallery-lightbox=\"{&quot;thumbs&quot;:&quot;bottom&quot;,&quot;thumbsCaptions&quot;:false,&quot;thumbsBestFit&quot;:false,&quot;thumbsSmall&quot;:false,&quot;thumbsCaptionsAlign&quot;:&quot;default&quot;,&quot;info&quot;:&quot;bottom&quot;,&quot;infoVisible&quot;:true,&quot;infoOverlay&quot;:true,&quot;infoAlign&quot;:&quot;default&quot;,&quot;transition&quot;:&quot;fade&quot;,&quot;hoverButtons&quot;:false,&quot;fitMedia&quot;:false,&quot;noScrollbars&quot;:true,&quot;preserveButtonSpace&quot;:true,&quot;buttons&quot;:{&quot;fullscreen&quot;:true,&quot;info&quot;:true,&quot;thumbs&quot;:false},&quot;video&quot;:{&quot;autoPlay&quot;:true}}\" style=\"--fg-title-line-clamp: 1; --fg-description-line-clamp: 2;\" >\n\t<div class=\"fg-item fg-type-image fg-idle\"><figure class=\"fg-item-inner\"><a href=\"https:\/\/estatal.gov.tl\/wp-content\/uploads\/2026\/04\/1-1.jpg\" data-attachment-id=\"21090\" data-type=\"image\" class=\"fg-thumb\"><span class=\"fg-image-wrap\"><img fetchpriority=\"high\" decoding=\"async\" width=\"270\" height=\"230\" class=\"skip-lazy fg-image\" data-src-fg=\"https:\/\/estatal.gov.tl\/wp-content\/uploads\/cache\/2026\/04\/1-1\/913541423.jpg\" src=\"data:image\/svg+xml,%3Csvg%20xmlns%3D%22http%3A%2F%2Fwww.w3.org%2F2000%2Fsvg%22%20width%3D%22270%22%20height%3D%22230%22%20viewBox%3D%220%200%20270%20230%22%3E%3C%2Fsvg%3E\" loading=\"eager\"><\/span><span class=\"fg-image-overlay\"><\/span><\/a><\/figure><div class=\"fg-loader\"><\/div><\/div><div class=\"fg-item fg-type-image fg-idle\"><figure class=\"fg-item-inner\"><a href=\"https:\/\/estatal.gov.tl\/wp-content\/uploads\/2026\/04\/2-1.jpg\" data-attachment-id=\"21091\" data-type=\"image\" class=\"fg-thumb\"><span class=\"fg-image-wrap\"><img decoding=\"async\" width=\"270\" height=\"230\" class=\"skip-lazy fg-image\" data-src-fg=\"https:\/\/estatal.gov.tl\/wp-content\/uploads\/cache\/2026\/04\/2-1\/2783322340.jpg\" src=\"data:image\/svg+xml,%3Csvg%20xmlns%3D%22http%3A%2F%2Fwww.w3.org%2F2000%2Fsvg%22%20width%3D%22270%22%20height%3D%22230%22%20viewBox%3D%220%200%20270%20230%22%3E%3C%2Fsvg%3E\" loading=\"eager\"><\/span><span class=\"fg-image-overlay\"><\/span><\/a><\/figure><div class=\"fg-loader\"><\/div><\/div><div class=\"fg-item fg-type-image fg-idle\"><figure class=\"fg-item-inner\"><a href=\"https:\/\/estatal.gov.tl\/wp-content\/uploads\/2026\/04\/3-1.jpg\" data-attachment-id=\"21092\" data-type=\"image\" class=\"fg-thumb\"><span class=\"fg-image-wrap\"><img decoding=\"async\" width=\"270\" height=\"230\" class=\"skip-lazy fg-image\" data-src-fg=\"https:\/\/estatal.gov.tl\/wp-content\/uploads\/cache\/2026\/04\/3-1\/3284302978.jpg\" src=\"data:image\/svg+xml,%3Csvg%20xmlns%3D%22http%3A%2F%2Fwww.w3.org%2F2000%2Fsvg%22%20width%3D%22270%22%20height%3D%22230%22%20viewBox%3D%220%200%20270%20230%22%3E%3C%2Fsvg%3E\" loading=\"eager\"><\/span><span class=\"fg-image-overlay\"><\/span><\/a><\/figure><div class=\"fg-loader\"><\/div><\/div><div class=\"fg-item fg-type-image fg-idle\"><figure class=\"fg-item-inner\"><a href=\"https:\/\/estatal.gov.tl\/wp-content\/uploads\/2026\/04\/4-1.jpg\" data-attachment-id=\"21093\" data-type=\"image\" class=\"fg-thumb\"><span class=\"fg-image-wrap\"><img decoding=\"async\" width=\"270\" height=\"230\" class=\"skip-lazy fg-image\" data-src-fg=\"https:\/\/estatal.gov.tl\/wp-content\/uploads\/cache\/2026\/04\/4-1\/1505522995.jpg\" src=\"data:image\/svg+xml,%3Csvg%20xmlns%3D%22http%3A%2F%2Fwww.w3.org%2F2000%2Fsvg%22%20width%3D%22270%22%20height%3D%22230%22%20viewBox%3D%220%200%20270%20230%22%3E%3C%2Fsvg%3E\" loading=\"eager\"><\/span><span class=\"fg-image-overlay\"><\/span><\/a><\/figure><div class=\"fg-loader\"><\/div><\/div><div class=\"fg-item fg-type-image fg-idle\"><figure class=\"fg-item-inner\"><a href=\"https:\/\/estatal.gov.tl\/wp-content\/uploads\/2026\/04\/5-1.jpg\" data-attachment-id=\"21094\" data-type=\"image\" class=\"fg-thumb\"><span class=\"fg-image-wrap\"><img decoding=\"async\" width=\"270\" height=\"230\" class=\"skip-lazy fg-image\" data-src-fg=\"https:\/\/estatal.gov.tl\/wp-content\/uploads\/cache\/2026\/04\/5-1\/107045940.jpg\" src=\"data:image\/svg+xml,%3Csvg%20xmlns%3D%22http%3A%2F%2Fwww.w3.org%2F2000%2Fsvg%22%20width%3D%22270%22%20height%3D%22230%22%20viewBox%3D%220%200%20270%20230%22%3E%3C%2Fsvg%3E\" loading=\"eager\"><\/span><span class=\"fg-image-overlay\"><\/span><\/a><\/figure><div class=\"fg-loader\"><\/div><\/div><div class=\"fg-item fg-type-image fg-idle\"><figure class=\"fg-item-inner\"><a href=\"https:\/\/estatal.gov.tl\/wp-content\/uploads\/2026\/04\/6-1.jpg\" data-attachment-id=\"21095\" data-type=\"image\" class=\"fg-thumb\"><span class=\"fg-image-wrap\"><img decoding=\"async\" width=\"270\" height=\"230\" class=\"skip-lazy fg-image\" data-src-fg=\"https:\/\/estatal.gov.tl\/wp-content\/uploads\/cache\/2026\/04\/6-1\/2515848703.jpg\" src=\"data:image\/svg+xml,%3Csvg%20xmlns%3D%22http%3A%2F%2Fwww.w3.org%2F2000%2Fsvg%22%20width%3D%22270%22%20height%3D%22230%22%20viewBox%3D%220%200%20270%20230%22%3E%3C%2Fsvg%3E\" loading=\"eager\"><\/span><span class=\"fg-image-overlay\"><\/span><\/a><\/figure><div class=\"fg-loader\"><\/div><\/div><div class=\"fg-item fg-type-image fg-idle\"><figure class=\"fg-item-inner\"><a href=\"https:\/\/estatal.gov.tl\/wp-content\/uploads\/2026\/04\/7-1.jpg\" data-attachment-id=\"21096\" data-type=\"image\" class=\"fg-thumb\"><span class=\"fg-image-wrap\"><img decoding=\"async\" width=\"270\" height=\"230\" class=\"skip-lazy fg-image\" data-src-fg=\"https:\/\/estatal.gov.tl\/wp-content\/uploads\/cache\/2026\/04\/7-1\/4090532249.jpg\" src=\"data:image\/svg+xml,%3Csvg%20xmlns%3D%22http%3A%2F%2Fwww.w3.org%2F2000%2Fsvg%22%20width%3D%22270%22%20height%3D%22230%22%20viewBox%3D%220%200%20270%20230%22%3E%3C%2Fsvg%3E\" loading=\"eager\"><\/span><span class=\"fg-image-overlay\"><\/span><\/a><\/figure><div class=\"fg-loader\"><\/div><\/div><div class=\"fg-item fg-type-image fg-idle\"><figure class=\"fg-item-inner\"><a href=\"https:\/\/estatal.gov.tl\/wp-content\/uploads\/2026\/04\/8-1.jpg\" data-attachment-id=\"21097\" data-type=\"image\" class=\"fg-thumb\"><span class=\"fg-image-wrap\"><img decoding=\"async\" width=\"270\" height=\"230\" class=\"skip-lazy fg-image\" data-src-fg=\"https:\/\/estatal.gov.tl\/wp-content\/uploads\/cache\/2026\/04\/8-1\/2054805724.jpg\" src=\"data:image\/svg+xml,%3Csvg%20xmlns%3D%22http%3A%2F%2Fwww.w3.org%2F2000%2Fsvg%22%20width%3D%22270%22%20height%3D%22230%22%20viewBox%3D%220%200%20270%20230%22%3E%3C%2Fsvg%3E\" loading=\"eager\"><\/span><span class=\"fg-image-overlay\"><\/span><\/a><\/figure><div class=\"fg-loader\"><\/div><\/div><div class=\"fg-item fg-type-image fg-idle\"><figure class=\"fg-item-inner\"><a href=\"https:\/\/estatal.gov.tl\/wp-content\/uploads\/2026\/04\/9.jpg\" data-attachment-id=\"21098\" data-type=\"image\" class=\"fg-thumb\"><span class=\"fg-image-wrap\"><img decoding=\"async\" width=\"270\" height=\"230\" class=\"skip-lazy fg-image\" data-src-fg=\"https:\/\/estatal.gov.tl\/wp-content\/uploads\/cache\/2026\/04\/9\/3899618101.jpg\" src=\"data:image\/svg+xml,%3Csvg%20xmlns%3D%22http%3A%2F%2Fwww.w3.org%2F2000%2Fsvg%22%20width%3D%22270%22%20height%3D%22230%22%20viewBox%3D%220%200%20270%20230%22%3E%3C%2Fsvg%3E\" loading=\"eager\"><\/span><span class=\"fg-image-overlay\"><\/span><\/a><\/figure><div class=\"fg-loader\"><\/div><\/div><\/div>\n\n\n\n\n<p><\/p>\n","protected":false},"featured_media":21091,"template":"","class_list":["post-21100","image-gallery","type-image-gallery","status-publish","has-post-thumbnail","hentry"],"translation":{"provider":"WPGlobus","version":"3.0.0","language":"pt","enabled_languages":["tm","pt","en"],"languages":{"tm":{"title":true,"content":true,"excerpt":false},"pt":{"title":false,"content":false,"excerpt":false},"en":{"title":false,"content":false,"excerpt":false}}},"yoast_head":"<!-- This site is optimized with the Yoast SEO plugin v26.5 - https:\/\/yoast.com\/wordpress\/plugins\/seo\/ -->\n<title>Sua Exel\u00e9nsia Ministru Administrasaun Estatal \u201cTom\u00e1s do Ros\u00e1rio Cabral\u201d Partisipa Sorumutu Konsellu Ministrus ne\u2019eb\u00e9 lideradu husi Sua Exel\u00e9nsia Primeiru Ministru \u201cKay Rala Xanana Gusm\u00e3o\u201d, iha Pal\u00e1siu Governu, Dili - Minist\u00e9rio da Administra\u00e7\u00e3o Estatal<\/title>\n<meta name=\"robots\" content=\"index, follow, max-snippet:-1, max-image-preview:large, max-video-preview:-1\" \/>\n<link rel=\"canonical\" href=\"https:\/\/estatal.gov.tl\/image-gallery\/sua-exelensia-ministru-administrasaun-estatal-tomas-do-rosario-cabral-partisipa-sorumutu-konsellu-ministrus-neebe-lideradu-husi-sua-exelensia-primeiru-ministru-kay\/\" \/>\n<meta property=\"og:locale\" content=\"pt_PT\" \/>\n<meta property=\"og:type\" content=\"article\" \/>\n<meta property=\"og:title\" content=\"Sua Exel\u00e9nsia Ministru Administrasaun Estatal \u201cTom\u00e1s do Ros\u00e1rio Cabral\u201d Partisipa Sorumutu Konsellu Ministrus ne\u2019eb\u00e9 lideradu husi Sua Exel\u00e9nsia Primeiru Ministru \u201cKay Rala Xanana Gusm\u00e3o\u201d, iha Pal\u00e1siu Governu, Dili - Minist\u00e9rio da Administra\u00e7\u00e3o Estatal\" \/>\n<meta property=\"og:url\" content=\"https:\/\/estatal.gov.tl\/image-gallery\/sua-exelensia-ministru-administrasaun-estatal-tomas-do-rosario-cabral-partisipa-sorumutu-konsellu-ministrus-neebe-lideradu-husi-sua-exelensia-primeiru-ministru-kay\/\" \/>\n<meta property=\"og:site_name\" content=\"Minist\u00e9rio da Administra\u00e7\u00e3o Estatal\" \/>\n<meta property=\"article:modified_time\" content=\"2026-04-08T06:36:23+00:00\" \/>\n<meta property=\"og:image\" content=\"https:\/\/estatal.gov.tl\/wp-content\/uploads\/2026\/04\/2-1.jpg\" \/>\n\t<meta property=\"og:image:width\" content=\"2048\" \/>\n\t<meta property=\"og:image:height\" content=\"1365\" \/>\n\t<meta property=\"og:image:type\" content=\"image\/jpeg\" \/>\n<meta name=\"twitter:card\" content=\"summary_large_image\" \/>\n<meta name=\"twitter:label1\" content=\"Est. reading time\" \/>\n\t<meta name=\"twitter:data1\" content=\"1 minute\" \/>\n<script type=\"application\/ld+json\" class=\"yoast-schema-graph\">{\"@context\":\"https:\/\/schema.org\",\"@graph\":[{\"@type\":\"WebPage\",\"@id\":\"https:\/\/estatal.gov.tl\/image-gallery\/sua-exelensia-ministru-administrasaun-estatal-tomas-do-rosario-cabral-partisipa-sorumutu-konsellu-ministrus-neebe-lideradu-husi-sua-exelensia-primeiru-ministru-kay\/\",\"url\":\"https:\/\/estatal.gov.tl\/image-gallery\/sua-exelensia-ministru-administrasaun-estatal-tomas-do-rosario-cabral-partisipa-sorumutu-konsellu-ministrus-neebe-lideradu-husi-sua-exelensia-primeiru-ministru-kay\/\",\"name\":\"Sua Exel\u00e9nsia Ministru Administrasaun Estatal \u201cTom\u00e1s do Ros\u00e1rio Cabral\u201d Partisipa Sorumutu Konsellu Ministrus ne\u2019eb\u00e9 lideradu husi Sua Exel\u00e9nsia Primeiru Ministru \u201cKay Rala Xanana Gusm\u00e3o\u201d, iha Pal\u00e1siu Governu, Dili - Minist\u00e9rio da Administra\u00e7\u00e3o Estatal\",\"isPartOf\":{\"@id\":\"https:\/\/estatal.gov.tl\/pt\/#website\"},\"primaryImageOfPage\":{\"@id\":\"https:\/\/estatal.gov.tl\/image-gallery\/sua-exelensia-ministru-administrasaun-estatal-tomas-do-rosario-cabral-partisipa-sorumutu-konsellu-ministrus-neebe-lideradu-husi-sua-exelensia-primeiru-ministru-kay\/#primaryimage\"},\"image\":{\"@id\":\"https:\/\/estatal.gov.tl\/image-gallery\/sua-exelensia-ministru-administrasaun-estatal-tomas-do-rosario-cabral-partisipa-sorumutu-konsellu-ministrus-neebe-lideradu-husi-sua-exelensia-primeiru-ministru-kay\/#primaryimage\"},\"thumbnailUrl\":\"https:\/\/estatal.gov.tl\/wp-content\/uploads\/2026\/04\/2-1.jpg\",\"datePublished\":\"2026-04-08T05:29:01+00:00\",\"dateModified\":\"2026-04-08T06:36:23+00:00\",\"breadcrumb\":{\"@id\":\"https:\/\/estatal.gov.tl\/image-gallery\/sua-exelensia-ministru-administrasaun-estatal-tomas-do-rosario-cabral-partisipa-sorumutu-konsellu-ministrus-neebe-lideradu-husi-sua-exelensia-primeiru-ministru-kay\/#breadcrumb\"},\"inLanguage\":\"pt-PT\",\"potentialAction\":[{\"@type\":\"ReadAction\",\"target\":[\"https:\/\/estatal.gov.tl\/image-gallery\/sua-exelensia-ministru-administrasaun-estatal-tomas-do-rosario-cabral-partisipa-sorumutu-konsellu-ministrus-neebe-lideradu-husi-sua-exelensia-primeiru-ministru-kay\/\"]}]},{\"@type\":\"ImageObject\",\"inLanguage\":\"pt-PT\",\"@id\":\"https:\/\/estatal.gov.tl\/image-gallery\/sua-exelensia-ministru-administrasaun-estatal-tomas-do-rosario-cabral-partisipa-sorumutu-konsellu-ministrus-neebe-lideradu-husi-sua-exelensia-primeiru-ministru-kay\/#primaryimage\",\"url\":\"https:\/\/estatal.gov.tl\/wp-content\/uploads\/2026\/04\/2-1.jpg\",\"contentUrl\":\"https:\/\/estatal.gov.tl\/wp-content\/uploads\/2026\/04\/2-1.jpg\",\"width\":2048,\"height\":1365},{\"@type\":\"BreadcrumbList\",\"@id\":\"https:\/\/estatal.gov.tl\/image-gallery\/sua-exelensia-ministru-administrasaun-estatal-tomas-do-rosario-cabral-partisipa-sorumutu-konsellu-ministrus-neebe-lideradu-husi-sua-exelensia-primeiru-ministru-kay\/#breadcrumb\",\"itemListElement\":[{\"@type\":\"ListItem\",\"position\":1,\"name\":\"Home\",\"item\":\"https:\/\/estatal.gov.tl\/pt\/\"},{\"@type\":\"ListItem\",\"position\":2,\"name\":\"Galleries\",\"item\":\"https:\/\/estatal.gov.tl\/image-gallery\/\"},{\"@type\":\"ListItem\",\"position\":3,\"name\":\"Sua Exel\u00e9nsia Ministru Administrasaun Estatal \u201cTom\u00e1s do Ros\u00e1rio Cabral\u201d Partisipa Sorumutu Konsellu Ministrus ne\u2019eb\u00e9 lideradu husi Sua Exel\u00e9nsia Primeiru Ministru \u201cKay Rala Xanana Gusm\u00e3o\u201d, iha Pal\u00e1siu Governu, Dili\"}]},{\"@type\":\"WebSite\",\"@id\":\"https:\/\/estatal.gov.tl\/pt\/#website\",\"url\":\"https:\/\/estatal.gov.tl\/pt\/\",\"name\":\"{:tm}Minist\u00e9riu Administrasaun Estatal{:}{:pt}Minist\u00e9rio da Administra\u00e7\u00e3o Estatal{:}{:en}Ministry of State Administration{:}\",\"description\":\"Minist\u00e9rio da Administra\u00e7\u00e3o Estatal\",\"publisher\":{\"@id\":\"https:\/\/estatal.gov.tl\/pt\/#organization\"},\"potentialAction\":[{\"@type\":\"SearchAction\",\"target\":{\"@type\":\"EntryPoint\",\"urlTemplate\":\"https:\/\/estatal.gov.tl\/pt\/?s={search_term_string}\"},\"query-input\":{\"@type\":\"PropertyValueSpecification\",\"valueRequired\":true,\"valueName\":\"search_term_string\"}}],\"inLanguage\":\"pt-PT\"},{\"@type\":\"Organization\",\"@id\":\"https:\/\/estatal.gov.tl\/pt\/#organization\",\"name\":\"{:tm}Minist\u00e9riu Administrasaun Estatal{:}{:pt}Minist\u00e9rio da Administra\u00e7\u00e3o Estatal{:}{:en}Ministry of State Administration{:}\",\"url\":\"https:\/\/estatal.gov.tl\/pt\/\",\"logo\":{\"@type\":\"ImageObject\",\"inLanguage\":\"pt-PT\",\"@id\":\"https:\/\/estatal.gov.tl\/pt\/#\/schema\/logo\/image\/\",\"url\":\"https:\/\/estatal.gov.tl\/wp-content\/uploads\/2024\/09\/logo-municipality-1.png\",\"contentUrl\":\"https:\/\/estatal.gov.tl\/wp-content\/uploads\/2024\/09\/logo-municipality-1.png\",\"width\":250,\"height\":228,\"caption\":\"{:tm}Minist\u00e9riu Administrasaun Estatal{:}{:pt}Minist\u00e9rio da Administra\u00e7\u00e3o Estatal{:}{:en}Ministry of State Administration{:}\"},\"image\":{\"@id\":\"https:\/\/estatal.gov.tl\/pt\/#\/schema\/logo\/image\/\"}}]}<\/script>\n<!-- \/ Yoast SEO plugin. -->","yoast_head_json":{"title":"Sua Exel\u00e9nsia Ministru Administrasaun Estatal \u201cTom\u00e1s do Ros\u00e1rio Cabral\u201d Partisipa Sorumutu Konsellu Ministrus ne\u2019eb\u00e9 lideradu husi Sua Exel\u00e9nsia Primeiru Ministru \u201cKay Rala Xanana Gusm\u00e3o\u201d, iha Pal\u00e1siu Governu, Dili - Minist\u00e9rio da Administra\u00e7\u00e3o Estatal","robots":{"index":"index","follow":"follow","max-snippet":"max-snippet:-1","max-image-preview":"max-image-preview:large","max-video-preview":"max-video-preview:-1"},"canonical":"https:\/\/estatal.gov.tl\/image-gallery\/sua-exelensia-ministru-administrasaun-estatal-tomas-do-rosario-cabral-partisipa-sorumutu-konsellu-ministrus-neebe-lideradu-husi-sua-exelensia-primeiru-ministru-kay\/","og_locale":"pt_PT","og_type":"article","og_title":"Sua Exel\u00e9nsia Ministru Administrasaun Estatal \u201cTom\u00e1s do Ros\u00e1rio Cabral\u201d Partisipa Sorumutu Konsellu Ministrus ne\u2019eb\u00e9 lideradu husi Sua Exel\u00e9nsia Primeiru Ministru \u201cKay Rala Xanana Gusm\u00e3o\u201d, iha Pal\u00e1siu Governu, Dili - Minist\u00e9rio da Administra\u00e7\u00e3o Estatal","og_url":"https:\/\/estatal.gov.tl\/image-gallery\/sua-exelensia-ministru-administrasaun-estatal-tomas-do-rosario-cabral-partisipa-sorumutu-konsellu-ministrus-neebe-lideradu-husi-sua-exelensia-primeiru-ministru-kay\/","og_site_name":"Minist\u00e9rio da Administra\u00e7\u00e3o Estatal","article_modified_time":"2026-04-08T06:36:23+00:00","og_image":[{"width":2048,"height":1365,"url":"https:\/\/estatal.gov.tl\/wp-content\/uploads\/2026\/04\/2-1.jpg","type":"image\/jpeg"}],"twitter_card":"summary_large_image","twitter_misc":{"Est. reading time":"1 minute"},"schema":{"@context":"https:\/\/schema.org","@graph":[{"@type":"WebPage","@id":"https:\/\/estatal.gov.tl\/image-gallery\/sua-exelensia-ministru-administrasaun-estatal-tomas-do-rosario-cabral-partisipa-sorumutu-konsellu-ministrus-neebe-lideradu-husi-sua-exelensia-primeiru-ministru-kay\/","url":"https:\/\/estatal.gov.tl\/image-gallery\/sua-exelensia-ministru-administrasaun-estatal-tomas-do-rosario-cabral-partisipa-sorumutu-konsellu-ministrus-neebe-lideradu-husi-sua-exelensia-primeiru-ministru-kay\/","name":"Sua Exel\u00e9nsia Ministru Administrasaun Estatal \u201cTom\u00e1s do Ros\u00e1rio Cabral\u201d Partisipa Sorumutu Konsellu Ministrus ne\u2019eb\u00e9 lideradu husi Sua Exel\u00e9nsia Primeiru Ministru \u201cKay Rala Xanana Gusm\u00e3o\u201d, iha Pal\u00e1siu Governu, Dili - Minist\u00e9rio da Administra\u00e7\u00e3o Estatal","isPartOf":{"@id":"https:\/\/estatal.gov.tl\/pt\/#website"},"primaryImageOfPage":{"@id":"https:\/\/estatal.gov.tl\/image-gallery\/sua-exelensia-ministru-administrasaun-estatal-tomas-do-rosario-cabral-partisipa-sorumutu-konsellu-ministrus-neebe-lideradu-husi-sua-exelensia-primeiru-ministru-kay\/#primaryimage"},"image":{"@id":"https:\/\/estatal.gov.tl\/image-gallery\/sua-exelensia-ministru-administrasaun-estatal-tomas-do-rosario-cabral-partisipa-sorumutu-konsellu-ministrus-neebe-lideradu-husi-sua-exelensia-primeiru-ministru-kay\/#primaryimage"},"thumbnailUrl":"https:\/\/estatal.gov.tl\/wp-content\/uploads\/2026\/04\/2-1.jpg","datePublished":"2026-04-08T05:29:01+00:00","dateModified":"2026-04-08T06:36:23+00:00","breadcrumb":{"@id":"https:\/\/estatal.gov.tl\/image-gallery\/sua-exelensia-ministru-administrasaun-estatal-tomas-do-rosario-cabral-partisipa-sorumutu-konsellu-ministrus-neebe-lideradu-husi-sua-exelensia-primeiru-ministru-kay\/#breadcrumb"},"inLanguage":"pt-PT","potentialAction":[{"@type":"ReadAction","target":["https:\/\/estatal.gov.tl\/image-gallery\/sua-exelensia-ministru-administrasaun-estatal-tomas-do-rosario-cabral-partisipa-sorumutu-konsellu-ministrus-neebe-lideradu-husi-sua-exelensia-primeiru-ministru-kay\/"]}]},{"@type":"ImageObject","inLanguage":"pt-PT","@id":"https:\/\/estatal.gov.tl\/image-gallery\/sua-exelensia-ministru-administrasaun-estatal-tomas-do-rosario-cabral-partisipa-sorumutu-konsellu-ministrus-neebe-lideradu-husi-sua-exelensia-primeiru-ministru-kay\/#primaryimage","url":"https:\/\/estatal.gov.tl\/wp-content\/uploads\/2026\/04\/2-1.jpg","contentUrl":"https:\/\/estatal.gov.tl\/wp-content\/uploads\/2026\/04\/2-1.jpg","width":2048,"height":1365},{"@type":"BreadcrumbList","@id":"https:\/\/estatal.gov.tl\/image-gallery\/sua-exelensia-ministru-administrasaun-estatal-tomas-do-rosario-cabral-partisipa-sorumutu-konsellu-ministrus-neebe-lideradu-husi-sua-exelensia-primeiru-ministru-kay\/#breadcrumb","itemListElement":[{"@type":"ListItem","position":1,"name":"Home","item":"https:\/\/estatal.gov.tl\/pt\/"},{"@type":"ListItem","position":2,"name":"Galleries","item":"https:\/\/estatal.gov.tl\/image-gallery\/"},{"@type":"ListItem","position":3,"name":"Sua Exel\u00e9nsia Ministru Administrasaun Estatal \u201cTom\u00e1s do Ros\u00e1rio Cabral\u201d Partisipa Sorumutu Konsellu Ministrus ne\u2019eb\u00e9 lideradu husi Sua Exel\u00e9nsia Primeiru Ministru \u201cKay Rala Xanana Gusm\u00e3o\u201d, iha Pal\u00e1siu Governu, Dili"}]},{"@type":"WebSite","@id":"https:\/\/estatal.gov.tl\/pt\/#website","url":"https:\/\/estatal.gov.tl\/pt\/","name":"{:tm}Minist\u00e9riu Administrasaun Estatal{:}{:pt}Minist\u00e9rio da Administra\u00e7\u00e3o Estatal{:}{:en}Ministry of State Administration{:}","description":"Minist\u00e9rio da Administra\u00e7\u00e3o Estatal","publisher":{"@id":"https:\/\/estatal.gov.tl\/pt\/#organization"},"potentialAction":[{"@type":"SearchAction","target":{"@type":"EntryPoint","urlTemplate":"https:\/\/estatal.gov.tl\/pt\/?s={search_term_string}"},"query-input":{"@type":"PropertyValueSpecification","valueRequired":true,"valueName":"search_term_string"}}],"inLanguage":"pt-PT"},{"@type":"Organization","@id":"https:\/\/estatal.gov.tl\/pt\/#organization","name":"{:tm}Minist\u00e9riu Administrasaun Estatal{:}{:pt}Minist\u00e9rio da Administra\u00e7\u00e3o Estatal{:}{:en}Ministry of State Administration{:}","url":"https:\/\/estatal.gov.tl\/pt\/","logo":{"@type":"ImageObject","inLanguage":"pt-PT","@id":"https:\/\/estatal.gov.tl\/pt\/#\/schema\/logo\/image\/","url":"https:\/\/estatal.gov.tl\/wp-content\/uploads\/2024\/09\/logo-municipality-1.png","contentUrl":"https:\/\/estatal.gov.tl\/wp-content\/uploads\/2024\/09\/logo-municipality-1.png","width":250,"height":228,"caption":"{:tm}Minist\u00e9riu Administrasaun Estatal{:}{:pt}Minist\u00e9rio da Administra\u00e7\u00e3o Estatal{:}{:en}Ministry of State Administration{:}"},"image":{"@id":"https:\/\/estatal.gov.tl\/pt\/#\/schema\/logo\/image\/"}}]}},"_links":{"self":[{"href":"https:\/\/estatal.gov.tl\/pt\/wp-json\/wp\/v2\/image-gallery\/21100","targetHints":{"allow":["GET"]}}],"collection":[{"href":"https:\/\/estatal.gov.tl\/pt\/wp-json\/wp\/v2\/image-gallery"}],"about":[{"href":"https:\/\/estatal.gov.tl\/pt\/wp-json\/wp\/v2\/types\/image-gallery"}],"wp:featuredmedia":[{"embeddable":true,"href":"https:\/\/estatal.gov.tl\/pt\/wp-json\/wp\/v2\/media\/21091"}],"wp:attachment":[{"href":"https:\/\/estatal.gov.tl\/pt\/wp-json\/wp\/v2\/media?parent=21100"}],"curies":[{"name":"wp","href":"https:\/\/api.w.org\/{rel}","templated":true}]}}