{"id":14166,"date":"2015-10-02T09:56:19","date_gmt":"2015-10-02T09:56:19","guid":{"rendered":"http:\/\/siteestatalgovtl.dreamhosters.com\/?page_id=14166"},"modified":"2019-10-03T18:29:48","modified_gmt":"2019-10-03T18:29:48","slug":"saim-secretariado-de-apoio-a-instalacao-dos-municipios_tl","status":"publish","type":"page","link":"https:\/\/estatal.gov.tl\/pt\/saim-secretariado-de-apoio-a-instalacao-dos-municipios_tl\/","title":{"rendered":"SAIM &#8211; Sekretariado Apoio ba Instalasaun Munic\u00edpios"},"content":{"rendered":"<p>[fusion_builder_container hundred_percent=&#8221;yes&#8221; overflow=&#8221;visible&#8221;][fusion_builder_row][fusion_builder_column type=&#8221;1_5&#8243; last=&#8221;no&#8221; spacing=&#8221;yes&#8221; center_content=&#8221;no&#8221; hide_on_mobile=&#8221;no&#8221; background_color=&#8221;&#8221; background_image=&#8221;&#8221; background_repeat=&#8221;no-repeat&#8221; background_position=&#8221;left top&#8221; border_size=&#8221;0px&#8221; border_color=&#8221;&#8221; border_style=&#8221;solid&#8221; padding=&#8221;&#8221; margin_top=&#8221;&#8221; margin_bottom=&#8221;&#8221; animation_type=&#8221;0&#8243; animation_direction=&#8221;down&#8221; animation_speed=&#8221;0.1&#8243; class=&#8221;&#8221; id=&#8221;&#8221;][fusion_person name=&#8221;Ad\u00e9rito Apar\u00edcio Guterres&#8221; title=&#8221;Director do SAIM&#8221; picture=&#8221;https:\/\/sestatal.gov.tl\/wp-content\/uploads\/2015\/09\/Ad\u00e9rito-Guterres-SAIM-201&#215;300.png&#8221; pic_link=&#8221;&#8221; linktarget=&#8221;_self&#8221; pic_style=&#8221;none&#8221; pic_style_color=&#8221;&#8221; pic_bordersize=&#8221;0&#8243; pic_bordercolor=&#8221;&#8221; pic_borderradius=&#8221;0&#8243; social_icon_boxed=&#8221;&#8221; social_icon_boxed_radius=&#8221;4px&#8221; social_icon_colors=&#8221;&#8221; social_icon_boxed_colors=&#8221;&#8221; social_icon_tooltip=&#8221; &#8221; email=&#8221;&#8221; facebook=&#8221;&#8221; twitter=&#8221;&#8221; instagram=&#8221;&#8221; dribbble=&#8221;&#8221; google=&#8221;&#8221; linkedin=&#8221;&#8221; blogger=&#8221;&#8221; tumblr=&#8221;&#8221; reddit=&#8221;&#8221; yahoo=&#8221;&#8221; deviantart=&#8221;&#8221; vimeo=&#8221;&#8221; youtube=&#8221;&#8221; pinterest=&#8221;&#8221; rss=&#8221;&#8221; digg=&#8221;&#8221; flickr=&#8221;&#8221; forrst=&#8221;&#8221; myspace=&#8221;&#8221; skype=&#8221;&#8221; paypal=&#8221;&#8221; dropbox=&#8221;&#8221; soundcloud=&#8221;&#8221; vk=&#8221;&#8221; class=&#8221;&#8221; id=&#8221;&#8221;][\/fusion_person][\/fusion_builder_column][fusion_builder_column type=&#8221;3_4&#8243; last=&#8221;yes&#8221; spacing=&#8221;yes&#8221; center_content=&#8221;no&#8221; hide_on_mobile=&#8221;no&#8221; background_color=&#8221;&#8221; background_image=&#8221;&#8221; background_repeat=&#8221;no-repeat&#8221; background_position=&#8221;left top&#8221; border_size=&#8221;0px&#8221; border_color=&#8221;&#8221; border_style=&#8221;&#8221; padding=&#8221;&#8221; margin_top=&#8221;&#8221; margin_bottom=&#8221;&#8221; animation_type=&#8221;&#8221; animation_direction=&#8221;&#8221; animation_speed=&#8221;0.1&#8243; class=&#8221;&#8221; id=&#8221;&#8221;][fusion_title size=&#8221;2&#8243; content_align=&#8221;left&#8221; style_type=&#8221;none&#8221; sep_color=&#8221;&#8221; class=&#8221;&#8221; id=&#8221;&#8221;]Kontaktu[\/fusion_title][fusion_text]<\/p>\n<p align=\"LEFT\">Email: <a href=\"mailto:aderito.guterres@estatal.gov.tl\">aderito.guterres@estatal.gov.tl<\/a><\/p>\n<p align=\"LEFT\">Telem.: (+670) 773\u00a0267 48<\/p>\n<p>[\/fusion_text][\/fusion_builder_column][fusion_builder_column type=&#8221;1_1&#8243; background_position=&#8221;left top&#8221; background_color=&#8221;&#8221; border_size=&#8221;&#8221; border_color=&#8221;&#8221; border_style=&#8221;solid&#8221; spacing=&#8221;yes&#8221; background_image=&#8221;&#8221; background_repeat=&#8221;no-repeat&#8221; padding=&#8221;&#8221; margin_top=&#8221;0px&#8221; margin_bottom=&#8221;0px&#8221; class=&#8221;&#8221; id=&#8221;&#8221; animation_type=&#8221;&#8221; animation_speed=&#8221;0.3&#8243; animation_direction=&#8221;left&#8221; hide_on_mobile=&#8221;no&#8221; center_content=&#8221;no&#8221; min_height=&#8221;none&#8221;][fusion_separator style_type=&#8221;single|dashed&#8221; top_margin=&#8221;&#8221; bottom_margin=&#8221;&#8221; sep_color=&#8221;#f4cd1f&#8221; border_size=&#8221;&#8221; icon=&#8221;&#8221; icon_circle=&#8221;&#8221; icon_circle_color=&#8221;&#8221; width=&#8221;&#8221; alignment=&#8221;center&#8221; class=&#8221;&#8221; id=&#8221;&#8221;\/][\/fusion_builder_column][fusion_builder_column type=&#8221;1_1&#8243; last=&#8221;yes&#8221; spacing=&#8221;yes&#8221; center_content=&#8221;no&#8221; hide_on_mobile=&#8221;no&#8221; background_color=&#8221;&#8221; background_image=&#8221;&#8221; background_repeat=&#8221;no-repeat&#8221; background_position=&#8221;left top&#8221; border_size=&#8221;0px&#8221; border_color=&#8221;&#8221; border_style=&#8221;solid&#8221; padding=&#8221;&#8221; margin_top=&#8221;&#8221; margin_bottom=&#8221;&#8221; animation_type=&#8221;0&#8243; animation_direction=&#8221;down&#8221; animation_speed=&#8221;0.1&#8243; class=&#8221;&#8221; id=&#8221;&#8221;][fusion_title size=&#8221;2&#8243; content_align=&#8221;left&#8221; style_type=&#8221;none&#8221; sep_color=&#8221;&#8221; class=&#8221;&#8221; id=&#8221;&#8221;]Misaun<br \/>\n[\/fusion_title][\/fusion_builder_column][fusion_builder_column type=&#8221;1_1&#8243; last=&#8221;yes&#8221; spacing=&#8221;yes&#8221; center_content=&#8221;no&#8221; hide_on_mobile=&#8221;no&#8221; background_color=&#8221;&#8221; background_image=&#8221;&#8221; background_repeat=&#8221;no-repeat&#8221; background_position=&#8221;left top&#8221; border_size=&#8221;0px&#8221; border_color=&#8221;&#8221; border_style=&#8221;&#8221; padding=&#8221;&#8221; margin_top=&#8221;&#8221; margin_bottom=&#8221;&#8221; animation_type=&#8221;&#8221; animation_direction=&#8221;&#8221; animation_speed=&#8221;0.1&#8243; class=&#8221;&#8221; id=&#8221;&#8221;][fusion_text]Sekretariado Apoio ba Instalasaun Munic\u00edpios iha misaun apoia ezekusaun ba pol\u00edtikas dezentralizasaun administrativa[\/fusion_text][\/fusion_builder_column][fusion_builder_column type=&#8221;1_1&#8243; background_position=&#8221;left top&#8221; background_color=&#8221;&#8221; border_size=&#8221;&#8221; border_color=&#8221;&#8221; border_style=&#8221;solid&#8221; spacing=&#8221;yes&#8221; background_image=&#8221;&#8221; background_repeat=&#8221;no-repeat&#8221; padding=&#8221;&#8221; margin_top=&#8221;0px&#8221; margin_bottom=&#8221;0px&#8221; class=&#8221;&#8221; id=&#8221;&#8221; animation_type=&#8221;&#8221; animation_speed=&#8221;0.3&#8243; animation_direction=&#8221;left&#8221; hide_on_mobile=&#8221;no&#8221; center_content=&#8221;no&#8221; min_height=&#8221;none&#8221;][fusion_separator style_type=&#8221;single|dashed&#8221; top_margin=&#8221;&#8221; bottom_margin=&#8221;&#8221; sep_color=&#8221;#f4cd1f&#8221; border_size=&#8221;&#8221; icon=&#8221;&#8221; icon_circle=&#8221;&#8221; icon_circle_color=&#8221;&#8221; width=&#8221;&#8221; alignment=&#8221;center&#8221; class=&#8221;&#8221; id=&#8221;&#8221;\/][\/fusion_builder_column][fusion_builder_column type=&#8221;1_1&#8243; last=&#8221;yes&#8221; spacing=&#8221;yes&#8221; center_content=&#8221;no&#8221; hide_on_mobile=&#8221;no&#8221; background_color=&#8221;&#8221; background_image=&#8221;&#8221; background_repeat=&#8221;no-repeat&#8221; background_position=&#8221;left top&#8221; border_size=&#8221;0px&#8221; border_color=&#8221;&#8221; border_style=&#8221;&#8221; padding=&#8221;&#8221; margin_top=&#8221;&#8221; margin_bottom=&#8221;&#8221; animation_type=&#8221;&#8221; animation_direction=&#8221;&#8221; animation_speed=&#8221;0.1&#8243; class=&#8221;&#8221; id=&#8221;&#8221;][fusion_title size=&#8221;2&#8243; content_align=&#8221;left&#8221; style_type=&#8221;none&#8221; sep_color=&#8221;&#8221; class=&#8221;&#8221; id=&#8221;&#8221;]Kompet\u00e9nsia[\/fusion_title][\/fusion_builder_column][fusion_builder_column type=&#8221;1_1&#8243; last=&#8221;yes&#8221; spacing=&#8221;yes&#8221; center_content=&#8221;no&#8221; hide_on_mobile=&#8221;no&#8221; background_color=&#8221;&#8221; background_image=&#8221;&#8221; background_repeat=&#8221;no-repeat&#8221; background_position=&#8221;left top&#8221; border_size=&#8221;0px&#8221; border_color=&#8221;&#8221; border_style=&#8221;&#8221; padding=&#8221;&#8221; margin_top=&#8221;&#8221; margin_bottom=&#8221;&#8221; animation_type=&#8221;&#8221; animation_direction=&#8221;&#8221; animation_speed=&#8221;0.1&#8243; class=&#8221;&#8221; id=&#8221;&#8221;][fusion_text]<\/p>\n<ol>\n<ol>\n<li>Apoiar os servi\u00e7os perif\u00e9ricos do MAE na execu\u00e7\u00e3o do Programa Nacional de Desconcentra\u00e7\u00e3o Administrativa, da Pol\u00edtica de Descentraliza\u00e7\u00e3o Administrativa e instala\u00e7\u00e3o dos \u00f3rg\u00e3os e servi\u00e7os do Poder Local;<\/li>\n<li>Apoia servisus perif\u00e9rikos MAE nian iha ezekusaun ba Programa Nacional Deskoncentrasaun Administrativa, Pol\u00edtika\u00a0 Desentralizasaun Administrativa no instalasaun ba \u00f3rgauns no servisus\u00a0 Poder Lokal;<\/li>\n<li>Kria no ezekuta kampanha informasaun p\u00fablika ba Programa Nacional Deskoncentrasaun Administrativa, ba Pol\u00edtika\u00a0 Desentralizasaun Administrativa no ba instalasaun \u00a0\u00f3rgauns servisus\u00a0 Poder Lokal no \u00a0ba quadro jur\u00eddiko\u00a0 organizasaun nian no funcionamento\u00a0 Administrasaun\u00a0 Lokal;<\/li>\n<li>Halo artikulasaun ho DNPCS, divulga aktividades nebe realiza ona iha \u00e2mbito\u00a0 ezekusaun Programa Nacional Deskoncentrasaun Administrativa, Pol\u00edtika Desentralizasaun Administrativa nian no\u00a0 instalasaun\u00a0 \u00f3rgauns no servisus \u00a0Administrasarun Lokal hamutuk ho \u00f3rgauns komunikasaun social;<\/li>\n<li>Organiza no apoia expediente administrativo hosi Grupo T\u00e9kniko Permanente, Grupo T\u00e9kniko Interministerial, Grupos T\u00e9knikos Lokais no hosi Konselhos Konsultivos Lokais;<\/li>\n<li>Kria no gere baze dados \u00a0hodi iha identifikasaun no aktividades hosi membros\u00a0 Konselhos Municipais, \u00a0Assembleias \u00a0Posto Administrativo, Grupos T\u00e9knikos Municipais no Konselhos Konsultivos Lokais;<\/li>\n<li>Simu aktas no relat\u00f3rios aktividades hosi Konselhos Municipais, Assembleias \u00a0Posto Administrativo, Grupos T\u00e9knikos Lokais no \u00a0Konselhos Konsultivos Lokais no elabora relat\u00f3rios peri\u00f3dikos kona ba konte\u00fado no \u00a0nia rekomendasaun sira;<\/li>\n<li>Ezekuta servisu seluk nebe atribui ba nia no maibe la\u2019os kompet\u00eancia \u00a0servisu seluk nian.<\/li>\n<\/ol>\n<\/ol>\n<p>[\/fusion_text][\/fusion_builder_column][\/fusion_builder_row][\/fusion_builder_container]<\/p>\n","protected":false},"excerpt":{"rendered":"<p>[fusion_builder_container hundred_percent=&#8221;yes&#8221; overflow=&#8221;visible&#8221;][fusion_builder_row][fusion_builder_column type=&#8221;1_5&#8243; last=&#8221;no&#8221; spacing=&#8221;yes&#8221; center_content=&#8221;no&#8221; hide_on_mobile=&#8221;no&#8221; background_color=&#8221;&#8221; background_image=&#8221;&#8221; background_repeat=&#8221;no-repeat&#8221; background_position=&#8221;left top&#8221; border_size=&#8221;0px&#8221; border_color=&#8221;&#8221; border_style=&#8221;solid&#8221; padding=&#8221;&#8221; margin_top=&#8221;&#8221; margin_bottom=&#8221;&#8221; animation_type=&#8221;0&#8243; animation_direction=&#8221;down&#8221; animation_speed=&#8221;0.1&#8243; class=&#8221;&#8221; id=&#8221;&#8221;][fusion_person name=&#8221;Ad\u00e9rito Apar\u00edcio Guterres&#8221; title=&#8221;Director do SAIM&#8221; picture=&#8221;https:\/\/sestatal.gov.tl\/wp-content\/uploads\/2015\/09\/Ad\u00e9rito-Guterres-SAIM-201&#215;300.png&#8221; pic_link=&#8221;&#8221; linktarget=&#8221;_self&#8221; pic_style=&#8221;none&#8221; pic_style_color=&#8221;&#8221; pic_bordersize=&#8221;0&#8243; pic_bordercolor=&#8221;&#8221; pic_borderradius=&#8221;0&#8243; social_icon_boxed=&#8221;&#8221; social_icon_boxed_radius=&#8221;4px&#8221; social_icon_colors=&#8221;&#8221; social_icon_boxed_colors=&#8221;&#8221; social_icon_tooltip=&#8221; &#8221; email=&#8221;&#8221; facebook=&#8221;&#8221; twitter=&#8221;&#8221; instagram=&#8221;&#8221; dribbble=&#8221;&#8221; google=&#8221;&#8221; linkedin=&#8221;&#8221; blogger=&#8221;&#8221; tumblr=&#8221;&#8221; reddit=&#8221;&#8221; yahoo=&#8221;&#8221; [&hellip;]<\/p>\n","protected":false},"author":2,"featured_media":0,"parent":0,"menu_order":0,"comment_status":"closed","ping_status":"closed","template":"","meta":{"footnotes":""},"class_list":["post-14166","page","type-page","status-publish","hentry"],"translation":{"provider":"WPGlobus","version":"3.0.0","language":"pt","enabled_languages":["tm","pt","en"],"languages":{"tm":{"title":true,"content":true,"excerpt":false},"pt":{"title":false,"content":false,"excerpt":false},"en":{"title":false,"content":false,"excerpt":false}}},"yoast_head":"<!-- This site is optimized with the Yoast SEO plugin v26.5 - https:\/\/yoast.com\/wordpress\/plugins\/seo\/ -->\n<title>SAIM - Sekretariado Apoio ba Instalasaun Munic\u00edpios - Minist\u00e9rio da Administra\u00e7\u00e3o Estatal<\/title>\n<meta name=\"robots\" content=\"index, follow, max-snippet:-1, max-image-preview:large, max-video-preview:-1\" \/>\n<link rel=\"canonical\" href=\"https:\/\/estatal.gov.tl\/saim-secretariado-de-apoio-a-instalacao-dos-municipios_tl\/\" \/>\n<meta property=\"og:locale\" content=\"pt_PT\" \/>\n<meta property=\"og:type\" content=\"article\" \/>\n<meta property=\"og:title\" content=\"SAIM - Sekretariado Apoio ba Instalasaun Munic\u00edpios - Minist\u00e9rio da Administra\u00e7\u00e3o Estatal\" \/>\n<meta property=\"og:url\" content=\"https:\/\/estatal.gov.tl\/saim-secretariado-de-apoio-a-instalacao-dos-municipios_tl\/\" \/>\n<meta property=\"og:site_name\" content=\"Minist\u00e9rio da Administra\u00e7\u00e3o Estatal\" \/>\n<meta property=\"article:modified_time\" content=\"2019-10-03T18:29:48+00:00\" \/>\n<meta property=\"og:image\" content=\"https:\/\/estatal.gov.tl\/wp-content\/uploads\/2025\/07\/edificio_mae.jpg\" \/>\n\t<meta property=\"og:image:width\" content=\"2048\" \/>\n\t<meta property=\"og:image:height\" content=\"1182\" \/>\n\t<meta property=\"og:image:type\" content=\"image\/jpeg\" \/>\n<meta name=\"twitter:card\" content=\"summary_large_image\" \/>\n<meta name=\"twitter:label1\" content=\"Est. reading time\" \/>\n\t<meta name=\"twitter:data1\" content=\"4 minutes\" \/>\n<script type=\"application\/ld+json\" class=\"yoast-schema-graph\">{\"@context\":\"https:\/\/schema.org\",\"@graph\":[{\"@type\":\"WebPage\",\"@id\":\"https:\/\/estatal.gov.tl\/saim-secretariado-de-apoio-a-instalacao-dos-municipios_tl\/\",\"url\":\"https:\/\/estatal.gov.tl\/saim-secretariado-de-apoio-a-instalacao-dos-municipios_tl\/\",\"name\":\"SAIM - Sekretariado Apoio ba Instalasaun Munic\u00edpios - Minist\u00e9rio da Administra\u00e7\u00e3o Estatal\",\"isPartOf\":{\"@id\":\"https:\/\/estatal.gov.tl\/pt\/#website\"},\"datePublished\":\"2015-10-02T09:56:19+00:00\",\"dateModified\":\"2019-10-03T18:29:48+00:00\",\"breadcrumb\":{\"@id\":\"https:\/\/estatal.gov.tl\/saim-secretariado-de-apoio-a-instalacao-dos-municipios_tl\/#breadcrumb\"},\"inLanguage\":\"pt-PT\",\"potentialAction\":[{\"@type\":\"ReadAction\",\"target\":[\"https:\/\/estatal.gov.tl\/saim-secretariado-de-apoio-a-instalacao-dos-municipios_tl\/\"]}]},{\"@type\":\"BreadcrumbList\",\"@id\":\"https:\/\/estatal.gov.tl\/saim-secretariado-de-apoio-a-instalacao-dos-municipios_tl\/#breadcrumb\",\"itemListElement\":[{\"@type\":\"ListItem\",\"position\":1,\"name\":\"Home\",\"item\":\"https:\/\/estatal.gov.tl\/pt\/\"},{\"@type\":\"ListItem\",\"position\":2,\"name\":\"SAIM &#8211; Sekretariado Apoio ba Instalasaun Munic\u00edpios\"}]},{\"@type\":\"WebSite\",\"@id\":\"https:\/\/estatal.gov.tl\/pt\/#website\",\"url\":\"https:\/\/estatal.gov.tl\/pt\/\",\"name\":\"{:tm}Minist\u00e9riu Administrasaun Estatal{:}{:pt}Minist\u00e9rio da Administra\u00e7\u00e3o Estatal{:}{:en}Ministry of State Administration{:}\",\"description\":\"Minist\u00e9rio da Administra\u00e7\u00e3o Estatal\",\"publisher\":{\"@id\":\"https:\/\/estatal.gov.tl\/pt\/#organization\"},\"potentialAction\":[{\"@type\":\"SearchAction\",\"target\":{\"@type\":\"EntryPoint\",\"urlTemplate\":\"https:\/\/estatal.gov.tl\/pt\/?s={search_term_string}\"},\"query-input\":{\"@type\":\"PropertyValueSpecification\",\"valueRequired\":true,\"valueName\":\"search_term_string\"}}],\"inLanguage\":\"pt-PT\"},{\"@type\":\"Organization\",\"@id\":\"https:\/\/estatal.gov.tl\/pt\/#organization\",\"name\":\"{:tm}Minist\u00e9riu Administrasaun Estatal{:}{:pt}Minist\u00e9rio da Administra\u00e7\u00e3o Estatal{:}{:en}Ministry of State Administration{:}\",\"url\":\"https:\/\/estatal.gov.tl\/pt\/\",\"logo\":{\"@type\":\"ImageObject\",\"inLanguage\":\"pt-PT\",\"@id\":\"https:\/\/estatal.gov.tl\/pt\/#\/schema\/logo\/image\/\",\"url\":\"https:\/\/estatal.gov.tl\/wp-content\/uploads\/2024\/09\/logo-municipality-1.png\",\"contentUrl\":\"https:\/\/estatal.gov.tl\/wp-content\/uploads\/2024\/09\/logo-municipality-1.png\",\"width\":250,\"height\":228,\"caption\":\"{:tm}Minist\u00e9riu Administrasaun Estatal{:}{:pt}Minist\u00e9rio da Administra\u00e7\u00e3o Estatal{:}{:en}Ministry of State Administration{:}\"},\"image\":{\"@id\":\"https:\/\/estatal.gov.tl\/pt\/#\/schema\/logo\/image\/\"}}]}<\/script>\n<!-- \/ Yoast SEO plugin. -->","yoast_head_json":{"title":"SAIM - Sekretariado Apoio ba Instalasaun Munic\u00edpios - Minist\u00e9rio da Administra\u00e7\u00e3o Estatal","robots":{"index":"index","follow":"follow","max-snippet":"max-snippet:-1","max-image-preview":"max-image-preview:large","max-video-preview":"max-video-preview:-1"},"canonical":"https:\/\/estatal.gov.tl\/saim-secretariado-de-apoio-a-instalacao-dos-municipios_tl\/","og_locale":"pt_PT","og_type":"article","og_title":"SAIM - Sekretariado Apoio ba Instalasaun Munic\u00edpios - Minist\u00e9rio da Administra\u00e7\u00e3o Estatal","og_url":"https:\/\/estatal.gov.tl\/saim-secretariado-de-apoio-a-instalacao-dos-municipios_tl\/","og_site_name":"Minist\u00e9rio da Administra\u00e7\u00e3o Estatal","article_modified_time":"2019-10-03T18:29:48+00:00","og_image":[{"width":2048,"height":1182,"url":"https:\/\/estatal.gov.tl\/wp-content\/uploads\/2025\/07\/edificio_mae.jpg","type":"image\/jpeg"}],"twitter_card":"summary_large_image","twitter_misc":{"Est. reading time":"4 minutes"},"schema":{"@context":"https:\/\/schema.org","@graph":[{"@type":"WebPage","@id":"https:\/\/estatal.gov.tl\/saim-secretariado-de-apoio-a-instalacao-dos-municipios_tl\/","url":"https:\/\/estatal.gov.tl\/saim-secretariado-de-apoio-a-instalacao-dos-municipios_tl\/","name":"SAIM - Sekretariado Apoio ba Instalasaun Munic\u00edpios - Minist\u00e9rio da Administra\u00e7\u00e3o Estatal","isPartOf":{"@id":"https:\/\/estatal.gov.tl\/pt\/#website"},"datePublished":"2015-10-02T09:56:19+00:00","dateModified":"2019-10-03T18:29:48+00:00","breadcrumb":{"@id":"https:\/\/estatal.gov.tl\/saim-secretariado-de-apoio-a-instalacao-dos-municipios_tl\/#breadcrumb"},"inLanguage":"pt-PT","potentialAction":[{"@type":"ReadAction","target":["https:\/\/estatal.gov.tl\/saim-secretariado-de-apoio-a-instalacao-dos-municipios_tl\/"]}]},{"@type":"BreadcrumbList","@id":"https:\/\/estatal.gov.tl\/saim-secretariado-de-apoio-a-instalacao-dos-municipios_tl\/#breadcrumb","itemListElement":[{"@type":"ListItem","position":1,"name":"Home","item":"https:\/\/estatal.gov.tl\/pt\/"},{"@type":"ListItem","position":2,"name":"SAIM &#8211; Sekretariado Apoio ba Instalasaun Munic\u00edpios"}]},{"@type":"WebSite","@id":"https:\/\/estatal.gov.tl\/pt\/#website","url":"https:\/\/estatal.gov.tl\/pt\/","name":"{:tm}Minist\u00e9riu Administrasaun Estatal{:}{:pt}Minist\u00e9rio da Administra\u00e7\u00e3o Estatal{:}{:en}Ministry of State Administration{:}","description":"Minist\u00e9rio da Administra\u00e7\u00e3o Estatal","publisher":{"@id":"https:\/\/estatal.gov.tl\/pt\/#organization"},"potentialAction":[{"@type":"SearchAction","target":{"@type":"EntryPoint","urlTemplate":"https:\/\/estatal.gov.tl\/pt\/?s={search_term_string}"},"query-input":{"@type":"PropertyValueSpecification","valueRequired":true,"valueName":"search_term_string"}}],"inLanguage":"pt-PT"},{"@type":"Organization","@id":"https:\/\/estatal.gov.tl\/pt\/#organization","name":"{:tm}Minist\u00e9riu Administrasaun Estatal{:}{:pt}Minist\u00e9rio da Administra\u00e7\u00e3o Estatal{:}{:en}Ministry of State Administration{:}","url":"https:\/\/estatal.gov.tl\/pt\/","logo":{"@type":"ImageObject","inLanguage":"pt-PT","@id":"https:\/\/estatal.gov.tl\/pt\/#\/schema\/logo\/image\/","url":"https:\/\/estatal.gov.tl\/wp-content\/uploads\/2024\/09\/logo-municipality-1.png","contentUrl":"https:\/\/estatal.gov.tl\/wp-content\/uploads\/2024\/09\/logo-municipality-1.png","width":250,"height":228,"caption":"{:tm}Minist\u00e9riu Administrasaun Estatal{:}{:pt}Minist\u00e9rio da Administra\u00e7\u00e3o Estatal{:}{:en}Ministry of State Administration{:}"},"image":{"@id":"https:\/\/estatal.gov.tl\/pt\/#\/schema\/logo\/image\/"}}]}},"_links":{"self":[{"href":"https:\/\/estatal.gov.tl\/pt\/wp-json\/wp\/v2\/pages\/14166","targetHints":{"allow":["GET"]}}],"collection":[{"href":"https:\/\/estatal.gov.tl\/pt\/wp-json\/wp\/v2\/pages"}],"about":[{"href":"https:\/\/estatal.gov.tl\/pt\/wp-json\/wp\/v2\/types\/page"}],"author":[{"embeddable":true,"href":"https:\/\/estatal.gov.tl\/pt\/wp-json\/wp\/v2\/users\/2"}],"replies":[{"embeddable":true,"href":"https:\/\/estatal.gov.tl\/pt\/wp-json\/wp\/v2\/comments?post=14166"}],"version-history":[{"count":4,"href":"https:\/\/estatal.gov.tl\/pt\/wp-json\/wp\/v2\/pages\/14166\/revisions"}],"predecessor-version":[{"id":15940,"href":"https:\/\/estatal.gov.tl\/pt\/wp-json\/wp\/v2\/pages\/14166\/revisions\/15940"}],"wp:attachment":[{"href":"https:\/\/estatal.gov.tl\/pt\/wp-json\/wp\/v2\/media?parent=14166"}],"curies":[{"name":"wp","href":"https:\/\/api.w.org\/{rel}","templated":true}]}}